{"id":6641,"date":"2025-12-02T16:40:11","date_gmt":"2025-12-02T16:40:11","guid":{"rendered":"https:\/\/redkarawana.com\/?post_type=journeys&#038;p=6641"},"modified":"2025-12-04T18:09:54","modified_gmt":"2025-12-04T18:09:54","slug":"regiony-i-bratyslawa-slowacja","status":"publish","type":"journeys","link":"https:\/\/redkarawana.com\/pl\/podroz\/regiony-i-bratyslawa-slowacja\/","title":{"rendered":"Regiony i Bratys\u0142awa, S\u0142owacja; \u015aredniowieczne Zamki i Pi\u0119kne Tatry"},"content":{"rendered":"\n<p>S\u0142owacja to fascynuj\u0105cy kraj Europy Wschodniej, obdarzony wspania\u0142\u0105 przyrod\u0105, historyczn\u0105 architektur\u0105 i fascynuj\u0105cym s\u0142owackim folklorem. Romantyczne zamki, symbole religijne i historyczne miasta czekaj\u0105 na odwiedzaj\u0105cych S\u0142owacj\u0119. Podr\u00f3\u017cuj\u0105c po kraju, odkrywamy malowniczy Dunaj, wspania\u0142e Tatry, spektakularne jaskinie i niezapomniany prze\u0142om Dunajca. S\u0142owacki folklor jest prezentowany w Wiosce \u010ci\u010dmany, artystycznej wiosce z unikalnymi drewnianymi domami ozdobionymi motywami ludowymi i zachowanymi tradycjami folklorystycznymi.   <\/p>\n\n<h2 class=\"wp-block-heading\">Plan Podr\u00f3\u017cy<\/h2>\n\n<div class=\"wp-block-columns is-layout-flex wp-container-core-columns-is-layout-9d6595d7 wp-block-columns-is-layout-flex\">\n<div class=\"wp-block-column is-layout-flow wp-block-column-is-layout-flow\">\n<figure class=\"wp-block-image size-full\"><img loading=\"lazy\" decoding=\"async\" width=\"1080\" height=\"720\" src=\"https:\/\/redkarawana.com\/wp-content\/uploads\/2024\/05\/1a-Slovakia-Presov.jpg\" alt=\"S&#x142;owacja, Presz&#xF3;w\" class=\"wp-image-6590\" srcset=\"https:\/\/redkarawana.com\/wp-content\/uploads\/2024\/05\/1a-Slovakia-Presov.jpg 1080w, https:\/\/redkarawana.com\/wp-content\/uploads\/2024\/05\/1a-Slovakia-Presov-300x200.jpg 300w, https:\/\/redkarawana.com\/wp-content\/uploads\/2024\/05\/1a-Slovakia-Presov-1024x683.jpg 1024w, https:\/\/redkarawana.com\/wp-content\/uploads\/2024\/05\/1a-Slovakia-Presov-768x512.jpg 768w, https:\/\/redkarawana.com\/wp-content\/uploads\/2024\/05\/1a-Slovakia-Presov-360x240.jpg 360w, https:\/\/redkarawana.com\/wp-content\/uploads\/2024\/05\/1a-Slovakia-Presov-600x400.jpg 600w\" sizes=\"auto, (max-width: 1080px) 100vw, 1080px\" \/><figcaption class=\"wp-element-caption\">S\u0142owacja, Presz\u00f3w<\/figcaption><\/figure>\n<\/div>\n\n\n\n<div class=\"wp-block-column is-layout-flow wp-block-column-is-layout-flow\">\n<figure class=\"wp-block-image size-full\"><img loading=\"lazy\" decoding=\"async\" width=\"1080\" height=\"720\" src=\"https:\/\/redkarawana.com\/wp-content\/uploads\/2024\/05\/1b-Slovakia-Spis-Castle.jpg\" alt=\"S&#x142;owacja, Zamek Spiski\" class=\"wp-image-6594\" srcset=\"https:\/\/redkarawana.com\/wp-content\/uploads\/2024\/05\/1b-Slovakia-Spis-Castle.jpg 1080w, https:\/\/redkarawana.com\/wp-content\/uploads\/2024\/05\/1b-Slovakia-Spis-Castle-300x200.jpg 300w, https:\/\/redkarawana.com\/wp-content\/uploads\/2024\/05\/1b-Slovakia-Spis-Castle-1024x683.jpg 1024w, https:\/\/redkarawana.com\/wp-content\/uploads\/2024\/05\/1b-Slovakia-Spis-Castle-768x512.jpg 768w, https:\/\/redkarawana.com\/wp-content\/uploads\/2024\/05\/1b-Slovakia-Spis-Castle-360x240.jpg 360w, https:\/\/redkarawana.com\/wp-content\/uploads\/2024\/05\/1b-Slovakia-Spis-Castle-600x400.jpg 600w\" sizes=\"auto, (max-width: 1080px) 100vw, 1080px\" \/><figcaption class=\"wp-element-caption\">S\u0142owacja, Zamek Spiski<\/figcaption><\/figure>\n<\/div>\n<\/div>\n\n<h3 class=\"wp-block-heading\">Dzie\u0144 1 &#8211; Przyjazd Szczyrbskie Jezioro, S\u0142owacja<\/h3>\n\n<p>Nasza trasa na S\u0142owacj\u0119 jest kontynuacj\u0105 tygodniowej podr\u00f3\u017cy do Polski (Krak\u00f3w i g\u00f3ry, trasa po Polsce). Po obiedzie opuszczamy nasz hotel w Bieszczadach, w po\u0142udniowej Polsce i jedziemy oko\u0142o 4 godzin do Szczyrbskiego Jeziora na S\u0142owacji. Po zameldowaniu si\u0119 w naszym hotelu w Szczyrbskim Jeziorze, sp\u0119dzamy wolny czas p\u0142ywaj\u0105c kajakiem po jeziorze i relaksuj\u0105c si\u0119 na krytym basenie z widokiem na g\u00f3ry. Wieczorem przejdziemy 10 minut wzd\u0142u\u017c jeziora do restauracji Koliba Patria na kolacj\u0119.     <\/p>\n\n<p>Uwaga: Nasz plan podr\u00f3\u017cy po S\u0142owacji mo\u017cna wykorzysta\u0107 osobno lub w po\u0142\u0105czeniu z naszym planem podr\u00f3\u017cy po Krakowie i g\u00f3rach w Polsce. Opcja 1: Przyle\u0107 do Krakowa w Polsce, a nast\u0119pnie jed\u017a oko\u0142o 3 godzin do Szczyrbskiego Jeziora na S\u0142owacji. Opcja 2: Po tygodniowej podr\u00f3\u017cy w Polsce (Plan podr\u00f3\u017cy Krak\u00f3w i g\u00f3ry), przejazd w oko\u0142o 4 godziny z Bieszczad w Polsce do Szczyrbskiego Jeziora na S\u0142owacji.  <\/p>\n\n<h3 class=\"wp-block-heading\">Dzie\u0144 2 &#8211; Presz\u00f3w, Zamek Spiski, Wioska \u017dehra, Lewocza <\/h3>\n\n<p>Dzi\u015b podr\u00f3\u017cujemy do wschodniej S\u0142owacji, zwiedzaj\u0105c historyczne miasta, malownicze wioski i \u015bredniowieczny zamek. Rano jedziemy 1,5 godziny do Preszowa, gdzie odwiedzamy historyczne centrum miasta, zwiedzamy ko\u015bci\u00f3\u0142 \u015bw. Miko\u0142aja i jemy lunch. Nast\u0119pnie jedziemy 30 minut w kierunku Zamku Spiskiego, kompleksu zamkowego wpisanego na list\u0119 zabytk\u00f3w UNESCO. Przez godzin\u0119 zwiedzamy ruiny tej \u015bredniowiecznej twierdzy i zamku oraz podziwiamy widoki na okoliczn\u0105 dolin\u0119 i wioski. Opuszczamy Zamek Spiski i jedziemy kilka minut, aby zwiedzi\u0107 pobliskie historyczne miasto Spiska Kapitu\u0142a i wiosk\u0119 \u017dehra. Nast\u0119pnie jedziemy p\u00f3\u0142 godziny do Lewoczy, aby odwiedzi\u0107 pi\u0119kny ratusz. Po naszej wizycie jedziemy godzin\u0119 z powrotem do Szczyrbskiego Jeziora i jemy kolacj\u0119 w naszym hotelu.      <\/p>\n\n<h3 class=\"wp-block-heading\">Dzie\u0144 3 &#8211; Zamek Orawski, Zamek Bojnice<\/h3>\n\n<p>Wycieczka do \u015brodkowej S\u0142owacji odkrywa malownicze ma\u0142e miasteczka i urokliwe zamki. Wyruszamy o 8:00 rano i jedziemy 1,5 godziny, aby odwiedzi\u0107 pi\u0119kny Zamek Orawski (Oravsk\u00fd Hrad). Orawskie Muzeum prezentuje imponuj\u0105c\u0105 kolekcj\u0119 \u015bredniowiecznych i renesansowych budowli i artefakt\u00f3w. Po kilku godzinach pod\u0105\u017camy 2-godzinn\u0105 tras\u0105 do zamku Bojnice, bajkowego \u015bredniowiecznego zamku z pi\u0119knymi komnatami i naturaln\u0105 jaskini\u0105 po\u0142o\u017con\u0105 pod zamkiem. Zjemy szybki lunch i sp\u0119dzimy kilka godzin na zwiedzaniu wn\u0119trz zamku i poznawaniu jego historii. Po wizycie jedziemy 3 godziny do naszego hotelu i jemy kolacj\u0119 w Koliba Patria, restauracji znajduj\u0105cej si\u0119 w odleg\u0142o\u015bci spaceru od naszego hotelu. Uwaga: Nasza podr\u00f3\u017c odbywa si\u0119 latem i zalecamy sprawdzenie godzin zwiedzania zamk\u00f3w, poniewa\u017c zmieniaj\u0105 si\u0119 one wraz z porami roku.      <\/p>\n\n<h3 class=\"wp-block-heading\">Dzie\u0144 4 &#8211; \u0141omnica, Jaskinia Biela\u0144ska, Prze\u0142om Dunajca<\/h3>\n\n<p>Nasz dzie\u0144 na \u0142onie natury up\u0142ynie w Tatrach, spektakularnych jaskiniach i malowniczym w\u0105wozie rzeki. Wyruszamy o godzinie 8:00 i jedziemy oko\u0142o 50 minut do Tatrza\u0144skiej \u0141omnicy, miasta w Tatrach, aby wjecha\u0107 kolejk\u0105 linow\u0105 na Skalnat\u00e9 Pleso, a nast\u0119pnie przejecha\u0107 si\u0119 na \u0141omnic\u0119, oferuj\u0105c wspania\u0142e widoki na g\u00f3ry. Nast\u0119pnie schodzimy do Tatrza\u0144skiej \u0141omnicy i jedziemy p\u00f3\u0142 godziny do Belianskiej Jaskini, aby obserwowa\u0107 wspania\u0142e formacje jaskiniowe w Tatrach. Nast\u0119pnie jedziemy godzin\u0119 do Czerwonego Klasztoru, aby odwiedzi\u0107 staro\u017cytny klasztor i skorzysta\u0107 z wycieczki raftingowej prze\u0142omem Dunajca, prowadzonej przez rdzennych g\u00f3rali, \u201eG\u00f3rali\u201d. Po wycieczce udamy si\u0119 na pobliski dworzec autobusowy, aby przesi\u0105\u015b\u0107 si\u0119 z powrotem do Czerwonego Klasztoru, a nast\u0119pnie pojedziemy 1,5 godziny z powrotem do naszego hotelu.    <\/p>\n\n<h3 class=\"wp-block-heading\">Dzie\u0144 5 &#8211; Park Narodowy S\u0142owacki Kras<\/h3>\n\n<p>Dzi\u015b zwiedzamy Park Narodowy S\u0142owacki Kras i jego wspania\u0142e podziemne jaskinie. Rano jedziemy 2,5 godziny do Ochtinsk\u00e1 Aragonitov\u00e1 Jasky\u0148a, niezwyk\u0142ej jaskini z rzadkimi formacjami aragonitowymi. Po wizycie jedziemy 40 minut w kierunku miejscowo\u015bci Ple\u0161ivec i pod\u0105\u017camy tras\u0105 do pobliskiej Jaskini Domica, pi\u0119knej wapiennej jaskini w Parku Narodowym S\u0142owacki Kras. Wybierzemy si\u0119 na przeja\u017cd\u017ck\u0119 \u0142odzi\u0105 wzd\u0142u\u017c podziemnej rzeki, aby z bliska obserwowa\u0107 spektakularne formacje jaskiniowe. Opuszczamy park i jedziemy 2,5 godziny z powrotem do naszego hotelu.    <\/p>\n\n<h3 class=\"wp-block-heading\">Dzie\u0144 6 &#8211; Wioska \u010ci\u010dmany, Zamek Beckov, Trnava, Nitra, Przyjazd Bratys\u0142awa<\/h3>\n\n<p>Wyje\u017cd\u017camy z naszego hotelu w Szczyrbskim Jeziorze o 8:00 rano i jedziemy do Bratys\u0142awy, odwiedzaj\u0105c po drodze historyczne miejsca. Jedziemy 3 godziny do wioski \u010ci\u010dmany, aby zobaczy\u0107 drewniane domy ozdobione motywami ludowymi. Po kr\u00f3tkiej wizycie jedziemy godzin\u0119 do zamku Beckov, aby zwiedzi\u0107 ruiny tego XII-wiecznego zamku. Jedziemy godzin\u0119 do Trnawy, \u015bredniowiecznego miasta ze wspania\u0142\u0105 architektur\u0105, pi\u0119kn\u0105 katedr\u0105 i starymi murami miejskimi. P\u00f3\u0142 godziny dalej odwiedzimy historyczne miasto Nitra i jego \u015bredniowieczny zamek. Opuszczamy Nitr\u0119 i jedziemy oko\u0142o 1 godziny do naszego hotelu w Bratys\u0142awie.       <\/p>\n\n<h3 class=\"wp-block-heading\">Dzie\u0144 7 \u2013 Bratys\u0142awa<\/h3>\n\n<p>\u0141adne brukowane uliczki prowadz\u0105 nas do Starego Miasta w Bratys\u0142awie i jego zabytkowego zamku. Spacerujemy 15 minut od naszego hotelu do Hlavn\u00e9 N\u00e1mestie, Rynku G\u0142\u00f3wnego, aby odwiedzi\u0107 Ratusz Staromiejski. Sfotografujemy fontann\u0119 Rolanda i przejdziemy do Pa\u0142acu Prymasowskiego, aby odwiedzi\u0107 historyczn\u0105 Sal\u0119 Lustrzan\u0105. Zjemy lunch w restauracji Prasna Basta, a nast\u0119pnie zatrzymamy si\u0119 w Kaffee Meyer na deser. Marcina to historyczne miejsce, w kt\u00f3rym koronowano w\u0119gierskich kr\u00f3l\u00f3w. Pod\u0105\u017camy \u015bcie\u017ck\u0105 do Zamku Bratys\u0142awskiego, historycznego punktu orientacyjnego z widokiem na Dunaj i miasto. Po zwiedzeniu zamku udamy si\u0119 na kilkuminutowy spacer do pobliskiej restauracji Modr\u00e1 Hviezda, serwuj\u0105cej doskona\u0142e dania kuchni s\u0142owackiej. Po kolacji wracamy do naszego hotelu.       <\/p>\n\n<h3 class=\"wp-block-heading\">Dzie\u0144 8 &#8211; Bratys\u0142awa Wyjazd<\/h3>\n\n<p>Po \u015bniadaniu jedziemy oko\u0142o 20 minut na Lotnisko w Bratys\u0142awie, aby zwr\u00f3ci\u0107 nasz wynaj\u0119ty samoch\u00f3d i bierzemy nasz mi\u0119dzynarodowy lot do domu.<\/p>\n\n<h2 class=\"wp-block-heading\">Specjalne Miejsca<\/h2>\n\n<div class=\"wp-block-columns is-layout-flex wp-container-core-columns-is-layout-9d6595d7 wp-block-columns-is-layout-flex\">\n<div class=\"wp-block-column is-layout-flow wp-block-column-is-layout-flow\">\n<figure class=\"wp-block-image size-full\"><img loading=\"lazy\" decoding=\"async\" width=\"1080\" height=\"720\" src=\"https:\/\/redkarawana.com\/wp-content\/uploads\/2024\/05\/2a-Slovakia-Bojnice-Castle.jpg\" alt=\"S&#x142;owacja, Zamek Bojnice\" class=\"wp-image-6598\" srcset=\"https:\/\/redkarawana.com\/wp-content\/uploads\/2024\/05\/2a-Slovakia-Bojnice-Castle.jpg 1080w, https:\/\/redkarawana.com\/wp-content\/uploads\/2024\/05\/2a-Slovakia-Bojnice-Castle-300x200.jpg 300w, https:\/\/redkarawana.com\/wp-content\/uploads\/2024\/05\/2a-Slovakia-Bojnice-Castle-1024x683.jpg 1024w, https:\/\/redkarawana.com\/wp-content\/uploads\/2024\/05\/2a-Slovakia-Bojnice-Castle-768x512.jpg 768w, https:\/\/redkarawana.com\/wp-content\/uploads\/2024\/05\/2a-Slovakia-Bojnice-Castle-360x240.jpg 360w, https:\/\/redkarawana.com\/wp-content\/uploads\/2024\/05\/2a-Slovakia-Bojnice-Castle-600x400.jpg 600w\" sizes=\"auto, (max-width: 1080px) 100vw, 1080px\" \/><figcaption class=\"wp-element-caption\">S\u0142owacja, Zamek Bojnice<\/figcaption><\/figure>\n<\/div>\n\n\n\n<div class=\"wp-block-column is-layout-flow wp-block-column-is-layout-flow\">\n<figure class=\"wp-block-image size-full\"><img loading=\"lazy\" decoding=\"async\" width=\"1080\" height=\"720\" src=\"https:\/\/redkarawana.com\/wp-content\/uploads\/2024\/05\/2b-Slovakia-Cicmany-Village.jpg\" alt=\"S&#x142;owacja, Wioska &#x10C;i&#x10D;many\" class=\"wp-image-6602\" srcset=\"https:\/\/redkarawana.com\/wp-content\/uploads\/2024\/05\/2b-Slovakia-Cicmany-Village.jpg 1080w, https:\/\/redkarawana.com\/wp-content\/uploads\/2024\/05\/2b-Slovakia-Cicmany-Village-300x200.jpg 300w, https:\/\/redkarawana.com\/wp-content\/uploads\/2024\/05\/2b-Slovakia-Cicmany-Village-1024x683.jpg 1024w, https:\/\/redkarawana.com\/wp-content\/uploads\/2024\/05\/2b-Slovakia-Cicmany-Village-768x512.jpg 768w, https:\/\/redkarawana.com\/wp-content\/uploads\/2024\/05\/2b-Slovakia-Cicmany-Village-360x240.jpg 360w, https:\/\/redkarawana.com\/wp-content\/uploads\/2024\/05\/2b-Slovakia-Cicmany-Village-600x400.jpg 600w\" sizes=\"auto, (max-width: 1080px) 100vw, 1080px\" \/><figcaption class=\"wp-element-caption\">S\u0142owacja, Wioska \u010ci\u010dmany<\/figcaption><\/figure>\n<\/div>\n<\/div>\n\n<p>Republika S\u0142owacka to kraj w Europie, granicz\u0105cy z Czechami, Austri\u0105, W\u0119grami, Ukrain\u0105 i Polsk\u0105. W 1993 roku Czechos\u0142owacja rozpad\u0142a si\u0119 na dwa odr\u0119bne pa\u0144stwa: Republik\u0119 Czesk\u0105 i Republik\u0119 S\u0142owack\u0105. S\u0142owacja to kusz\u0105cy cel podr\u00f3\u017cy ze \u015bredniowieczn\u0105 histori\u0105, pi\u0119kn\u0105 przyrod\u0105, charakterystycznym folklorem i wspania\u0142\u0105 kuchni\u0105. Jest to kraina staro\u017cytnych zamk\u00f3w, pi\u0119knych miast, osza\u0142amiaj\u0105cych Tatr, gor\u0105cych \u017ar\u00f3de\u0142 termalnych i malowniczych krajobraz\u00f3w. S\u0142owacki folklor jest widoczny w architekturze, muzyce, literaturze i rzemio\u015ble. Nasza trasa \u0142\u0105czy nasze ulubione miejsca na S\u0142owacji.     <\/p>\n\n<h3 class=\"wp-block-heading\">Wschodnia S\u0142owacja<\/h3>\n\n<p>Malownicze wioski, historyczne miasta, majestatyczne zamki i g\u00f3rzyste tereny definiuj\u0105 krajobraz wschodniej S\u0142owacji. Levo\u010da, po\u0142o\u017cona mi\u0119dzy Tatrami Wysokimi a Rudawami S\u0142owackimi, jest uroczym miastem z zabytkowym ratuszem zaprojektowanym w stylu gotyckim, renesansowym, barokowym i neoklasycystycznym oraz charakterystycznym ko\u015bcio\u0142em \u015bw. W odleg\u0142o\u015bci kr\u00f3tkiej przeja\u017cd\u017cki samochodem znajduje si\u0119 majestatyczny Zamek Spiski z zachowanymi pozosta\u0142o\u015bciami twierdzy i kompleksu zamkowego, kt\u00f3ry s\u0142u\u017cy\u0142 jako regionalne centrum administracyjne. Z widokiem na zamek, miasto Spi\u0161sk\u00e1 Kapitula ujawnia swoj\u0105 \u015bredniowieczn\u0105 histori\u0119 i symbol religijny katedry \u015bw. Marcina. Pobliska wioska \u017dehra wyr\u00f3\u017cnia si\u0119 ko\u015bcio\u0142em Ducha \u015awi\u0119tego. Historyczne miasto Levo\u010da, kompleks Zamku Spiskiego i wioska \u017dehra zosta\u0142y wpisane na list\u0119 dziedzictwa UNESCO.      <\/p>\n\n<p>P\u00f3\u0142godzinna przeja\u017cd\u017cka z wioski \u017dehra prowadzi nas do Preszowa, historycznego miasta g\u00f3rnictwa solnego z malowniczym centrum miasta i gotyckim ko\u015bcio\u0142em \u015bw. W pa\u015bmie g\u00f3rskim Slovensk\u00e9 Rudohorie wzd\u0142u\u017c granicy z W\u0119grami, chroniony przez UNESCO Slovensk\u00fd Kras obejmuje Park Narodowy S\u0142owacki Kras i pi\u0119kne wapienne jaskinie z prehistorycznymi pismami. Po\u0142o\u017cona w niewielkiej odleg\u0142o\u015bci od Ple\u0161ivecvillage, pi\u0119kna jaskinia Jaskinia Domica (Domica Cave) oferuje przeja\u017cd\u017cki \u0142odzi\u0105 po podziemnej rzece, umo\u017cliwiaj\u0105c nam obserwowanie spektakularnych formacji jaskiniowych. Pobliska Ochtinsk\u00e1 Aragonitov\u00e1 Jasky\u0148a prezentuje rzadkie podziemne formacje aragonitowe, zdefiniowane przez bia\u0142e klastry o nietypowych kszta\u0142tach.   <\/p>\n\n<h3 class=\"wp-block-heading\">\u015arodkowa S\u0142owacja<\/h3>\n\n<p>Szczyty g\u00f3rskie, g\u00f3rskie jezioro polodowcowe, osza\u0142amiaj\u0105cy prze\u0142om rzeki i tradycje ludowe definiuj\u0105 \u015brodkow\u0105 S\u0142owacj\u0119. Tatry, pasma g\u00f3rskie b\u0119d\u0105ce cz\u0119\u015bci\u0105 Karpat, definiuj\u0105 naturalny krajobraz \u015brodkowo-p\u00f3\u0142nocnej S\u0142owacji i po\u0142udniowej Polski. Po s\u0142owackiej stronie, odwiedzaj\u0105cy Tatrza\u0144ski Park Narodowy mog\u0105 odkrywa\u0107 jego g\u00f3rskie szczyty, imponuj\u0105ce jaskinie, g\u00f3rskie jeziora i r\u00f3\u017cnorodn\u0105 przyrod\u0119. Gerlachovsk\u00fd \u0160t\u00edt, najwy\u017cszy szczyt Tatr na S\u0142owacji, najlepiej zwiedza\u0107 z przewodnikiem, a kolejka linowa na \u0141omnicki Szczyt oferuje inn\u0105 opcj\u0119 podziwiania wspania\u0142ych g\u00f3rskich widok\u00f3w. Jaskinia Biela\u0144ska (Belianska Jasky\u0148a) to wspania\u0142e miejsce do obserwacji formacji jaskiniowych w Tatrach i poznania ich historii.     <\/p>\n\n<p>Mi\u0142o\u015bnicy przyrody mog\u0105 wybra\u0107 si\u0119 do Szczyrbskiego Jeziora, malowniczego jeziora lodowcowego otoczonego Tatrami. Latem prze\u0142om Dunajca staje si\u0119 ulubionym celem sp\u0142yw\u00f3w, kt\u00f3re rozpoczynaj\u0105 si\u0119 w miejscowo\u015bci \u010cerven\u00fd Kl\u00e1\u0161tor, a ko\u0144cz\u0105 w Le\u015bnicy w Polsce. Odwiedzaj\u0105cy \u015brodkow\u0105 S\u0142owacj\u0119 nie mog\u0105 przegapi\u0107 zamku Bojnice, \u015bredniowiecznego zamku z otaczaj\u0105cym parkiem i pi\u0119knie zdobionymi komnatami, takimi jak Z\u0142ota Sala. Pod zamkiem znajduje si\u0119 jaskinia trawertynowa, naturalnie utworzona przez opady deszczu wymywaj\u0105ce trawertyn. Ba\u0144ska Bystrzyca, staro\u017cytne miasto z\u0142ota, srebra i miedzi, ma bardzo \u0142adny stary rynek, N\u00e1mestie SNP i zach\u0119caj\u0105ce \u015bcie\u017cki dla pieszych.     <\/p>\n\n<p>Bujna ro\u015blinno\u015b\u0107 i rzeka Orawa tworz\u0105 pi\u0119kn\u0105 sceneri\u0119 dla Zamku Orawskiego (Oravsk\u00fd Hrad). Jego zachowana struktura prezentuje wiele styl\u00f3w architektonicznych i jest pi\u0119kn\u0105 atrakcj\u0105 turystyczn\u0105. S\u0142owacki folklor mo\u017cna podziwia\u0107 w Wiosce \u010ci\u010dmany, artystycznej wiosce z drewnianymi domami ozdobionymi motywami ludowymi.   <\/p>\n\n<h3 class=\"wp-block-heading\">Zachodnia S\u0142owacja<\/h3>\n\n<p>Pi\u0119kno zachodniej S\u0142owacji kryje si\u0119 w zabytkowych zamkach, malowniczych miasteczkach i Bratys\u0142awie, stolicy S\u0142owacji. Na szczycie wapiennego wzg\u00f3rza znajduj\u0105 si\u0119 ruiny zamku Beckov Hrad, narodowego zabytku kultury z XII wieku. Poszukiwacze k\u0105pieli termalnych odwiedzaj\u0105 s\u0142ynne s\u0142owackie uzdrowisko Pieszczany, po\u0142o\u017cone nad brzegiem rzeki Wag. \u015aredniowieczne miasto Trnava ma \u0142adn\u0105 architektur\u0119, malownicz\u0105 g\u0142\u00f3wn\u0105 ulic\u0119 dla pieszych, stare mury miejskie i pi\u0119kne katedry. Urocze miasto Nitra ma zabytkowe Stare Miasto i \u015bredniowieczny zamek Nitra wznosz\u0105cy si\u0119 nad rzek\u0105 Nitra. Zamek Nitra jest gospodarzem r\u00f3\u017cnych wydarze\u0144 kulturalnych, w tym \u015bredniowiecznych spektakli muzycznych i wyst\u0119p\u00f3w tanecznych.      <\/p>\n\n<p>Bratys\u0142awa, po\u0142o\u017cona nad brzegiem Dunaju, jest stolic\u0105 i centrum kulturalnym S\u0142owacji. Bratys\u0142awskie Stare Miasto wyr\u00f3\u017cnia si\u0119 zabytkowymi pa\u0142acami, staro\u017cytn\u0105 architektur\u0105, skarbami religijnymi i licznymi kawiarniami. Hlavn\u00e9 N\u00e1mestie (Rynek G\u0142\u00f3wny) jest symbolem \u015bredniowiecznej przesz\u0142o\u015bci S\u0142owacji i doskona\u0142ym miejscem spotka\u0144 ludzi. Muzeum Miejskie Bratys\u0142awy, mieszcz\u0105ce si\u0119 w Starym Ratuszu, prezentuje oryginaln\u0105 XV-wieczn\u0105 architektur\u0119 w stylu gotyckim, a tak\u017ce wiele styl\u00f3w architektonicznych powsta\u0142ych w wyniku p\u00f3\u017aniejszych renowacji. Fontanna Rolanda, pierwotnie stworzona do dostarczania wody, jest uroczym miejscem do obserwowania ludzi.     <\/p>\n\n<p>Neoklasycystyczna struktura Pa\u0142acu Prymasowskiego s\u0142u\u017cy jako siedziba burmistrza Bratys\u0142awy. Sala Lustrzana to bogata komnata w Pa\u0142acu Prymasowskim i historyczne miejsce, w kt\u00f3rym Napoleon i Franciszek I podpisali traktat pokojowy w Pressburgu. Pa\u0142ac Mirbach to pa\u0142ac w stylu rokoko, kt\u00f3ry s\u0142u\u017cy dzi\u015b jako galeria sztuki. Wizyta w s\u0142ynnej kawiarni Kaffee Mayer z widokiem na g\u0142\u00f3wny plac miasta przenosi nas do XIX-wiecznych wiede\u0144skich tradycji cukierniczych. \u015acie\u017cka granicz\u0105ca ze Starym Miastem prowadzi nas do katedry \u015bw. Marcina, wspania\u0142ej katedry rzymskokatolickiej i historycznego miejsca, w kt\u00f3rym koronowano w\u0119gierskich kr\u00f3l\u00f3w. Na szczycie wzg\u00f3rza znajduje si\u0119 Zamek Bratys\u0142awski, historyczny punkt orientacyjny z widokiem na staro\u017cytne szlaki handlowe wzd\u0142u\u017c Dunaju. Zamek w Bratys\u0142awie oferuje wspania\u0142e widoki na miasto i edukuje odwiedzaj\u0105cych o kulturze, historii i folklorze Bratys\u0142awy.     <\/p>\n\n<h2 class=\"wp-block-heading\">Ulubione Przygody<\/h2>\n\n<div class=\"wp-block-columns is-layout-flex wp-container-core-columns-is-layout-9d6595d7 wp-block-columns-is-layout-flex\">\n<div class=\"wp-block-column is-layout-flow wp-block-column-is-layout-flow\">\n<figure class=\"wp-block-image size-full\"><img loading=\"lazy\" decoding=\"async\" width=\"1080\" height=\"720\" src=\"https:\/\/redkarawana.com\/wp-content\/uploads\/2024\/05\/3a-Slovakia-Dunajec-River-Gorge.jpg\" alt=\"S&#x142;owacja, Prze&#x142;om Dunajca\" class=\"wp-image-6606\" srcset=\"https:\/\/redkarawana.com\/wp-content\/uploads\/2024\/05\/3a-Slovakia-Dunajec-River-Gorge.jpg 1080w, https:\/\/redkarawana.com\/wp-content\/uploads\/2024\/05\/3a-Slovakia-Dunajec-River-Gorge-300x200.jpg 300w, https:\/\/redkarawana.com\/wp-content\/uploads\/2024\/05\/3a-Slovakia-Dunajec-River-Gorge-1024x683.jpg 1024w, https:\/\/redkarawana.com\/wp-content\/uploads\/2024\/05\/3a-Slovakia-Dunajec-River-Gorge-768x512.jpg 768w, https:\/\/redkarawana.com\/wp-content\/uploads\/2024\/05\/3a-Slovakia-Dunajec-River-Gorge-360x240.jpg 360w, https:\/\/redkarawana.com\/wp-content\/uploads\/2024\/05\/3a-Slovakia-Dunajec-River-Gorge-600x400.jpg 600w\" sizes=\"auto, (max-width: 1080px) 100vw, 1080px\" \/><figcaption class=\"wp-element-caption\">S\u0142owacja, Prze\u0142om Dunajca<\/figcaption><\/figure>\n<\/div>\n\n\n\n<div class=\"wp-block-column is-layout-flow wp-block-column-is-layout-flow\">\n<figure class=\"wp-block-image size-full\"><img loading=\"lazy\" decoding=\"async\" width=\"1080\" height=\"720\" src=\"https:\/\/redkarawana.com\/wp-content\/uploads\/2024\/05\/3b-Slovakia-Dunajec-River-Gorge.jpg\" alt=\"S&#x142;owacja, Prze&#x142;om Dunajca\" class=\"wp-image-6610\" srcset=\"https:\/\/redkarawana.com\/wp-content\/uploads\/2024\/05\/3b-Slovakia-Dunajec-River-Gorge.jpg 1080w, https:\/\/redkarawana.com\/wp-content\/uploads\/2024\/05\/3b-Slovakia-Dunajec-River-Gorge-300x200.jpg 300w, https:\/\/redkarawana.com\/wp-content\/uploads\/2024\/05\/3b-Slovakia-Dunajec-River-Gorge-1024x683.jpg 1024w, https:\/\/redkarawana.com\/wp-content\/uploads\/2024\/05\/3b-Slovakia-Dunajec-River-Gorge-768x512.jpg 768w, https:\/\/redkarawana.com\/wp-content\/uploads\/2024\/05\/3b-Slovakia-Dunajec-River-Gorge-360x240.jpg 360w, https:\/\/redkarawana.com\/wp-content\/uploads\/2024\/05\/3b-Slovakia-Dunajec-River-Gorge-600x400.jpg 600w\" sizes=\"auto, (max-width: 1080px) 100vw, 1080px\" \/><figcaption class=\"wp-element-caption\">S\u0142owacja, Prze\u0142om Dunajca<\/figcaption><\/figure>\n<\/div>\n<\/div>\n\n<h3 class=\"wp-block-heading\">Prze\u0142om Dunajca<\/h3>\n\n<p>Pieniny to pasmo g\u00f3rskie po\u0142o\u017cone na p\u00f3\u0142nocy S\u0142owacji i po\u0142udniu Polski. Prze\u0142om Dunajca przebiega przez Pieniny i stanowi naturaln\u0105 granic\u0119 mi\u0119dzy S\u0142owacj\u0105 a Polsk\u0105. Pieni\u0144ski Park Narodowy, chroniony obszar przyrodniczy w \u015brodku Pienin, znany jest z nadrzecznych tras rowerowych, szlak\u00f3w turystycznych, architektury ludowej i sp\u0142yw\u00f3w tratwami. Po obu stronach granicy rodzimi g\u00f3rale zwani \u201eG\u00f3ralami\u201d oferuj\u0105 spokojne sp\u0142ywy tradycyjnymi drewnianymi tratwami w scenerii g\u00f3r, stromych ska\u0142, bujnych las\u00f3w i drewnianych dom\u00f3w. G\u00f3rale ubrani w tradycyjne stroje \u015bpiewaj\u0105 folklorystyczn\u0105 muzyk\u0119, steruj\u0105c drewnianymi tratwami wzd\u0142u\u017c prze\u0142omu Dunajca.     <\/p>\n\n<p>Miejscowo\u015b\u0107 \u010cerven\u00fd Kl\u00e1\u0161tor, po\u0142o\u017cona p\u00f3\u0142torej godziny drogi od naszego hotelu w Szczyrbskim Jeziorze, jest punktem startowym sp\u0142ywu. Najpierw odwiedzamy XIV-wieczny klasztor \u010cerven\u00fd Kl\u00e1\u0161tor po\u0142o\u017cony w malowniczej dolinie z widokiem na Trzy Korony, szczyt Pienin. Nast\u0119pnie kupujemy bilety na brzegu rzeki i cieszymy si\u0119 spokojn\u0105 wycieczk\u0105 drewnianymi tratwami przez prze\u0142om Dunajca. Po wycieczce g\u00f3rale z zaprz\u0119gami konnymi odwioz\u0105 nas na pobliski dworzec autobusowy, sk\u0105d wr\u00f3cimy do Czerwonego Klasztoru.   <\/p>\n\n<h2 class=\"wp-block-heading\">Wybrane Dania<\/h2>\n\n<div class=\"wp-block-columns is-layout-flex wp-container-core-columns-is-layout-9d6595d7 wp-block-columns-is-layout-flex\">\n<div class=\"wp-block-column is-layout-flow wp-block-column-is-layout-flow\">\n<figure class=\"wp-block-image size-full\"><img loading=\"lazy\" decoding=\"async\" width=\"1080\" height=\"720\" src=\"https:\/\/redkarawana.com\/wp-content\/uploads\/2024\/05\/4a-Slovakia-Sulance-S-Makom.jpg\" alt=\"S&#x142;owacja, &#x160;&#xFA;&#x13E;ance S Makom\" class=\"wp-image-6614\" srcset=\"https:\/\/redkarawana.com\/wp-content\/uploads\/2024\/05\/4a-Slovakia-Sulance-S-Makom.jpg 1080w, https:\/\/redkarawana.com\/wp-content\/uploads\/2024\/05\/4a-Slovakia-Sulance-S-Makom-300x200.jpg 300w, https:\/\/redkarawana.com\/wp-content\/uploads\/2024\/05\/4a-Slovakia-Sulance-S-Makom-1024x683.jpg 1024w, https:\/\/redkarawana.com\/wp-content\/uploads\/2024\/05\/4a-Slovakia-Sulance-S-Makom-768x512.jpg 768w, https:\/\/redkarawana.com\/wp-content\/uploads\/2024\/05\/4a-Slovakia-Sulance-S-Makom-360x240.jpg 360w, https:\/\/redkarawana.com\/wp-content\/uploads\/2024\/05\/4a-Slovakia-Sulance-S-Makom-600x400.jpg 600w\" sizes=\"auto, (max-width: 1080px) 100vw, 1080px\" \/><figcaption class=\"wp-element-caption\">S\u0142owacja, \u0160\u00fa\u013eance S Makom<\/figcaption><\/figure>\n<\/div>\n\n\n\n<div class=\"wp-block-column is-layout-flow wp-block-column-is-layout-flow\">\n<figure class=\"wp-block-image size-full\"><img loading=\"lazy\" decoding=\"async\" width=\"1080\" height=\"720\" src=\"https:\/\/redkarawana.com\/wp-content\/uploads\/2024\/05\/4b-Slovakia-Roasted-Pork-Shank.jpg\" alt=\"S&#x142;owacja, Pieczona Golonka\" class=\"wp-image-6618\" srcset=\"https:\/\/redkarawana.com\/wp-content\/uploads\/2024\/05\/4b-Slovakia-Roasted-Pork-Shank.jpg 1080w, https:\/\/redkarawana.com\/wp-content\/uploads\/2024\/05\/4b-Slovakia-Roasted-Pork-Shank-300x200.jpg 300w, https:\/\/redkarawana.com\/wp-content\/uploads\/2024\/05\/4b-Slovakia-Roasted-Pork-Shank-1024x683.jpg 1024w, https:\/\/redkarawana.com\/wp-content\/uploads\/2024\/05\/4b-Slovakia-Roasted-Pork-Shank-768x512.jpg 768w, https:\/\/redkarawana.com\/wp-content\/uploads\/2024\/05\/4b-Slovakia-Roasted-Pork-Shank-360x240.jpg 360w, https:\/\/redkarawana.com\/wp-content\/uploads\/2024\/05\/4b-Slovakia-Roasted-Pork-Shank-600x400.jpg 600w\" sizes=\"auto, (max-width: 1080px) 100vw, 1080px\" \/><figcaption class=\"wp-element-caption\">S\u0142owacja, Pieczona Golonka<\/figcaption><\/figure>\n<\/div>\n<\/div>\n\n<h3 class=\"wp-block-heading\">S\u0142owacka Kuchnia<\/h3>\n\n<p>Podr\u00f3\u017c przez S\u0142owacj\u0119 odkrywa malownicze wioski, pi\u0119kne doliny i \u017cyzne niziny. Kuchnia wiejska jest podstaw\u0105 tradycyjnej kuchni s\u0142owackiej, r\u00f3\u017cni\u0105cej si\u0119 nieznacznie w zale\u017cno\u015bci od regionu. Z biegiem lat kuchnia s\u0142owacka przyj\u0119\u0142a wp\u0142ywy kulinarne od swoich s\u0105siad\u00f3w: Austrii, W\u0119gier, Czech i Polski. Menu kulinarne niezmiennie zawiera podstawowe produkty spo\u017cywcze, takie jak ziemniaki, pszenica, mi\u0119so wieprzowe, produkty mleczne i kapusta. W g\u00f3rzystych regionach S\u0142owacji mleko owcze jest wykorzystywane do produkcji bryndzy, kremowego s\u0142owackiego sera i niezast\u0105pionego sk\u0142adnika kuchni s\u0142owackiej.     <\/p>\n\n<p>Bryndzov\u00e9 Halu\u0161ky, uwa\u017cane za narodowe danie s\u0142owackie, to knedle ziemniaczane zmieszane z bryndz\u0105 o mocnym smaku i zwie\u0144czone kostkami t\u0142ustego boczku. To obfite danie jest dla nas nabytym smakiem, ale warto go spr\u00f3bowa\u0107. Lekko s\u0142odkie Slivkov\u00e9 Gule to knedle ziemniaczane wype\u0142nione \u015bliwkami i posypane pokruszonymi orzechami w\u0142oskimi. Kuchnia s\u0142owacka obejmuje r\u00f3wnie\u017c r\u00f3\u017cnorodne w\u0119dliny, zwykle podawane z piklami, musztard\u0105 i chrzanem. Na S\u0142owacji powszechnie uprawiana kapusta jest cz\u0119sto podawana jako sur\u00f3wka lub jako kapusta kiszona. Sfermentowana kapusta uzupe\u0142nia wiele s\u0142owackich potraw, w tym zupy, gulasze i knedle ziemniaczane.      <\/p>\n\n<p>Odwiedzaj\u0105cy S\u0142owacj\u0119 powinni spr\u00f3bowa\u0107 Kofoli, bezalkoholowego napoju gazowanego produkowanego pierwotnie w Czechos\u0142owacji i szeroko dystrybuowanego na S\u0142owacji i w Czechach. G\u0142\u00f3wnym sk\u0142adnikiem napoju Kofola jest syrop kofo wytwarzany z mieszanki ekstrakt\u00f3w zio\u0142owych i owocowych. Kofola ma unikalny smak i s\u0142odko-kwa\u015bny aromat.  <\/p>\n\n<h3 class=\"wp-block-heading\">\u0160\u00fa\u013eance S Makom<\/h3>\n\n<p>W XVI wieku hiszpa\u0144scy odkrywcy przywie\u017ali ziemniaki z Ameryki Po\u0142udniowej do Europy, inauguruj\u0105c wynalezienie wielu pysznych da\u0144 na bazie ziemniak\u00f3w w Europie. Halu\u0161ky to s\u0142owackie kluski ziemniaczane, podobne do w\u0142oskich \u201egnocchi\u201d lub polskich \u201ekopytek\u201d. Ciasto ziemniaczane sk\u0142ada si\u0119 z gotowanych i t\u0142uczonych ziemniak\u00f3w, m\u0105ki, jajek i soli. Knedle ziemniaczane s\u0105 formowane w ma\u0142e owalne kawa\u0142ki lub ma\u0142e kulki nadziewane r\u00f3\u017cnymi nadzieniami. Nasze wybrane kluski ziemniaczane s\u0105 gotowane i polewane mas\u0142em i makiem. Te pierogi s\u0105 delikatne i aromatyczne. Koliba Patria, znajduj\u0105ca si\u0119 w pobli\u017cu hotelu Patria w Szczyrbskim Jeziorze, serwuje doskona\u0142e dania kuchni s\u0142owackiej.      <\/p>\n\n<h3 class=\"wp-block-heading\">Wieprzowina<\/h3>\n\n<p>Na S\u0142owacji od wiek\u00f3w praktykuje si\u0119 tradycyjne techniki konserwowania \u017cywno\u015bci. Mi\u0119so wieprzowe, popularna pozycja w menu, jest cz\u0119sto podawane pieczone, w\u0119dzone lub peklowane sol\u0105. Kuchnia s\u0142owacka oferuje szerok\u0105 gam\u0119 mi\u0119s, takich jak pieczone golonki, gulasze mi\u0119sne, peklowany boczek i w\u0119dzone kie\u0142basy. W\u0119dzone mi\u0119so wieprzowe wzmacnia aromaty i smaki wielu tradycyjnych s\u0142owackich potraw. W Bratys\u0142awie droga prowadz\u0105ca do Zamku Bratys\u0142awskiego przebiega obok Modr\u00e1 Hviezda (modrahviezda.sk), uroczej restauracji w jaskini, serwuj\u0105cej znakomite dania kuchni s\u0142owackiej, w tym pyszne \u017ceberka wieprzowe.      <\/p>\n\n<h3 class=\"wp-block-heading\">Kapustnica<\/h3>\n\n<p>Kapusta jest wa\u017cnym warzywem w kuchni wschodnioeuropejskiej, wyst\u0119puj\u0105cym w \u015bwie\u017cych sa\u0142atkach, zupach, gulaszach i pierogach. Kapustnica to obfita zupa przygotowywana ze sfermentowanej kapusty, w\u0119dzonego mi\u0119sa, zi\u00f3\u0142 i przypraw. R\u00f3\u017cne regionalne przepisy instruuj\u0105, jak przygotowa\u0107 t\u0119 pyszn\u0105 zup\u0119 o kwa\u015bnym smaku. Restauracja Prasna Basta (prasnabasta.sk), po\u0142o\u017cona na Starym Mie\u015bcie w Bratys\u0142awie, serwuje bardzo dobre dania kuchni s\u0142owackiej w swoim uroczym patio w ogrodzie, otwartym latem. Podczas naszej wizyty zup\u0105 dnia by\u0142a pyszna Kapustnica.    <\/p>\n\n<h2 class=\"wp-block-heading\">Preferowane Hotele<\/h2>\n\n<div class=\"wp-block-columns is-layout-flex wp-container-core-columns-is-layout-9d6595d7 wp-block-columns-is-layout-flex\">\n<div class=\"wp-block-column is-layout-flow wp-block-column-is-layout-flow\">\n<figure class=\"wp-block-image size-full\"><img loading=\"lazy\" decoding=\"async\" width=\"1080\" height=\"720\" src=\"https:\/\/redkarawana.com\/wp-content\/uploads\/2024\/05\/5a-Slovakia-Grand-Hotel-Kempinski-High-Tatras.jpg\" alt=\"S&#x142;owacja, Grand Hotel Kempinski High Tatras\" class=\"wp-image-6622\" srcset=\"https:\/\/redkarawana.com\/wp-content\/uploads\/2024\/05\/5a-Slovakia-Grand-Hotel-Kempinski-High-Tatras.jpg 1080w, https:\/\/redkarawana.com\/wp-content\/uploads\/2024\/05\/5a-Slovakia-Grand-Hotel-Kempinski-High-Tatras-300x200.jpg 300w, https:\/\/redkarawana.com\/wp-content\/uploads\/2024\/05\/5a-Slovakia-Grand-Hotel-Kempinski-High-Tatras-1024x683.jpg 1024w, https:\/\/redkarawana.com\/wp-content\/uploads\/2024\/05\/5a-Slovakia-Grand-Hotel-Kempinski-High-Tatras-768x512.jpg 768w, https:\/\/redkarawana.com\/wp-content\/uploads\/2024\/05\/5a-Slovakia-Grand-Hotel-Kempinski-High-Tatras-360x240.jpg 360w, https:\/\/redkarawana.com\/wp-content\/uploads\/2024\/05\/5a-Slovakia-Grand-Hotel-Kempinski-High-Tatras-600x400.jpg 600w\" sizes=\"auto, (max-width: 1080px) 100vw, 1080px\" \/><figcaption class=\"wp-element-caption\">S\u0142owacja, Grand Hotel Kempinski High Tatras<\/figcaption><\/figure>\n<\/div>\n\n\n\n<div class=\"wp-block-column is-layout-flow wp-block-column-is-layout-flow\">\n<figure class=\"wp-block-image size-full\"><img loading=\"lazy\" decoding=\"async\" width=\"1080\" height=\"720\" src=\"https:\/\/redkarawana.com\/wp-content\/uploads\/2024\/05\/5b-Slovakia-Grand-Hotel-Kempinski-High-Tatras.jpg\" alt=\"S&#x142;owacja, Grand Hotel Kempinski High Tatras\" class=\"wp-image-6626\" srcset=\"https:\/\/redkarawana.com\/wp-content\/uploads\/2024\/05\/5b-Slovakia-Grand-Hotel-Kempinski-High-Tatras.jpg 1080w, https:\/\/redkarawana.com\/wp-content\/uploads\/2024\/05\/5b-Slovakia-Grand-Hotel-Kempinski-High-Tatras-300x200.jpg 300w, https:\/\/redkarawana.com\/wp-content\/uploads\/2024\/05\/5b-Slovakia-Grand-Hotel-Kempinski-High-Tatras-1024x683.jpg 1024w, https:\/\/redkarawana.com\/wp-content\/uploads\/2024\/05\/5b-Slovakia-Grand-Hotel-Kempinski-High-Tatras-768x512.jpg 768w, https:\/\/redkarawana.com\/wp-content\/uploads\/2024\/05\/5b-Slovakia-Grand-Hotel-Kempinski-High-Tatras-360x240.jpg 360w, https:\/\/redkarawana.com\/wp-content\/uploads\/2024\/05\/5b-Slovakia-Grand-Hotel-Kempinski-High-Tatras-600x400.jpg 600w\" sizes=\"auto, (max-width: 1080px) 100vw, 1080px\" \/><figcaption class=\"wp-element-caption\">S\u0142owacja, Grand Hotel Kempinski High Tatras<\/figcaption><\/figure>\n<\/div>\n<\/div>\n\n<h3 class=\"wp-block-heading\">Grand Hotel Kempinski High Tatras<\/h3>\n\n<p>Tatry i polodowcowe jezioro g\u00f3rskie stanowi\u0105 pi\u0119kne t\u0142o dla Grand Hotel Kempinski High Tatras. Po\u0142o\u017cony nad brzegiem Jeziora Szczyrbskiego Grand Hotel Kempinski Tatry Wysokie jest idealnym miejscem dla os\u00f3b poszukuj\u0105cych luksusu w otoczeniu przyrody. Nasz wybrany apartament typu junior suite z widokiem na jezioro oferuje elegancki wystr\u00f3j, przestronny salon oraz panoramiczne widoki na jezioro i g\u00f3ry. Rano w stylowej restauracji Grand serwowane jest wy\u015bmienite \u015bniadanie w formie bufetu. W porze lunchu i kolacji w restauracji Grand serwowane s\u0105 dania kuchni regionalnej i mi\u0119dzynarodowej. Kryty basen z podgrzewan\u0105 wod\u0105 to raj dla mi\u0142o\u015bnik\u00f3w relaksu, z kt\u00f3rego roztacza si\u0119 zapieraj\u0105cy dech w piersiach widok na jezioro i g\u00f3ry. Grand Hotel Kempinski High Tatras po\u0142o\u017cony jest w niewielkiej odleg\u0142o\u015bci od Tatrza\u0144skiego Parku Narodowego, co zapewnia dogodny dost\u0119p do pi\u0119knej przyrody.      <\/p>\n\n<h3 class=\"wp-block-heading\">Sheraton Bratislava Hotel<\/h3>\n\n<p>Go\u015bcie odwiedzaj\u0105cy Bratys\u0142aw\u0119 zatrzymuj\u0105 si\u0119 w nowoczesnym hotelu Sheraton Bratislava, po\u0142o\u017conym w pobli\u017cu nadrzecznego bulwaru ze sklepami, restauracjami i kawiarniami. Wybrany przez nas pok\u00f3j typu Club Deluxe odznacza si\u0119 stylowym, nowoczesnym wystrojem i oferuje dost\u0119p do salonu Sheraton Club Lounge z bezp\u0142atnym \u015bniadaniem w formie bufetu oraz popo\u0142udniowymi przek\u0105skami. Spa Zion Premium zaprasza Go\u015bci do podgrzewanego basenu, \u0142a\u017ani parowej i sauny fi\u0144skiej. Hotel po\u0142o\u017cony jest w odleg\u0142o\u015bci kr\u00f3tkiego spaceru od Starego Miasta w Bratys\u0142awie, co zapewnia \u0142atwy dost\u0119p do zabytk\u00f3w i atrakcji kulturalnych.     <\/p>\n\n<div class=\"wp-block-columns is-layout-flex wp-container-core-columns-is-layout-9d6595d7 wp-block-columns-is-layout-flex\">\n<div class=\"wp-block-column is-layout-flow wp-block-column-is-layout-flow\">\n<figure class=\"wp-block-image size-full\"><img loading=\"lazy\" decoding=\"async\" width=\"1080\" height=\"720\" src=\"https:\/\/redkarawana.com\/wp-content\/uploads\/2024\/05\/5c-Slovakia-Bratislava-City-Walls.jpg\" alt=\"S&#x142;owacja, Staro&#x17C;ytne Mury Miejskie Bratys&#x142;awy\" class=\"wp-image-6630\" srcset=\"https:\/\/redkarawana.com\/wp-content\/uploads\/2024\/05\/5c-Slovakia-Bratislava-City-Walls.jpg 1080w, https:\/\/redkarawana.com\/wp-content\/uploads\/2024\/05\/5c-Slovakia-Bratislava-City-Walls-300x200.jpg 300w, https:\/\/redkarawana.com\/wp-content\/uploads\/2024\/05\/5c-Slovakia-Bratislava-City-Walls-1024x683.jpg 1024w, https:\/\/redkarawana.com\/wp-content\/uploads\/2024\/05\/5c-Slovakia-Bratislava-City-Walls-768x512.jpg 768w, https:\/\/redkarawana.com\/wp-content\/uploads\/2024\/05\/5c-Slovakia-Bratislava-City-Walls-360x240.jpg 360w, https:\/\/redkarawana.com\/wp-content\/uploads\/2024\/05\/5c-Slovakia-Bratislava-City-Walls-600x400.jpg 600w\" sizes=\"auto, (max-width: 1080px) 100vw, 1080px\" \/><figcaption class=\"wp-element-caption\">S\u0142owacja, Staro\u017cytne Mury Miejskie Bratys\u0142awy<\/figcaption><\/figure>\n<\/div>\n\n\n\n<div class=\"wp-block-column is-layout-flow wp-block-column-is-layout-flow\">\n<figure class=\"wp-block-image size-full\"><img loading=\"lazy\" decoding=\"async\" width=\"1080\" height=\"720\" src=\"https:\/\/redkarawana.com\/wp-content\/uploads\/2024\/05\/5d-Slovakia-Jaskyna-Domica.jpg\" alt=\"S&#x142;owacja, Jaskinia Domica\" class=\"wp-image-6634\" srcset=\"https:\/\/redkarawana.com\/wp-content\/uploads\/2024\/05\/5d-Slovakia-Jaskyna-Domica.jpg 1080w, https:\/\/redkarawana.com\/wp-content\/uploads\/2024\/05\/5d-Slovakia-Jaskyna-Domica-300x200.jpg 300w, https:\/\/redkarawana.com\/wp-content\/uploads\/2024\/05\/5d-Slovakia-Jaskyna-Domica-1024x683.jpg 1024w, https:\/\/redkarawana.com\/wp-content\/uploads\/2024\/05\/5d-Slovakia-Jaskyna-Domica-768x512.jpg 768w, https:\/\/redkarawana.com\/wp-content\/uploads\/2024\/05\/5d-Slovakia-Jaskyna-Domica-360x240.jpg 360w, https:\/\/redkarawana.com\/wp-content\/uploads\/2024\/05\/5d-Slovakia-Jaskyna-Domica-600x400.jpg 600w\" sizes=\"auto, (max-width: 1080px) 100vw, 1080px\" \/><figcaption class=\"wp-element-caption\">S\u0142owacja, Jaskinia Domica<\/figcaption><\/figure>\n<\/div>\n<\/div>\n","protected":false},"excerpt":{"rendered":"<p>S\u0142owacja to fascynuj\u0105cy kraj Europy Wschodniej, obdarzony wspania\u0142\u0105 przyrod\u0105, historyczn\u0105 architektur\u0105 i fascynuj\u0105cym s\u0142owackim folklorem. Romantyczne zamki, symbole religijne i historyczne miasta czekaj\u0105 na odwiedzaj\u0105cych S\u0142owacj\u0119. Podr\u00f3\u017cuj\u0105c po kraju, odkrywamy malowniczy Dunaj, wspania\u0142e Tatry, spektakularne jaskinie i niezapomniany prze\u0142om Dunajca. S\u0142owacki folklor jest prezentowany w Wiosce \u010ci\u010dmany, artystycznej wiosce z unikalnymi drewnianymi domami ozdobionymi motywami [&hellip;]<\/p>\n","protected":false},"featured_media":6585,"template":"","meta":{"_acf_changed":true},"journeyscat":[68],"class_list":["post-6641","journeys","type-journeys","status-publish","has-post-thumbnail","hentry","journeyscat-natura-krajobrazy"],"acf":[],"yoast_head":"<!-- This site is optimized with the Yoast SEO plugin v27.4 - https:\/\/yoast.com\/product\/yoast-seo-wordpress\/ -->\n<title>Regiony i Bratys\u0142awa, S\u0142owacja - Natura &amp; Krajobrazy - Red Karawana<\/title>\n<meta name=\"description\" content=\"S\u0142owacja, kraj w Europie Wschodniej, jest obdarzony niezwyk\u0142\u0105 przyrod\u0105, historyczn\u0105 architektur\u0105 i fascynuj\u0105cym s\u0142owackim folklorem.\" \/>\n<meta name=\"robots\" content=\"index, follow, max-snippet:-1, max-image-preview:large, max-video-preview:-1\" \/>\n<link rel=\"canonical\" href=\"https:\/\/redkarawana.com\/pl\/podroz\/regiony-i-bratyslawa-slowacja\/\" \/>\n<meta property=\"og:locale\" content=\"pl_PL\" \/>\n<meta property=\"og:type\" content=\"article\" \/>\n<meta property=\"og:title\" content=\"Regiony i Bratys\u0142awa, S\u0142owacja - Natura &amp; Krajobrazy - Red Karawana\" \/>\n<meta property=\"og:description\" content=\"S\u0142owacja, kraj w Europie Wschodniej, jest obdarzony niezwyk\u0142\u0105 przyrod\u0105, historyczn\u0105 architektur\u0105 i fascynuj\u0105cym s\u0142owackim folklorem.\" \/>\n<meta property=\"og:url\" content=\"https:\/\/redkarawana.com\/pl\/podroz\/regiony-i-bratyslawa-slowacja\/\" \/>\n<meta property=\"og:site_name\" content=\"Red Karawana\" \/>\n<meta property=\"article:publisher\" content=\"https:\/\/www.facebook.com\/redkarawana\/\" \/>\n<meta property=\"article:modified_time\" content=\"2025-12-04T18:09:54+00:00\" \/>\n<meta property=\"og:image\" content=\"https:\/\/redkarawana.com\/wp-content\/uploads\/2024\/05\/1-ATP-F1200x630-Slovakia-Beckov-Castle.jpg\" \/>\n\t<meta property=\"og:image:width\" content=\"1200\" \/>\n\t<meta property=\"og:image:height\" content=\"630\" \/>\n\t<meta property=\"og:image:type\" content=\"image\/jpeg\" \/>\n<meta name=\"twitter:card\" content=\"summary_large_image\" \/>\n<meta name=\"twitter:label1\" content=\"Szacowany czas czytania\" \/>\n\t<meta name=\"twitter:data1\" content=\"14 minut\" \/>\n<script type=\"application\/ld+json\" class=\"yoast-schema-graph\">{\"@context\":\"https:\\\/\\\/schema.org\",\"@graph\":[{\"@type\":\"WebPage\",\"@id\":\"https:\\\/\\\/redkarawana.com\\\/pl\\\/podroz\\\/regiony-i-bratyslawa-slowacja\\\/\",\"url\":\"https:\\\/\\\/redkarawana.com\\\/pl\\\/podroz\\\/regiony-i-bratyslawa-slowacja\\\/\",\"name\":\"Regiony i Bratys\u0142awa, S\u0142owacja - Natura & Krajobrazy - Red Karawana\",\"isPartOf\":{\"@id\":\"https:\\\/\\\/redkarawana.com\\\/#website\"},\"primaryImageOfPage\":{\"@id\":\"https:\\\/\\\/redkarawana.com\\\/pl\\\/podroz\\\/regiony-i-bratyslawa-slowacja\\\/#primaryimage\"},\"image\":{\"@id\":\"https:\\\/\\\/redkarawana.com\\\/pl\\\/podroz\\\/regiony-i-bratyslawa-slowacja\\\/#primaryimage\"},\"thumbnailUrl\":\"https:\\\/\\\/redkarawana.com\\\/wp-content\\\/uploads\\\/2024\\\/05\\\/1-SP-Slovakia-Beckov-Castle.jpg\",\"datePublished\":\"2025-12-02T16:40:11+00:00\",\"dateModified\":\"2025-12-04T18:09:54+00:00\",\"description\":\"S\u0142owacja, kraj w Europie Wschodniej, jest obdarzony niezwyk\u0142\u0105 przyrod\u0105, historyczn\u0105 architektur\u0105 i fascynuj\u0105cym s\u0142owackim folklorem.\",\"breadcrumb\":{\"@id\":\"https:\\\/\\\/redkarawana.com\\\/pl\\\/podroz\\\/regiony-i-bratyslawa-slowacja\\\/#breadcrumb\"},\"inLanguage\":\"pl-PL\",\"potentialAction\":[{\"@type\":\"ReadAction\",\"target\":[\"https:\\\/\\\/redkarawana.com\\\/pl\\\/podroz\\\/regiony-i-bratyslawa-slowacja\\\/\"]}]},{\"@type\":\"ImageObject\",\"inLanguage\":\"pl-PL\",\"@id\":\"https:\\\/\\\/redkarawana.com\\\/pl\\\/podroz\\\/regiony-i-bratyslawa-slowacja\\\/#primaryimage\",\"url\":\"https:\\\/\\\/redkarawana.com\\\/wp-content\\\/uploads\\\/2024\\\/05\\\/1-SP-Slovakia-Beckov-Castle.jpg\",\"contentUrl\":\"https:\\\/\\\/redkarawana.com\\\/wp-content\\\/uploads\\\/2024\\\/05\\\/1-SP-Slovakia-Beckov-Castle.jpg\",\"width\":680,\"height\":453,\"caption\":\"S\u0142owacja, Zamek Beckov\"},{\"@type\":\"BreadcrumbList\",\"@id\":\"https:\\\/\\\/redkarawana.com\\\/pl\\\/podroz\\\/regiony-i-bratyslawa-slowacja\\\/#breadcrumb\",\"itemListElement\":[{\"@type\":\"ListItem\",\"position\":1,\"name\":\"Home\",\"item\":\"https:\\\/\\\/redkarawana.com\\\/pl\\\/\"},{\"@type\":\"ListItem\",\"position\":2,\"name\":\"Regiony i Bratys\u0142awa, S\u0142owacja; \u015aredniowieczne Zamki i Pi\u0119kne Tatry\"}]},{\"@type\":\"WebSite\",\"@id\":\"https:\\\/\\\/redkarawana.com\\\/#website\",\"url\":\"https:\\\/\\\/redkarawana.com\\\/\",\"name\":\"Red Karawana\",\"description\":\"\",\"publisher\":{\"@id\":\"https:\\\/\\\/redkarawana.com\\\/#organization\"},\"potentialAction\":[{\"@type\":\"SearchAction\",\"target\":{\"@type\":\"EntryPoint\",\"urlTemplate\":\"https:\\\/\\\/redkarawana.com\\\/?s={search_term_string}\"},\"query-input\":{\"@type\":\"PropertyValueSpecification\",\"valueRequired\":true,\"valueName\":\"search_term_string\"}}],\"inLanguage\":\"pl-PL\"},{\"@type\":\"Organization\",\"@id\":\"https:\\\/\\\/redkarawana.com\\\/#organization\",\"name\":\"Red Karawana\",\"url\":\"https:\\\/\\\/redkarawana.com\\\/\",\"logo\":{\"@type\":\"ImageObject\",\"inLanguage\":\"pl-PL\",\"@id\":\"https:\\\/\\\/redkarawana.com\\\/#\\\/schema\\\/logo\\\/image\\\/\",\"url\":\"https:\\\/\\\/redkarawana.com\\\/wp-content\\\/uploads\\\/2025\\\/05\\\/cropped-Screenshot-2025-05-29-at-09.27.38.png\",\"contentUrl\":\"https:\\\/\\\/redkarawana.com\\\/wp-content\\\/uploads\\\/2025\\\/05\\\/cropped-Screenshot-2025-05-29-at-09.27.38.png\",\"width\":512,\"height\":512,\"caption\":\"Red Karawana\"},\"image\":{\"@id\":\"https:\\\/\\\/redkarawana.com\\\/#\\\/schema\\\/logo\\\/image\\\/\"},\"sameAs\":[\"https:\\\/\\\/www.facebook.com\\\/redkarawana\\\/\",\"https:\\\/\\\/www.instagram.com\\\/redkarawana\\\/\",\"https:\\\/\\\/www.youtube.com\\\/channel\\\/UCU9jXzSmyKm4ZZv38FEXGKg\",\"https:\\\/\\\/www.pinterest.com\\\/redkarawana\\\/\"]}]}<\/script>\n<!-- \/ Yoast SEO plugin. -->","yoast_head_json":{"title":"Regiony i Bratys\u0142awa, S\u0142owacja - Natura & Krajobrazy - Red Karawana","description":"S\u0142owacja, kraj w Europie Wschodniej, jest obdarzony niezwyk\u0142\u0105 przyrod\u0105, historyczn\u0105 architektur\u0105 i fascynuj\u0105cym s\u0142owackim folklorem.","robots":{"index":"index","follow":"follow","max-snippet":"max-snippet:-1","max-image-preview":"max-image-preview:large","max-video-preview":"max-video-preview:-1"},"canonical":"https:\/\/redkarawana.com\/pl\/podroz\/regiony-i-bratyslawa-slowacja\/","og_locale":"pl_PL","og_type":"article","og_title":"Regiony i Bratys\u0142awa, S\u0142owacja - Natura & Krajobrazy - Red Karawana","og_description":"S\u0142owacja, kraj w Europie Wschodniej, jest obdarzony niezwyk\u0142\u0105 przyrod\u0105, historyczn\u0105 architektur\u0105 i fascynuj\u0105cym s\u0142owackim folklorem.","og_url":"https:\/\/redkarawana.com\/pl\/podroz\/regiony-i-bratyslawa-slowacja\/","og_site_name":"Red Karawana","article_publisher":"https:\/\/www.facebook.com\/redkarawana\/","article_modified_time":"2025-12-04T18:09:54+00:00","og_image":[{"width":1200,"height":630,"url":"https:\/\/redkarawana.com\/wp-content\/uploads\/2024\/05\/1-ATP-F1200x630-Slovakia-Beckov-Castle.jpg","type":"image\/jpeg"}],"twitter_card":"summary_large_image","twitter_misc":{"Szacowany czas czytania":"14 minut"},"schema":{"@context":"https:\/\/schema.org","@graph":[{"@type":"WebPage","@id":"https:\/\/redkarawana.com\/pl\/podroz\/regiony-i-bratyslawa-slowacja\/","url":"https:\/\/redkarawana.com\/pl\/podroz\/regiony-i-bratyslawa-slowacja\/","name":"Regiony i Bratys\u0142awa, S\u0142owacja - Natura & Krajobrazy - Red Karawana","isPartOf":{"@id":"https:\/\/redkarawana.com\/#website"},"primaryImageOfPage":{"@id":"https:\/\/redkarawana.com\/pl\/podroz\/regiony-i-bratyslawa-slowacja\/#primaryimage"},"image":{"@id":"https:\/\/redkarawana.com\/pl\/podroz\/regiony-i-bratyslawa-slowacja\/#primaryimage"},"thumbnailUrl":"https:\/\/redkarawana.com\/wp-content\/uploads\/2024\/05\/1-SP-Slovakia-Beckov-Castle.jpg","datePublished":"2025-12-02T16:40:11+00:00","dateModified":"2025-12-04T18:09:54+00:00","description":"S\u0142owacja, kraj w Europie Wschodniej, jest obdarzony niezwyk\u0142\u0105 przyrod\u0105, historyczn\u0105 architektur\u0105 i fascynuj\u0105cym s\u0142owackim folklorem.","breadcrumb":{"@id":"https:\/\/redkarawana.com\/pl\/podroz\/regiony-i-bratyslawa-slowacja\/#breadcrumb"},"inLanguage":"pl-PL","potentialAction":[{"@type":"ReadAction","target":["https:\/\/redkarawana.com\/pl\/podroz\/regiony-i-bratyslawa-slowacja\/"]}]},{"@type":"ImageObject","inLanguage":"pl-PL","@id":"https:\/\/redkarawana.com\/pl\/podroz\/regiony-i-bratyslawa-slowacja\/#primaryimage","url":"https:\/\/redkarawana.com\/wp-content\/uploads\/2024\/05\/1-SP-Slovakia-Beckov-Castle.jpg","contentUrl":"https:\/\/redkarawana.com\/wp-content\/uploads\/2024\/05\/1-SP-Slovakia-Beckov-Castle.jpg","width":680,"height":453,"caption":"S\u0142owacja, Zamek Beckov"},{"@type":"BreadcrumbList","@id":"https:\/\/redkarawana.com\/pl\/podroz\/regiony-i-bratyslawa-slowacja\/#breadcrumb","itemListElement":[{"@type":"ListItem","position":1,"name":"Home","item":"https:\/\/redkarawana.com\/pl\/"},{"@type":"ListItem","position":2,"name":"Regiony i Bratys\u0142awa, S\u0142owacja; \u015aredniowieczne Zamki i Pi\u0119kne Tatry"}]},{"@type":"WebSite","@id":"https:\/\/redkarawana.com\/#website","url":"https:\/\/redkarawana.com\/","name":"Red Karawana","description":"","publisher":{"@id":"https:\/\/redkarawana.com\/#organization"},"potentialAction":[{"@type":"SearchAction","target":{"@type":"EntryPoint","urlTemplate":"https:\/\/redkarawana.com\/?s={search_term_string}"},"query-input":{"@type":"PropertyValueSpecification","valueRequired":true,"valueName":"search_term_string"}}],"inLanguage":"pl-PL"},{"@type":"Organization","@id":"https:\/\/redkarawana.com\/#organization","name":"Red Karawana","url":"https:\/\/redkarawana.com\/","logo":{"@type":"ImageObject","inLanguage":"pl-PL","@id":"https:\/\/redkarawana.com\/#\/schema\/logo\/image\/","url":"https:\/\/redkarawana.com\/wp-content\/uploads\/2025\/05\/cropped-Screenshot-2025-05-29-at-09.27.38.png","contentUrl":"https:\/\/redkarawana.com\/wp-content\/uploads\/2025\/05\/cropped-Screenshot-2025-05-29-at-09.27.38.png","width":512,"height":512,"caption":"Red Karawana"},"image":{"@id":"https:\/\/redkarawana.com\/#\/schema\/logo\/image\/"},"sameAs":["https:\/\/www.facebook.com\/redkarawana\/","https:\/\/www.instagram.com\/redkarawana\/","https:\/\/www.youtube.com\/channel\/UCU9jXzSmyKm4ZZv38FEXGKg","https:\/\/www.pinterest.com\/redkarawana\/"]}]}},"_links":{"self":[{"href":"https:\/\/redkarawana.com\/pl\/wp-json\/wp\/v2\/journeys\/6641","targetHints":{"allow":["GET"]}}],"collection":[{"href":"https:\/\/redkarawana.com\/pl\/wp-json\/wp\/v2\/journeys"}],"about":[{"href":"https:\/\/redkarawana.com\/pl\/wp-json\/wp\/v2\/types\/journeys"}],"wp:featuredmedia":[{"embeddable":true,"href":"https:\/\/redkarawana.com\/pl\/wp-json\/wp\/v2\/media\/6585"}],"wp:attachment":[{"href":"https:\/\/redkarawana.com\/pl\/wp-json\/wp\/v2\/media?parent=6641"}],"wp:term":[{"taxonomy":"journeyscat","embeddable":true,"href":"https:\/\/redkarawana.com\/pl\/wp-json\/wp\/v2\/journeyscat?post=6641"}],"curies":[{"name":"wp","href":"https:\/\/api.w.org\/{rel}","templated":true}]}}