{"id":7217,"date":"2025-12-02T18:10:54","date_gmt":"2025-12-02T18:10:54","guid":{"rendered":"https:\/\/redkarawana.com\/?post_type=journeys&#038;p=7217"},"modified":"2025-12-04T13:37:53","modified_gmt":"2025-12-04T13:37:53","slug":"alpy-i-regiony-szwajcaria","status":"publish","type":"journeys","link":"https:\/\/redkarawana.com\/pl\/podroz\/alpy-i-regiony-szwajcaria\/","title":{"rendered":"Alpy i Regiony, Szwajcaria; Pi\u0119kne G\u00f3ry i Miasta nad Jeziorami"},"content":{"rendered":"\n<p>Szwajcaria, kraj w sercu Europy, szczyci si\u0119 zapieraj\u0105cymi dech w piersiach krajobrazami alpejskich pastwisk, kr\u0119tych rzek, pi\u0119knych dolin i dramatycznych szczyt\u00f3w Alp Szwajcarskich. Wielonarodowy charakter Szwajcarii jest g\u0142\u0119boko zakorzeniony w jej kulturze, architekturze i kuchni. Krajobraz kulturowy obejmuje historyczne stare miasta, \u015bredniowieczne zamki, alpejskie wioski, tarasy winnic Lavaux i legendarne szlaki turystyczne na du\u017cych wysoko\u015bciach. Szwajcarska r\u00f3\u017cnorodno\u015b\u0107 kulturowa wyra\u017ca si\u0119 poprzez unikalny alpejski folklor, tradycyjne drewniane chaty i zr\u00f3\u017cnicowan\u0105 gastronomi\u0119. Nasz plan podr\u00f3\u017cy po Alpach i regionach Szwajcarii odkrywa s\u0142ynne klejnoty kultury, zapieraj\u0105ce dech w piersiach cuda natury i znane miejsca kulinarne.    <\/p>\n\n<h2 class=\"wp-block-heading\">Plan Podr\u00f3\u017cy<\/h2>\n\n<div class=\"wp-block-columns is-layout-flex wp-container-core-columns-is-layout-9d6595d7 wp-block-columns-is-layout-flex\">\n<div class=\"wp-block-column is-layout-flow wp-block-column-is-layout-flow\">\n<figure class=\"wp-block-image size-full\"><img loading=\"lazy\" decoding=\"async\" width=\"1080\" height=\"720\" src=\"https:\/\/redkarawana.com\/wp-content\/uploads\/2024\/05\/1a-Switzerland-Lucerne.jpg\" alt=\"Szwajcaria, Lucerna\" class=\"wp-image-7166\" srcset=\"https:\/\/redkarawana.com\/wp-content\/uploads\/2024\/05\/1a-Switzerland-Lucerne.jpg 1080w, https:\/\/redkarawana.com\/wp-content\/uploads\/2024\/05\/1a-Switzerland-Lucerne-300x200.jpg 300w, https:\/\/redkarawana.com\/wp-content\/uploads\/2024\/05\/1a-Switzerland-Lucerne-1024x683.jpg 1024w, https:\/\/redkarawana.com\/wp-content\/uploads\/2024\/05\/1a-Switzerland-Lucerne-768x512.jpg 768w, https:\/\/redkarawana.com\/wp-content\/uploads\/2024\/05\/1a-Switzerland-Lucerne-360x240.jpg 360w, https:\/\/redkarawana.com\/wp-content\/uploads\/2024\/05\/1a-Switzerland-Lucerne-600x400.jpg 600w\" sizes=\"auto, (max-width: 1080px) 100vw, 1080px\" \/><figcaption class=\"wp-element-caption\">Szwajcaria, Lucerna<\/figcaption><\/figure>\n<\/div>\n\n\n\n<div class=\"wp-block-column is-layout-flow wp-block-column-is-layout-flow\">\n<figure class=\"wp-block-image size-full\"><img loading=\"lazy\" decoding=\"async\" width=\"1080\" height=\"720\" src=\"https:\/\/redkarawana.com\/wp-content\/uploads\/2024\/05\/1b-Switzerland-Thun-Castle.jpg\" alt=\"Szwajcaria, Zamek Thun\" class=\"wp-image-7170\" srcset=\"https:\/\/redkarawana.com\/wp-content\/uploads\/2024\/05\/1b-Switzerland-Thun-Castle.jpg 1080w, https:\/\/redkarawana.com\/wp-content\/uploads\/2024\/05\/1b-Switzerland-Thun-Castle-300x200.jpg 300w, https:\/\/redkarawana.com\/wp-content\/uploads\/2024\/05\/1b-Switzerland-Thun-Castle-1024x683.jpg 1024w, https:\/\/redkarawana.com\/wp-content\/uploads\/2024\/05\/1b-Switzerland-Thun-Castle-768x512.jpg 768w, https:\/\/redkarawana.com\/wp-content\/uploads\/2024\/05\/1b-Switzerland-Thun-Castle-360x240.jpg 360w, https:\/\/redkarawana.com\/wp-content\/uploads\/2024\/05\/1b-Switzerland-Thun-Castle-600x400.jpg 600w\" sizes=\"auto, (max-width: 1080px) 100vw, 1080px\" \/><figcaption class=\"wp-element-caption\">Szwajcaria, Zamek Thun<\/figcaption><\/figure>\n<\/div>\n<\/div>\n\n<h3 class=\"wp-block-heading\">Dzie\u0144 1 &#8211; Przyjazd Genewa, Szwajcaria; Przejazd do Lozanny w Szwajcarii<\/h3>\n\n<p>Istniej\u0105 bezpo\u015brednie loty do\/z Gen\u00e8ve w Szwajcarii z g\u0142\u00f3wnych europejskich w\u0119z\u0142\u00f3w lotniczych, w tym z Frankfurtu, Pary\u017ca, Londynu i Amsterdamu. Po przybyciu na lotnisko w Genewie udajemy si\u0119 na poziom podziemny, gdzie znajduje si\u0119 stacja kolejowa lotniska w Genewie. Pojedziemy 50-minutowym bezpo\u015brednim poci\u0105giem do Gare de Lausanne (dworzec kolejowy w Lozannie), a nast\u0119pnie 5-minutow\u0105 taks\u00f3wk\u0105 do naszego hotelu.  <\/p>\n\n<h3 class=\"wp-block-heading\">Dzie\u0144 2 &#8211; Lucerna, Berno, Thun <\/h3>\n\n<p>Rano przyje\u017cd\u017camy na Gare de Lausanne (dworzec kolejowy w Lozannie), znajduj\u0105cy si\u0119 w odleg\u0142o\u015bci 5 minut jazdy taks\u00f3wk\u0105 lub 20 minut spacerem od naszego hotelu. Z Gare de Lausanne jedziemy 2,5-godzinnym bezpo\u015brednim poci\u0105giem (IR) do Bahnhof Luzern (dworzec kolejowy w Lucernie). Kilkuminutowy spacer z dworca kolejowego w Lucernie prowadzi do drewnianego mostu Chapel Bridge nad rzek\u0105 Reuss i do Starego Miasta. Pod\u0105\u017camy brukowanymi uliczkami, aby odwiedzi\u0107 plac Weinmarkt, Rathaus (Ratusz) i Peterskapelle (Kaplica \u015awi\u0119tego Piotra) na placu Kapellplatz. Zjemy szybki lunch w restauracji nad rzek\u0105, a nast\u0119pnie przejdziemy na dworzec kolejowy w Lucernie, aby wsi\u0105\u015b\u0107 w 1-godzinny bezpo\u015bredni poci\u0105g (IR) do Hauptbahnhof Bern (dworzec kolejowy w Bernie).     <\/p>\n\n<p>Berne\u0144skie Stare Miasto znajduje si\u0119 oko\u0142o 15 minut spacerem od dworca kolejowego w Bernie. Odwiedzamy plac B\u00e4renplatz i Bundenshaus (budynek parlamentu). Brukowane uliczki prowadz\u0105 nas do Marktgasse, Berner M\u00fcnster i XV-wiecznego Rathaus. \u015acie\u017cka wzd\u0142u\u017c rzeki Aare wychodzi na stare domy miasta i park B\u00e4renpark. Nast\u0119pnie wracamy na dworzec kolejowy w Bernie i jedziemy 30-minutowym bezpo\u015brednim poci\u0105giem (S1) do Thun, historycznego miasta po\u0142o\u017conego wzd\u0142u\u017c rzeki Aare. Spacerujemy 15 minut do XVI-wiecznego ratusza i pobliskiego XII-wiecznego zamku Thun. Po lekkiej kolacji wracamy na dworzec kolejowy w Thun i jedziemy 30-minutowym bezpo\u015brednim poci\u0105giem (IC) do Berna, a nast\u0119pnie 1 godzin\u0119 i 20 minut bezpo\u015brednim poci\u0105giem (IC) do Lozanny.      <\/p>\n\n<h3 class=\"wp-block-heading\">Dzie\u0144 3 &#8211; St. Gallen, Zurych<\/h3>\n\n<p>Wcze\u015bnie rano jedziemy 5 minut taks\u00f3wk\u0105 do Gare de Lausanne (dworzec kolejowy w Lozannie), a nast\u0119pnie 3 godziny i 40 minut bezpo\u015brednim poci\u0105giem (IC) do Bahnhof St. Gallen (dworzec kolejowy w St. Gallen). St. Gallen, wpisane na List\u0119 \u015awiatowego Dziedzictwa UNESCO, znajduje si\u0119 w odleg\u0142o\u015bci 10 minut spacerem od dworca kolejowego St. Gallen. Zwiedzamy plac Marktplatz, katedr\u0119 i klasztor St. Gallen oraz bibliotek\u0119 opactwa St. Gall. Spacerujemy w kierunku Kirche St. Laurenzen (Ko\u015bci\u00f3\u0142 \u015bw. Wawrzy\u0144ca), aby zobaczy\u0107 jego oryginalne wn\u0119trza ozdobione freskami. Po szybkim lunchu wracamy na dworzec kolejowy St. Gallen i jedziemy oko\u0142o 1 godziny bezpo\u015brednim poci\u0105giem (IC) do Hauptbahnhof Shopville Z\u00fcrich (dworzec kolejowy w Zurychu).     <\/p>\n\n<p>Alshtad, Stare Miasto w Zurychu, znajduje si\u0119 w odleg\u0142o\u015bci 15 minut spacerem od dworca kolejowego w Zurychu. Pod\u0105\u017camy brukowan\u0105 ulic\u0105 Niederdorfstrasse i promenad\u0105 wzd\u0142u\u017c rzeki Limmat. Zwiedzamy zabytkowe ko\u015bcio\u0142y miasta, w tym Grossm\u00fcnster, Fraum\u00fcnster i St. Peters Kirche. Podziwiamy XV-wieczny Rathaus (ratusz), podziwiamy panoram\u0119 miasta na szczycie wzg\u00f3rza Lindenhof i jemy kolacj\u0119 w restauracji nad rzek\u0105. Wczesnym wieczorem wracamy pieszo na dworzec kolejowy w Zurychu i jedziemy 2 godziny i 20 minut bezpo\u015brednim poci\u0105giem (IC) do Lozanny.    <\/p>\n\n<h3 class=\"wp-block-heading\">Dzie\u0144 4 &#8211; Lozanna, Ch\u00e2teau de Chillon, Saint-Saphorin <\/h3>\n\n<p>Nasz poranek rozpoczyna si\u0119 w po\u0142o\u017conej nad jeziorem dzielnicy Ouchy. Spacerujemy kilka minut od naszego hotelu do portu Ouchy. Promenada wok\u00f3\u0142 Jeziora Genewskiego oferuje panoramiczne widoki i wychodzi na XII-wieczny zamek Ouchy. Po spacerze jedziemy 10 minut taks\u00f3wk\u0105 na Stare Miasto w Lozannie i odwiedzamy Place del la Palud oraz XVII-wieczny H\u00f4tel de Ville (ratusz). Spacerujemy w g\u00f3r\u0119 wzg\u00f3rza do katedry Notre-Dame de Lausanne i pobliskiego zamku Saint-Maire, siedziby rz\u0105du kantonu Vaud. W\u0105skie uliczki prowadz\u0105 nas do XIX-wiecznego Palais de Rumine, L\u2019\u00c9glise St Laurent i spokojnego parku Esplanade de Montbenon.      <\/p>\n\n<p>Delektujemy si\u0119 kanapkami na lunch i idziemy oko\u0142o 10 minut do Gare de Lausanne (dworzec kolejowy w Lozannie). Jedziemy oko\u0142o 35 minut bezpo\u015brednim poci\u0105giem (S5) do Gare de Veytaux-Chillon (dworzec kolejowy Veytaux-Chillon). Spacerujemy 5 minut wzd\u0142u\u017c Jeziora Genewskiego, aby odwiedzi\u0107 pobliski Ch\u00e2teau de Chillon, XI-wieczny \u015bredniowieczny zamek i fortec\u0119. Nast\u0119pnie wracamy na Gare de Veytaux-Chillon (dworzec kolejowy Veytaux-Chillon) i jedziemy 20 minut bezpo\u015brednim poci\u0105giem (S5) do wioski Saint-Saphorin. Zwiedzamy kamienne domy w wiosce, tarasy winnic nad jeziorem i jemy kolacj\u0119. Wieczorem jedziemy 25 minut bezpo\u015brednim poci\u0105giem (S5) do Lozanny.     <\/p>\n\n<h3 class=\"wp-block-heading\">Dzie\u0144 5 &#8211; Alpy Szwajcarskie, Zermatt<\/h3>\n\n<p>Jedziemy 5 minut taks\u00f3wk\u0105 do Gare de Lausanne (dworzec kolejowy w Lozannie), aby wsi\u0105\u015b\u0107 do bezpo\u015bredniego poci\u0105gu (IR) trwaj\u0105cego 1 godzin\u0119 i 40 minut do Visp Bahnhof (dworzec kolejowy w Visp), a nast\u0119pnie do bezpo\u015bredniego poci\u0105gu Glacier Express trwaj\u0105cego 1 godzin\u0119 i 10 minut do Zermatt Bahnhof (dworzec kolejowy w Zermatt). Uwaga: Matterhorn Gotthard Bahn to przewo\u017anik kolejowy \u0142\u0105cz\u0105cy miasta regionalne z alpejskim miastem Zermatt. Po przyje\u017adzie udajemy si\u0119 pieszo z dworca kolejowego Zermatt na Bahnhofstrasse w kierunku historycznej dzielnicy Hinterdorf ze starymi drewnianymi domkami wzd\u0142u\u017c Hinterdorfstrasse.   <\/p>\n\n<p>Ze stacji Zermatt przy Schluhmattstrasse jedziemy kolejk\u0105 linow\u0105 Matterhorn Express przez stacj\u0119 Furi do stacji Zermatt Schwarzsee, podziwiaj\u0105c panoramiczne widoki na g\u00f3ry. Kolejka linowa z Zermatt Schwarzsee zabierze nas do stacji szczytowej Klein Matterhorn (znanej r\u00f3wnie\u017c jako Matterhorn Glacier Paradise). Szczyt jest idealnym miejscem na relaks, degustacj\u0119 regionalnej kuchni i podziwianie pi\u0119knych Alp. Po wizycie zje\u017cd\u017camy kolejk\u0105 linow\u0105 z powrotem do Zermatt i jedziemy 3-godzinnym poci\u0105giem przez Visp do Lozanny.   <\/p>\n\n<h3 class=\"wp-block-heading\">Dzie\u0144 6 &#8211; Wioska Gruy\u00e8res, Montreux<\/h3>\n\n<p>Wcze\u015bnie rano przyje\u017cd\u017camy na Gare de Lausanne (dworzec kolejowy w Lozannie) i wsiadamy do poci\u0105gu z dwoma po\u0142\u0105czeniami do miejscowo\u015bci Gruy\u00e8res. Nasza trasa obejmuje 20-minutowy poci\u0105g (IR) do Montreux, 50-minutowy poci\u0105g do Montbovon i 20-minutowy poci\u0105g do Gruy\u00e8res. Z Gare de Gruy\u00e8res (stacja kolejowa Gruy\u00e8res) idziemy 15 minut do centrum wioski. Zwiedzamy zamek Gruy\u00e8res i jego \u015bredniowieczne mury obronne z widokiem na dolin\u0119 Saane. Restauracja Le Chalet de Gruy\u00e8res to drewniany domek w szwajcarskim stylu, kt\u00f3ry serwuje tradycyjne dania kuchni regionalnej.     <\/p>\n\n<p>Po po\u0142udniu udamy si\u0119 na stacj\u0119 kolejow\u0105 Gruy\u00e8res, sk\u0105d w ci\u0105gu 1 godziny i 15 minut dojedziemy poci\u0105giem z 1 po\u0142\u0105czeniem do Montreux (Gruyeres \u2013 Montbovon \u2013 Montreux). Kurort Montreux ma urocze Stare Miasto i promenad\u0119 nad jeziorem. Poznajemy architektur\u0119 miasta, krajobrazy nad jeziorem i degustujemy regionalne owoce morza. Wieczorem jedziemy 30 minut bezpo\u015brednim poci\u0105giem (IR) do Lozanny.   <\/p>\n\n<h3 class=\"wp-block-heading\">Dzie\u0144 7 &#8211; Neuch\u00e2tel, Yverdon-les Bains, Genewa <\/h3>\n\n<p>Przyje\u017cd\u017camy wcze\u015bnie rano na Gare de Lausanne (dworzec kolejowy w Lozannie) i jedziemy 50 minut bezpo\u015brednim poci\u0105giem (IC) do Neuch\u00e2tel. Spacerujemy 15 minut od Gare de Neuch\u00e2tel (dworzec kolejowy Neuch\u00e2tel) do Place des Halles na Starym Mie\u015bcie w Neuch\u00e2tel. Zwiedzimy XII-wieczn\u0105 kolegiat\u0119 i wybierzemy si\u0119 na wycieczk\u0119 z przewodnikiem po zamku Neuch\u00e2tel. Zjemy wczesny lunch, a nast\u0119pnie przejdziemy na dworzec kolejowy w Neuch\u00e2tel, aby wsi\u0105\u015b\u0107 do 20-minutowego bezpo\u015bredniego poci\u0105gu (IC) do Yverdon-les-Bains. Kilkuminutowy spacer do Starego Miasta Yverdon-les-Bains ujawnia zach\u0119caj\u0105cy plac i XIII-wieczny zamek Ch\u00e2teau d \u201eYverdon.     <\/p>\n\n<p>Po wizycie jedziemy 1-godzinnym bezpo\u015brednim poci\u0105giem (IC) na dworzec kolejowy Gen\u00e8ve-Cornavin. Kilka minut taks\u00f3wk\u0105 do nabrze\u017ca Gen\u00e8ve i jego symbolu fontanny Jet d\u201d Eau. Odwiedzimy pobliski Jardin Anglais (Ogr\u00f3d Angielski), Cath\u00e9drale Saint-Pierre, Place du Bourg-de-Four i wysadzane drzewami \u015bcie\u017cki Parc de Bastions. Zjemy kolacj\u0119, a nast\u0119pnie we\u017amiemy taks\u00f3wk\u0119 na dworzec kolejowy Gen\u00e8ve-Cornavin i wsi\u0105dziemy w 45-minutowy bezpo\u015bredni poci\u0105g (IR) do Lozanny.   <\/p>\n\n<h3 class=\"wp-block-heading\">Dzie\u0144 8 &#8211; Lozanna, Szwajcaria Wyjazd; Przejazd do Genewy w Szwajcarii<\/h3>\n\n<p>Delektujemy si\u0119 \u015bniadaniem i widokiem na Jezioro Genewskie. W po\u0142udnie jedziemy 5 minut taks\u00f3wk\u0105 do Gare de Lausanne (dworzec kolejowy w Lozannie). Pojedziemy 50-minutowym bezpo\u015brednim poci\u0105giem (IR) na lotnisko w Genewie i odbierzemy nasz mi\u0119dzynarodowy lot do domu.  <\/p>\n\n<h2 class=\"wp-block-heading\">Specjalne Miejsca<\/h2>\n\n<div class=\"wp-block-columns is-layout-flex wp-container-core-columns-is-layout-9d6595d7 wp-block-columns-is-layout-flex\">\n<div class=\"wp-block-column is-layout-flow wp-block-column-is-layout-flow\">\n<figure class=\"wp-block-image size-full\"><img loading=\"lazy\" decoding=\"async\" width=\"1080\" height=\"720\" src=\"https:\/\/redkarawana.com\/wp-content\/uploads\/2024\/05\/2a-Switzerland-Zermatt-Alps.jpg\" alt=\"Szwajcaria, Zermatt i Alpy\" class=\"wp-image-7174\" srcset=\"https:\/\/redkarawana.com\/wp-content\/uploads\/2024\/05\/2a-Switzerland-Zermatt-Alps.jpg 1080w, https:\/\/redkarawana.com\/wp-content\/uploads\/2024\/05\/2a-Switzerland-Zermatt-Alps-300x200.jpg 300w, https:\/\/redkarawana.com\/wp-content\/uploads\/2024\/05\/2a-Switzerland-Zermatt-Alps-1024x683.jpg 1024w, https:\/\/redkarawana.com\/wp-content\/uploads\/2024\/05\/2a-Switzerland-Zermatt-Alps-768x512.jpg 768w, https:\/\/redkarawana.com\/wp-content\/uploads\/2024\/05\/2a-Switzerland-Zermatt-Alps-360x240.jpg 360w, https:\/\/redkarawana.com\/wp-content\/uploads\/2024\/05\/2a-Switzerland-Zermatt-Alps-600x400.jpg 600w\" sizes=\"auto, (max-width: 1080px) 100vw, 1080px\" \/><figcaption class=\"wp-element-caption\">Szwajcaria, Zermatt i Alpy<\/figcaption><\/figure>\n<\/div>\n\n\n\n<div class=\"wp-block-column is-layout-flow wp-block-column-is-layout-flow\">\n<figure class=\"wp-block-image size-full\"><img loading=\"lazy\" decoding=\"async\" width=\"1080\" height=\"720\" src=\"https:\/\/redkarawana.com\/wp-content\/uploads\/2024\/05\/2b-Switzerland-Castle-of-Gruyeres.jpg\" alt=\"Szwajcaria, Zamek Gruy&#xE8;res\" class=\"wp-image-7178\" srcset=\"https:\/\/redkarawana.com\/wp-content\/uploads\/2024\/05\/2b-Switzerland-Castle-of-Gruyeres.jpg 1080w, https:\/\/redkarawana.com\/wp-content\/uploads\/2024\/05\/2b-Switzerland-Castle-of-Gruyeres-300x200.jpg 300w, https:\/\/redkarawana.com\/wp-content\/uploads\/2024\/05\/2b-Switzerland-Castle-of-Gruyeres-1024x683.jpg 1024w, https:\/\/redkarawana.com\/wp-content\/uploads\/2024\/05\/2b-Switzerland-Castle-of-Gruyeres-768x512.jpg 768w, https:\/\/redkarawana.com\/wp-content\/uploads\/2024\/05\/2b-Switzerland-Castle-of-Gruyeres-360x240.jpg 360w, https:\/\/redkarawana.com\/wp-content\/uploads\/2024\/05\/2b-Switzerland-Castle-of-Gruyeres-600x400.jpg 600w\" sizes=\"auto, (max-width: 1080px) 100vw, 1080px\" \/><figcaption class=\"wp-element-caption\">Szwajcaria, Zamek Gruy\u00e8res<\/figcaption><\/figure>\n<\/div>\n<\/div>\n\n<h3 class=\"wp-block-heading\">Szwajcaria<\/h3>\n\n<p>Szwajcaria, kraj w sercu Europy, graniczy z Francj\u0105 na zachodzie, Niemcami na p\u00f3\u0142nocy, Austri\u0105 i Liechtensteinem na wschodzie oraz W\u0142ochami na po\u0142udniu. Zr\u00f3\u017cnicowana topografia Szwajcarii obejmuje Alpy Szwajcarskie w po\u0142udniowo-\u015brodkowej cz\u0119\u015bci, P\u0142askowy\u017c Centralny i g\u00f3ry Jura na zachodzie kraju. Szwajcaria jest pa\u0144stwem federalnym podzielonym na 26 wielokulturowych kanton\u00f3w. Wiele j\u0119zyk\u00f3w i liczne dialekty s\u0105 u\u017cywane w r\u00f3\u017cnych regionach. J\u0119zyk niemiecki jest u\u017cywany we wschodniej, p\u00f3\u0142nocnej i \u015brodkowej cz\u0119\u015bci Szwajcarii. J\u0119zyk francuski jest u\u017cywany w zachodniej cz\u0119\u015bci, a j\u0119zyk w\u0142oski jest u\u017cywany w po\u0142udniowej cz\u0119\u015bci Szwajcarii. Wielonarodowy charakter Szwajcarii jest g\u0142\u0119boko zakorzeniony w jej kulturze, architekturze i kuchni.       <\/p>\n\n<p>Krajobraz kulturowy kraju obejmuje historyczne stare miasta, \u015bredniowieczne zamki, alpejskie wioski, tarasy winnic Lavaux i legendarn\u0105 Via Alpina, d\u0142ugodystansowe szlaki turystyczne na du\u017cych wysoko\u015bciach. Wysokie szczyty Alp s\u0105 magnesem dla narciarzy, mi\u0142o\u015bnik\u00f3w trekkingu i przyrody. Szwajcarska sie\u0107 kolejowa to doskona\u0142y system transportu i niezwykle skuteczny spos\u00f3b na zwiedzanie kraju. Odwiedzaj\u0105cy Szwajcari\u0119 powinni zakupi\u0107 Swiss Pass, najlepszy spos\u00f3b na nieograniczone podr\u00f3\u017ce i bezp\u0142atne lub zni\u017ckowe bilety do muze\u00f3w. Kolej szwajcarska (sbb.ch\/en\/home.html) usprawnia plany podr\u00f3\u017cy i oferuje niezapomniane krajobrazy szwajcarskich Alp i wsi.     <\/p>\n\n<p>Szwajcarska r\u00f3\u017cnorodno\u015b\u0107 kulturowa wyra\u017ca si\u0119 poprzez unikalny alpejski folklor i tradycyjne drewniane domki po\u0142o\u017cone na alpejskich \u0142\u0105kach. Kulinarny krajobraz Szwajcarii odzwierciedla jej regionaln\u0105 r\u00f3\u017cnorodno\u015b\u0107 i kuchnie okolicznych kraj\u00f3w. Szwajcarska gastronomia s\u0142ynie z wyra\u017anych regionalnych specja\u0142\u00f3w, \u015bwiatowej klasy ser\u00f3w i produkt\u00f3w mlecznych oraz wysokiej jako\u015bci czekolady. Nasz plan podr\u00f3\u017cy po Alpach i regionach Szwajcarii odkrywa s\u0142ynne regiony kulturowe, zapieraj\u0105ce dech w piersiach cuda natury i znane miejsca kulinarne.   <\/p>\n\n<h3 class=\"wp-block-heading\">Lucerna, Berno, Thun<\/h3>\n\n<p>Kanton Lucerna, po\u0142o\u017cony w samym sercu Szwajcarii, to wyj\u0105tkowo pi\u0119kny region. Lucerna, stolica regionu, szczyci si\u0119 panoramicznymi widokami na g\u00f3ry, malowniczym Jeziorem Czterech Kanton\u00f3w i staro\u017cytnym drewnianym mostem przecinaj\u0105cym rzek\u0119 Reuss. Most Kapliczny na rzece Reuss to XIV-wieczny \u015bredniowieczny symbol Starego Miasta w Lucernie. Labirynt brukowanych uliczek na Starym Mie\u015bcie prowadzi do placu Weinmarkt, wy\u0142o\u017conego domami pomalowanymi pi\u0119knymi freskami. W samym sercu Starego Miasta znajduje si\u0119 Rathaus (Ratusz), pi\u0119kny symbol w\u0142oskiego stylu renesansowego. Na placu Kapellplatz znajduje si\u0119 XVIII-wieczna Peterskapelle (kaplica \u015bw. Piotra) z dzie\u0142ami sztuki na zewn\u0119trznej \u015bcianie i widokiem na rzek\u0119 Reuss. O\u017cywione rozmowy odbywaj\u0105 si\u0119 na tarasach restauracji po\u0142o\u017conych wzd\u0142u\u017c rzeki. Opuszczamy Lucern\u0119 i udajemy si\u0119 do regionu Bern-Mittelland po\u0142o\u017conego w kantonie Berno. Region ten szczyci si\u0119 majestatycznymi Alpami, pi\u0119knymi krajobrazami i stolic\u0105 Szwajcarii Bernem.         <\/p>\n\n<p>Berne\u0144skie Altstadt (Stare Miasto) jest wpisane na List\u0119 \u015awiatowego Dziedzictwa UNESCO i obejmuje imponuj\u0105c\u0105 architektur\u0119 oraz sze\u015b\u0107 kilometr\u00f3w \u015bredniowiecznych zadaszonych arkad. Spacer na plac B\u00e4renplatz ujawnia imponuj\u0105cy Bundenshaus (budynek parlamentu) i o\u017cywione \u017cycie miasta wype\u0142nione restauracjami i kawiarniami. Bundenshaus, siedziba szwajcarskiego rz\u0105du, prezentuje turkusow\u0105 kopu\u0142\u0119 i komnaty ozdobione freskami. Wycieczka z przewodnikiem po Bundenshaus edukuje odwiedzaj\u0105cych o historii Berna, szwajcarskiego miasta federalnego.    <\/p>\n\n<p>Spacer brukowanymi uliczkami Marktgasse pokazuje \u015bredniowieczny punkt orientacyjny Berna \u2013 Zytglogge (Wie\u017c\u0119 Zegarow\u0105). Labirynt uliczek prowadzi do majestatycznego Berner M\u00fcnster, berne\u0144skiej katedry \u015bw. Wincentego, arcydzie\u0142a architektury gotyckiej. Rathaus, berne\u0144ski ratusz, pochodzi z XV wieku i jest politycznym centrum kantonu i miasta Berno. Upi\u0119kszeniem Starego Miasta w Bernie jest rzeka Aare, oferuj\u0105ca panoramiczne widoki na pokryte czerwon\u0105 dach\u00f3wk\u0105 dachy starych dom\u00f3w i B\u00e4renpark, rezerwat przyrody dla nied\u017awiedzi po\u0142o\u017cony wzd\u0142u\u017c brzeg\u00f3w rzeki. Region Berne\u0144skiego Oberlandu w kantonie Berno charakteryzuje si\u0119 g\u00f3rzyst\u0105 topografi\u0105, spokojnymi wioskami i malowniczymi miasteczkami.     <\/p>\n\n<p>Idylliczne miasteczko Thun po\u0142o\u017cone jest wzd\u0142u\u017c rzeki Aare, kt\u00f3ra wpada do pi\u0119knego jeziora Thun. Drewniany most ozdobiony kwiatami doniczkowymi przecina rzek\u0119 i wychodzi na \u0142adne domy nad rzek\u0105. Plac Ratuszowy to historyczne centrum Thun i miejsce, w kt\u00f3rym znajduje si\u0119 XVI-wieczny ratusz. XII-wieczny zamek Thun s\u0142u\u017cy jako muzeum i jest wpisany na list\u0119 d\u00f3br kultury o znaczeniu krajowym i regionalnym w Szwajcarii. Zamek w Thun to imponuj\u0105ca budowla z bia\u0142ymi elementami zewn\u0119trznymi, czterema naro\u017cnymi wie\u017cyczkami i wspania\u0142ymi czerwonymi dachami. \u015arodkowa Szwajcaria to fascynuj\u0105ce po\u0142\u0105czenie pi\u0119knej przyrody i dziedzictwa historycznego.     <\/p>\n\n<h3 class=\"wp-block-heading\">St. Gallen, Zurych<\/h3>\n\n<p>Po\u0142o\u017cony w p\u00f3\u0142nocno-wschodniej Szwajcarii kanton St. Gallen charakteryzuje si\u0119 alpejskimi pastwiskami, \u0142\u0105kami, winnicami i historycznym miastem St. Gallen. St. Gallen, wpisane na list\u0119 \u015bwiatowego dziedzictwa UNESCO, szczyci si\u0119 wspania\u0142ymi domami z muru pruskiego, zach\u0119caj\u0105cym placem Marktplatz oraz historyczn\u0105 katedr\u0105 i klasztorem St. Gallen, za\u0142o\u017conymi przez irlandzkiego mnicha Gallusa. Stiftsbibliothek (Biblioteka Opactwa St. Gall), XVI-wieczna rokokowa biblioteka, posiada wysublimowane freski sufitowe oraz kolekcj\u0119 staro\u017cytnych rzadkich ksi\u0105\u017cek i r\u0119kopis\u00f3w. Spacer po historycznym mie\u015bcie prowadzi do Kirche St. Laurenzen (Ko\u015bci\u00f3\u0142 \u015bw. Wawrzy\u0144ca), protestanckiego ko\u015bcio\u0142a z pi\u0119knym wielokolorowym dachem pokrytym dach\u00f3wk\u0105 i oryginalnymi wn\u0119trzami z malowanymi freskami. St. Gallen to spokojne i wyj\u0105tkowo pi\u0119kne miasto.     <\/p>\n\n<p>W p\u00f3\u0142nocno-\u015brodkowej cz\u0119\u015bci Szwajcarii, kanton Zurych obejmuje malownicze Jezioro Zuryskie, doliny rzeczne i t\u0119tni\u0105ce \u017cyciem miasto Zurych. \u015aredniowieczne Stare Miasto w Zurychu mo\u017cna podziwia\u0107 wzd\u0142u\u017c brzeg\u00f3w rzeki Limmat. Grossm\u00fcnster, ewangelicki ko\u015bci\u00f3\u0142 protestancki, jest wizyt\u00f3wk\u0105 miasta z charakterystycznymi bli\u017aniaczymi wie\u017cami zbudowanymi w stylu neogotyckim. Fraum\u00fcnster, z kt\u00f3rego roztacza si\u0119 widok na plac M\u00fcnsterhof, to b\u0142\u0119kitny ko\u015bci\u00f3\u0142 z pi\u0119knymi witra\u017cami zaprojektowanymi przez s\u0142ynnego malarza Marca Chagalla. Ko\u015bci\u00f3\u0142 \u015bw. Piotra (St. Peter Kirche) ma du\u017cy zegar i wspania\u0142e wn\u0119trza zaprojektowane w stylu barokowym i roma\u0144skim.     <\/p>\n\n<p>Spacer po Starym Mie\u015bcie w Zurychu ujawnia XV-wieczny Rathaus (Ratusz) i urocz\u0105 brukowan\u0105 ulic\u0119 Niederdorfstrasse wy\u0142o\u017con\u0105 butikami. Wzd\u0142u\u017c rzeki Limmat znajduj\u0105 si\u0119 t\u0119tni\u0105ce \u017cyciem restauracje. Spacer na wzg\u00f3rze Lindenhof, historyczny plac po\u0142o\u017cony nad rzek\u0105 Limmat, oferuje panoramiczne widoki na miasto. Zurych to niesamowite miasto z imponuj\u0105cym Starym Miastem i ekskluzywn\u0105 alej\u0105 handlow\u0105 Bahnhofstrasse.   <\/p>\n\n<h3 class=\"wp-block-heading\">Lozanna, Ch\u00e2teau de Chillon, Saint-Saphorin<\/h3>\n\n<p>Kanton Vaud w zachodniej Szwajcarii wychodzi na spektakularn\u0105 sceneri\u0119 Jeziora Genewskiego, g\u00f3r Jura, alpejskich szczyt\u00f3w i taras\u00f3w winnic. Lozanna, po\u0142o\u017cona nad brzegiem Jeziora Genewskiego, ma zabytkowe Stare Miasto i wspania\u0142\u0105 dzielnic\u0119 Ouchy nad jeziorem. W centrum Starego Miasta na Place del la Palud znajduje si\u0119 renesansowa fontanna (Fontaine de la Justice), zabytkowe budynki z kolorowymi okiennicami i XVII-wieczny H\u00f4tel de Ville (ratusz). \u015acie\u017cka prowadz\u0105ca w g\u00f3r\u0119 wzg\u00f3rza prowadzi do wspania\u0142ej katedry Notre-Dame de Lausanne, gotyckiej katedry z XII i XIII wieku. Pobliski Ch\u00e2teau Saint-Maire to XV-wieczny zamek i siedziba rz\u0105du kantonu Vaud.     <\/p>\n\n<p>Po\u0142o\u017cony przy Place de La Riponne, XIX-wieczny Palais de Rumine prezentuje wspania\u0142\u0105 renesansow\u0105 architektur\u0119 i mie\u015bci kilka muze\u00f3w. Spacer po Lozannie przechodzi w pobli\u017cu duchowego symbolu L \u201e\u00c9gliseSt Laurent i prowadzi do spokojnego parku Esplanade de Montbenon, po\u0142o\u017conego w pobli\u017cu Casino de Montbenon i Palais de Justice de Montbenon. Trasa metra \u0142\u0105czy Stare Miasto Lozanny z portem Ouchy, uroczym nabrze\u017cem pe\u0142nym \u017cagl\u00f3wek i prywatnych jacht\u00f3w. Promenada wok\u00f3\u0142 Jeziora Genewskiego wychodzi na okaza\u0142e budynki i XII-wieczny Ch\u00e2teau d\u201d Ouchy, obecnie hotel.    <\/p>\n\n<p>40-minutowa podr\u00f3\u017c poci\u0105giem lub samochodem z Lozanny prowadzi do po\u0142o\u017conego nad jeziorem Ch\u00e2teau de Chillon, XI-wiecznego \u015bredniowiecznego zamku i twierdzy zbudowanej dla ksi\u0105\u017c\u0105t Sabaudii. W czasach Savoie region Chillon s\u0142u\u017cy\u0142 jako dochodowy szlak handlowy mi\u0119dzy Lombardi\u0105 (p\u00f3\u0142nocne W\u0142ochy) a Francj\u0105. Ch\u00e2teau de Chillon, po\u0142o\u017cony wzd\u0142u\u017c Jeziora Genewskiego, oferuje wspania\u0142e widoki. Dalsza eksploracja kantonu Vaud prowadzi do wpisanego na list\u0119 dziedzictwa UNESCO regionu Lavaux, chronionych taras\u00f3w winnic uprawianych wzd\u0142u\u017c Jeziora Genewskiego. Wioska winiarska Saint-Saphorin zachwyca zabytkowymi kamiennymi domami, ko\u015bcio\u0142em Saint-Symphorien, w\u0105skimi brukowanymi uliczkami i malowniczymi tarasami winnic.    <\/p>\n\n<h3 class=\"wp-block-heading\">Wioska Gruy\u00e8res, Montreux<\/h3>\n\n<p>W zachodniej Szwajcarii, kanton Fryburg jest obdarzony pi\u0119knymi rzekami, jeziorami, polami uprawnymi, historycznymi miastami i inspiruj\u0105cymi wioskami. Pi\u0119kna wioska Gruy\u00e8res zachwyca \u015bredniowieczn\u0105 histori\u0105, spektakularn\u0105 architektur\u0105 i tradycyjn\u0105 szwajcarsk\u0105 kuchni\u0105. Pi\u0119kna brukowana ulica biegnie przez wiosk\u0119 i prowadzi do historycznego zamku Gruy\u00e8res (Ch\u00e2teau de Gruy\u00e8res). XIII-wieczny zamek posiada centralny dziedziniec, imponuj\u0105ce komnaty i ogrody w stylu francuskim. Na szczycie \u015bredniowiecznych mur\u00f3w obronnych mo\u017cna podziwia\u0107 panoramiczne widoki na dolin\u0119 Saane, g\u00f3rzysty teren i wiosk\u0119 Gruy\u00e8res. Spacer po wiosce ujawnia zabytkowe budynki, butiki z pami\u0105tkami i urocze restauracje. Restauracja Le Chalet de Gruy\u00e8res to drewniany domek w szwajcarskim stylu, kt\u00f3ry serwuje tradycyjne dania kuchni regionalnej. Na lunch spr\u00f3bujemy pysznego fondue, przygotowanego ze s\u0142ynnego lokalnie produkowanego sera Gruy\u00e8re.        <\/p>\n\n<p>Opuszczamy wiosk\u0119 Gruy\u00e8res i udajemy si\u0119 do kantonu Vaud. Riwiera Szwajcarska s\u0142ynie z malowniczych taras\u00f3w winnic, architektury pa\u0142acowej i pi\u0119knej przyrody wzd\u0142u\u017c Jeziora Genewskiego. W t\u0119tni\u0105cym \u017cyciem kurorcie Montreux znajduje si\u0119 urocze Stare Miasto i niezwyk\u0142y hotel Montreux Palace. Promenada nad jeziorem Montreux to malownicza promenada nad brzegiem Jeziora Genewskiego. Miasto przyci\u0105ga wielu turyst\u00f3w podczas corocznego Montreux Jazz Festival. Pi\u0119kna sceneria nad jeziorem, \u015br\u00f3dziemnomorski klimat i fascynuj\u0105ca kultura przyczyniaj\u0105 si\u0119 do popularno\u015bci i uroku Montreux.     <\/p>\n\n<h3 class=\"wp-block-heading\">Neuch\u00e2tel, Yverdon-les Bains, Genewa<\/h3>\n\n<p>Kanton Neuch\u00e2tel w zachodniej Szwajcarii szczyci si\u0119 pi\u0119knymi jeziorami, g\u00f3rami, dolinami i rzekami. Po\u0142o\u017cone wzd\u0142u\u017c jeziora Neuch\u00e2tel miasto uniwersyteckie Neuch\u00e2tel szczyci si\u0119 budynkami z \u017c\u00f3\u0142tego wapienia i imponuj\u0105c\u0105 gotyck\u0105 architektur\u0105. Stare Miasto Neuch\u00e2tel ma niezwyk\u0142y Place des Halles (Rynek) z t\u0119tni\u0105cymi \u017cyciem restauracjami i kawiarniami. Spacerujemy w kierunku fontanny du Griffon, a nast\u0119pnie wspinamy si\u0119 po stromych schodach do XII-wiecznej kolegiaty i zamku Neuch\u00e2tel. Kolegiata to wspania\u0142a budowla z dwiema wie\u017cami i pi\u0119knymi wn\u0119trzami ozdobionymi witra\u017cami. Po wej\u015bciu na teren Ch\u00e2teau de Neuch\u00e2tel obserwujemy pi\u0119kny dziedziniec. Po\u0142o\u017cony na szczycie wzg\u00f3rza zamek mie\u015bci biura legislacyjne kantonu Neuch\u00e2tel. Wycieczka z przewodnikiem obejmuje zabytkowe pomieszczenia zamku, kru\u017cganki i mury obronne z widokiem na miasto i jezioro Neuch\u00e2tel.        <\/p>\n\n<p>Nasza podr\u00f3\u017c wzd\u0142u\u017c jeziora Neuch\u00e2tel prowadzi do miasta Yverdon-les-Bains, uroczego miasteczka i uzdrowiska termalnego od czas\u00f3w rzymskich. Stare Miasto ma \u0142adne aleje, zach\u0119caj\u0105cy plac i XIII-wieczny zamek Ch\u00e2teau d\u2019Yverdon. Kontynuujemy podr\u00f3\u017c na po\u0142udniowy zach\u00f3d Szwajcarii, do kantonu Genewa, kt\u00f3ry graniczy z Francj\u0105.   <\/p>\n\n<p>Genewa jest stolic\u0105 Szwajcarii i kantonu Genewa i s\u0142u\u017cy jako europejska siedziba Organizacji Narod\u00f3w Zjednoczonych. To kosmopolityczne miasto szczyci si\u0119 wieloma galeriami sztuki i muzeami. Na nabrze\u017cu La Rade w Gen\u00e8ve znajduje si\u0119 fontanna Jet d\u2019 Eau, 140-metrowy strumie\u0144 wody po\u015brodku La Rade i symbol Gen\u00e8ve. Pobliski Jardin Anglais (Ogr\u00f3d Angielski) to zach\u0119caj\u0105ca przestrze\u0144 z malowniczymi szlakami spacerowymi i imponuj\u0105cym L\u2019Horloge Fleurie (Zegar Kwiatowy) wykonanym z r\u00f3\u017cnorodnych kwiat\u00f3w kwitn\u0105cych przez ca\u0142y rok.    <\/p>\n\n<p>Spacer po Vieille Ville (Starym Mie\u015bcie) w Genewie ujawnia urokliwe uliczki, XII-wieczn\u0105 Cath\u00e9drale Saint-Pierre i plac miejski Place du Bourg-de-Four. W centrum kulturalnym Place de Neuve znajduje si\u0119 Musee Rath i Grand Theatre de Gen\u00e8ve. Spacer przez Parc de Bastions pokazuje pomnik Muru Reformacji i wysadzane drzewami \u015bcie\u017cki. Z Genewy i pobliskich miast wyruszaj\u0105 rejsy wycieczkowe, aby odkrywa\u0107 pi\u0119kne posiad\u0142o\u015bci i naturalne krajobrazy Jeziora Genewskiego.   <\/p>\n\n<h2 class=\"wp-block-heading\">Ulubione Przygody<\/h2>\n\n<div class=\"wp-block-columns is-layout-flex wp-container-core-columns-is-layout-9d6595d7 wp-block-columns-is-layout-flex\">\n<div class=\"wp-block-column is-layout-flow wp-block-column-is-layout-flow\">\n<figure class=\"wp-block-image size-full\"><img loading=\"lazy\" decoding=\"async\" width=\"1080\" height=\"720\" src=\"https:\/\/redkarawana.com\/wp-content\/uploads\/2024\/05\/3a-Switzerland-Zermatt-Alps.jpg\" alt=\"Szwajcaria, Zermatt i Alpy\" class=\"wp-image-7182\" srcset=\"https:\/\/redkarawana.com\/wp-content\/uploads\/2024\/05\/3a-Switzerland-Zermatt-Alps.jpg 1080w, https:\/\/redkarawana.com\/wp-content\/uploads\/2024\/05\/3a-Switzerland-Zermatt-Alps-300x200.jpg 300w, https:\/\/redkarawana.com\/wp-content\/uploads\/2024\/05\/3a-Switzerland-Zermatt-Alps-1024x683.jpg 1024w, https:\/\/redkarawana.com\/wp-content\/uploads\/2024\/05\/3a-Switzerland-Zermatt-Alps-768x512.jpg 768w, https:\/\/redkarawana.com\/wp-content\/uploads\/2024\/05\/3a-Switzerland-Zermatt-Alps-360x240.jpg 360w, https:\/\/redkarawana.com\/wp-content\/uploads\/2024\/05\/3a-Switzerland-Zermatt-Alps-600x400.jpg 600w\" sizes=\"auto, (max-width: 1080px) 100vw, 1080px\" \/><figcaption class=\"wp-element-caption\">Szwajcaria, Zermatt i Alpy<\/figcaption><\/figure>\n<\/div>\n\n\n\n<div class=\"wp-block-column is-layout-flow wp-block-column-is-layout-flow\">\n<figure class=\"wp-block-image size-full\"><img loading=\"lazy\" decoding=\"async\" width=\"1080\" height=\"720\" src=\"https:\/\/redkarawana.com\/wp-content\/uploads\/2024\/05\/3b-Switzerland-Zermatt-Hinterdorf.jpg\" alt=\"Szwajcaria, Zermatt, Hinterdorf\" class=\"wp-image-7186\" srcset=\"https:\/\/redkarawana.com\/wp-content\/uploads\/2024\/05\/3b-Switzerland-Zermatt-Hinterdorf.jpg 1080w, https:\/\/redkarawana.com\/wp-content\/uploads\/2024\/05\/3b-Switzerland-Zermatt-Hinterdorf-300x200.jpg 300w, https:\/\/redkarawana.com\/wp-content\/uploads\/2024\/05\/3b-Switzerland-Zermatt-Hinterdorf-1024x683.jpg 1024w, https:\/\/redkarawana.com\/wp-content\/uploads\/2024\/05\/3b-Switzerland-Zermatt-Hinterdorf-768x512.jpg 768w, https:\/\/redkarawana.com\/wp-content\/uploads\/2024\/05\/3b-Switzerland-Zermatt-Hinterdorf-360x240.jpg 360w, https:\/\/redkarawana.com\/wp-content\/uploads\/2024\/05\/3b-Switzerland-Zermatt-Hinterdorf-600x400.jpg 600w\" sizes=\"auto, (max-width: 1080px) 100vw, 1080px\" \/><figcaption class=\"wp-element-caption\">Szwajcaria, Zermatt, Hinterdorf<\/figcaption><\/figure>\n<\/div>\n<\/div>\n\n<h3 class=\"wp-block-heading\">Alpy Szwajcarskie<\/h3>\n\n<p>Po\u0142udniowo-zachodni region Szwajcarii to naturalny raj z pokrytymi \u015bniegiem g\u00f3rami, dolinami rzek, wspania\u0142ymi wioskami i eleganckimi o\u015brodkami narciarskimi. Lodowcowa dolina Rodanu, stare miasto Sion, urokliwe drewniane domki w wiosce Grimentz, majestatyczne Alpy i modny o\u015brodek narciarski Zermatt definiuj\u0105 kanton Valais. Poci\u0105g Glacier Express \u0142\u0105czy urocze miasteczka Brig i Visp z Zermatt. Trasa poci\u0105gu wiedzie przez kr\u0119te doliny, zielone pastwiska, g\u00f3rskie tunele i urocze wioski. Ikoniczny o\u015bnie\u017cony szczyt Matterhorn przebija si\u0119 przez chmury.     <\/p>\n\n<p>Spacer z dworca kolejowego w Zermatt prowadzi wzd\u0142u\u017c Bahnhofstrasse, \u0142adnej ulicy wy\u0142o\u017conej drewnian\u0105 architektur\u0105, butikowymi hotelami, uroczymi sklepami i restauracjami. Dzielnica Hinterdorf, najstarsza cz\u0119\u015b\u0107 Zermatt, zosta\u0142a zbudowana mi\u0119dzy XV a XIX wiekiem. Do Hinterdorf mo\u017cna dotrze\u0107 pod\u0105\u017caj\u0105c Hinterdorfstrasse, w\u0105sk\u0105 uliczk\u0105 wy\u0142o\u017con\u0105 starymi drewnianymi domkami i stodo\u0142ami ozdobionymi kwiatami doniczkowymi. Bahnhofstrasse zmienia si\u0119 w Oberdorfstrasse, kt\u00f3ra \u0142\u0105czy si\u0119 ze szlakiem turystycznym prowadz\u0105cym do Gornergorge (Gorner Gorge).    <\/p>\n\n<p>Alpy Szwajcarskie mo\u017cna zwiedza\u0107 na wiele sposob\u00f3w. Odwiedzaj\u0105cy mog\u0105 skorzysta\u0107 z kolejki linowej ze stacji Sunnegga-Rothorn Valley do Sunnegga Point na wysoko\u015bci 2 288 metr\u00f3w nad poziomem morza i do pobliskiego jeziora Leisse. Gornergrat Bahn (GGB), kolej z\u0119bata Gornergrat, oferuje ekscytuj\u0105c\u0105 30-minutow\u0105 podr\u00f3\u017c ze stacji kolejowej Zermatt GGB do stacji szczytowej Gornergrat na wysoko\u015bci 3 089 metr\u00f3w nad poziomem morza. Platforma widokowa na szczycie Gornergrat oferuje niezapomniane widoki na szczyt Matterhorn i okoliczne szczyty g\u00f3rskie. Matterhorn-Express oferuje przeja\u017cd\u017ck\u0119 gondol\u0105 ze stacji Zermatt przy Schluhmattstrasse, przez stacj\u0119 Furi do stacji Zermatt Schwarzsee na wysoko\u015bci 2 583 metr\u00f3w nad poziomem morza.     <\/p>\n\n<p>Zermatt Bergbahnen AG oferuje 40-minutow\u0105 podr\u00f3\u017c kolejk\u0105 linow\u0105 z Zermatt Schwarzsee (z przesiadk\u0105 na stacji Trockener Steg Summit Station) do stacji Klein Matterhorn Summit Station (znanej r\u00f3wnie\u017c jako Matterhorn Glacier Paradise) na wysoko\u015bci 3 883 metr\u00f3w nad poziomem morza. Szczyt oferuje wspania\u0142y widok na Alpy Szwajcarskie, Francuskie i W\u0142oskie. Najwy\u017csza na \u015bwiecie kolejka linowa 3S zosta\u0142a zainaugurowana w 2018 roku i \u0142\u0105czy Trockener Steg z Klein Matterhorn. Szwajcarskie Alpy i o\u015brodek narciarski Zermatt s\u0105 popularnym celem podr\u00f3\u017cy o ka\u017cdej porze roku, zachwycaj\u0105c odwiedzaj\u0105cych wymagaj\u0105cymi trasami narciarskimi, malowniczymi szlakami pieszymi i urokliwymi alpejskimi wioskami.   <\/p>\n\n<h2 class=\"wp-block-heading\">Wybrane Dania<\/h2>\n\n<div class=\"wp-block-columns is-layout-flex wp-container-core-columns-is-layout-9d6595d7 wp-block-columns-is-layout-flex\">\n<div class=\"wp-block-column is-layout-flow wp-block-column-is-layout-flow\">\n<figure class=\"wp-block-image size-full\"><img loading=\"lazy\" decoding=\"async\" width=\"1080\" height=\"720\" src=\"https:\/\/redkarawana.com\/wp-content\/uploads\/2024\/05\/4a-Switzerland-Village-of-Gruyeres-Fondue.jpg\" alt=\"Szwajcaria, Wioska Gruy&#xE8;res, Fondue\" class=\"wp-image-7190\" srcset=\"https:\/\/redkarawana.com\/wp-content\/uploads\/2024\/05\/4a-Switzerland-Village-of-Gruyeres-Fondue.jpg 1080w, https:\/\/redkarawana.com\/wp-content\/uploads\/2024\/05\/4a-Switzerland-Village-of-Gruyeres-Fondue-300x200.jpg 300w, https:\/\/redkarawana.com\/wp-content\/uploads\/2024\/05\/4a-Switzerland-Village-of-Gruyeres-Fondue-1024x683.jpg 1024w, https:\/\/redkarawana.com\/wp-content\/uploads\/2024\/05\/4a-Switzerland-Village-of-Gruyeres-Fondue-768x512.jpg 768w, https:\/\/redkarawana.com\/wp-content\/uploads\/2024\/05\/4a-Switzerland-Village-of-Gruyeres-Fondue-360x240.jpg 360w, https:\/\/redkarawana.com\/wp-content\/uploads\/2024\/05\/4a-Switzerland-Village-of-Gruyeres-Fondue-600x400.jpg 600w\" sizes=\"auto, (max-width: 1080px) 100vw, 1080px\" \/><figcaption class=\"wp-element-caption\">Szwajcaria, Wioska Gruy\u00e8res, Fondue<\/figcaption><\/figure>\n<\/div>\n\n\n\n<div class=\"wp-block-column is-layout-flow wp-block-column-is-layout-flow\">\n<figure class=\"wp-block-image size-full\"><img loading=\"lazy\" decoding=\"async\" width=\"1080\" height=\"720\" src=\"https:\/\/redkarawana.com\/wp-content\/uploads\/2024\/05\/4b-Switzerland-Village-of-Gruyeres-Raclette.jpg\" alt=\"Szwajcaria, Wioska Gruy&#xE8;res, Raclette\" class=\"wp-image-7194\" srcset=\"https:\/\/redkarawana.com\/wp-content\/uploads\/2024\/05\/4b-Switzerland-Village-of-Gruyeres-Raclette.jpg 1080w, https:\/\/redkarawana.com\/wp-content\/uploads\/2024\/05\/4b-Switzerland-Village-of-Gruyeres-Raclette-300x200.jpg 300w, https:\/\/redkarawana.com\/wp-content\/uploads\/2024\/05\/4b-Switzerland-Village-of-Gruyeres-Raclette-1024x683.jpg 1024w, https:\/\/redkarawana.com\/wp-content\/uploads\/2024\/05\/4b-Switzerland-Village-of-Gruyeres-Raclette-768x512.jpg 768w, https:\/\/redkarawana.com\/wp-content\/uploads\/2024\/05\/4b-Switzerland-Village-of-Gruyeres-Raclette-360x240.jpg 360w, https:\/\/redkarawana.com\/wp-content\/uploads\/2024\/05\/4b-Switzerland-Village-of-Gruyeres-Raclette-600x400.jpg 600w\" sizes=\"auto, (max-width: 1080px) 100vw, 1080px\" \/><figcaption class=\"wp-element-caption\">Szwajcaria, Wioska Gruy\u00e8res, Raclette<\/figcaption><\/figure>\n<\/div>\n<\/div>\n\n<h3 class=\"wp-block-heading\">Fondue<\/h3>\n\n<p>Krowy pas\u0105ce si\u0119 na alpejskich pastwiskach to klasyczny, poczt\u00f3wkowy obraz Szwajcarii. Idylliczne krajobrazy i \u017cyzne doliny przyczyniaj\u0105 si\u0119 do ugruntowanych szwajcarskich tradycji serowarskich. Szwajcaria produkuje szerok\u0105 gam\u0119 wysokiej jako\u015bci ser\u00f3w, w tym cenione sery Gruy\u00e8re i Vacherin. \u015aredniowieczna wioska Gruy\u00e8res oferuje zachwycaj\u0105ce g\u00f3rskie krajobrazy i doskona\u0142\u0105 kuchni\u0119. W wiosce Gruy\u00e8res fondue przygotowywane jest z lokalnie produkowanych ser\u00f3w Gruyere i Vacherin, w po\u0142\u0105czeniu ze \u015bwie\u017cym czosnkiem i bia\u0142ym winem. Fondue to pyszne po\u0142\u0105czenie smak\u00f3w. Restauracja Le Chalet de Gruy\u00e8res to drewniany domek w szwajcarskim stylu, kt\u00f3ry serwuje tradycyjne lokalne specja\u0142y, w tym pyszne fondue podawane z gotowanymi ziemniakami i kromkami chleba. Le Chalet de Gruy\u00e8res to symbol szwajcarskiej go\u015bcinno\u015bci, rustykalnego wystroju i tradycyjnej kuchni regionalnej.       <\/p>\n\n<h3 class=\"wp-block-heading\">Raclette<\/h3>\n\n<p>Szwajcarskie tradycje serowarskie si\u0119gaj\u0105 czas\u00f3w staro\u017cytnych. Alpejskie pastwiska s\u0105 g\u0142\u00f3wnym \u017ar\u00f3d\u0142em paszy dla wypasanych zwierz\u0105t. Niepasteryzowane mleko szwajcarskich kr\u00f3w jest wykorzystywane do produkcji Raclette, pysznego p\u00f3\u0142twardego sera. Raclette to tak\u017ce klasyczne szwajcarskie danie. Tradycyjna technika gotowania wymaga otwartego ognia do podgrzania sera i zeskrobania roztopionego sera na talerz. Restauracja Le Chalet de Gruy\u00e8res serwuje Raclette na ma\u0142ym grillu elektrycznym, kt\u00f3ry topi ser od g\u00f3ry. Ser mo\u017cna \u0142atwo zeskroba\u0107 (\u201eracler\u201d oznacza po francusku zeskroba\u0107) na talerz. Raclette mo\u017cna podawa\u0107 z chlebem, gotowanymi ziemniakami, cornichons, marynowan\u0105 cebul\u0105 i czasami w\u0119dlinami.       <\/p>\n\n<h2 class=\"wp-block-heading\">Preferowane Hotele<\/h2>\n\n<div class=\"wp-block-columns is-layout-flex wp-container-core-columns-is-layout-9d6595d7 wp-block-columns-is-layout-flex\">\n<div class=\"wp-block-column is-layout-flow wp-block-column-is-layout-flow\">\n<figure class=\"wp-block-image size-full\"><img loading=\"lazy\" decoding=\"async\" width=\"1080\" height=\"720\" src=\"https:\/\/redkarawana.com\/wp-content\/uploads\/2024\/05\/5a-Switzerland-Beau-Rivage-Palace-Lausanne.jpg\" alt=\"Szwajcaria, Pa&#x142;ac Beau-Rivage, Lozanna\" class=\"wp-image-7198\" srcset=\"https:\/\/redkarawana.com\/wp-content\/uploads\/2024\/05\/5a-Switzerland-Beau-Rivage-Palace-Lausanne.jpg 1080w, https:\/\/redkarawana.com\/wp-content\/uploads\/2024\/05\/5a-Switzerland-Beau-Rivage-Palace-Lausanne-300x200.jpg 300w, https:\/\/redkarawana.com\/wp-content\/uploads\/2024\/05\/5a-Switzerland-Beau-Rivage-Palace-Lausanne-1024x683.jpg 1024w, https:\/\/redkarawana.com\/wp-content\/uploads\/2024\/05\/5a-Switzerland-Beau-Rivage-Palace-Lausanne-768x512.jpg 768w, https:\/\/redkarawana.com\/wp-content\/uploads\/2024\/05\/5a-Switzerland-Beau-Rivage-Palace-Lausanne-360x240.jpg 360w, https:\/\/redkarawana.com\/wp-content\/uploads\/2024\/05\/5a-Switzerland-Beau-Rivage-Palace-Lausanne-600x400.jpg 600w\" sizes=\"auto, (max-width: 1080px) 100vw, 1080px\" \/><figcaption class=\"wp-element-caption\">Szwajcaria, Pa\u0142ac Beau-Rivage, Lozanna<\/figcaption><\/figure>\n<\/div>\n\n\n\n<div class=\"wp-block-column is-layout-flow wp-block-column-is-layout-flow\">\n<figure class=\"wp-block-image size-full\"><img loading=\"lazy\" decoding=\"async\" width=\"1080\" height=\"720\" src=\"https:\/\/redkarawana.com\/wp-content\/uploads\/2024\/05\/5b-Switzerland-Beau-Rivage-Palace-Lausanne-Lake-View.jpg\" alt=\"Szwajcaria, Pa&#x142;ac Beau-Rivage, Lozanna, Widok na Jezioro\" class=\"wp-image-7202\" srcset=\"https:\/\/redkarawana.com\/wp-content\/uploads\/2024\/05\/5b-Switzerland-Beau-Rivage-Palace-Lausanne-Lake-View.jpg 1080w, https:\/\/redkarawana.com\/wp-content\/uploads\/2024\/05\/5b-Switzerland-Beau-Rivage-Palace-Lausanne-Lake-View-300x200.jpg 300w, https:\/\/redkarawana.com\/wp-content\/uploads\/2024\/05\/5b-Switzerland-Beau-Rivage-Palace-Lausanne-Lake-View-1024x683.jpg 1024w, https:\/\/redkarawana.com\/wp-content\/uploads\/2024\/05\/5b-Switzerland-Beau-Rivage-Palace-Lausanne-Lake-View-768x512.jpg 768w, https:\/\/redkarawana.com\/wp-content\/uploads\/2024\/05\/5b-Switzerland-Beau-Rivage-Palace-Lausanne-Lake-View-360x240.jpg 360w, https:\/\/redkarawana.com\/wp-content\/uploads\/2024\/05\/5b-Switzerland-Beau-Rivage-Palace-Lausanne-Lake-View-600x400.jpg 600w\" sizes=\"auto, (max-width: 1080px) 100vw, 1080px\" \/><figcaption class=\"wp-element-caption\">Szwajcaria, Pa\u0142ac Beau-Rivage, Lozanna, Widok na Jezioro<\/figcaption><\/figure>\n<\/div>\n<\/div>\n\n<h3 class=\"wp-block-heading\">Beau-Rivage Palace, Lausanne<\/h3>\n\n<p>Rankiem blada mg\u0142a pokrywa pi\u0119kne Jezioro Genewskie i majestatyczne Alpy. Beau-Rivage Palace to luksusowy hotel po\u0142o\u017cony nad brzegiem Jeziora Genewskiego w mie\u015bcie Lozanna. Wielka budowla uosabia europejski styl, elegancj\u0119 i urok. Beau-Rivage Palace szczyci si\u0119 rozleg\u0142ymi ogrodami i relaksuj\u0105c\u0105 przestrzeni\u0105 wok\u00f3\u0142 odkrytego basenu. Hotel dysponuje kolekcj\u0105 pokoi i apartament\u00f3w z widokiem na Jezioro Genewskie, z kt\u00f3rych roztacza si\u0119 widok na malownicze jezioro i zabytkowy zamek Ch\u00e2teau d&#8217;Ouchy. Wy\u015bmienite \u015bniadanie w formie bufetu w restauracji La Terrasse obejmuje szeroki wyb\u00f3r \u015bwie\u017cego pieczywa, w\u0119dlin, szwajcarskich ser\u00f3w, owoc\u00f3w i deser\u00f3w. Zabytkowe Stare Miasto w Lozannie i dworzec kolejowy Gare de Lausanne znajduj\u0105 si\u0119 w niewielkiej odleg\u0142o\u015bci od hotelu i mo\u017cna do nich dojecha\u0107 taks\u00f3wk\u0105 lub metrem. Beau-Rivage Palace to spokojne miejsce nad jeziorem i doskona\u0142a baza wypadowa do odkrywania pi\u0119kna Szwajcarii.       <\/p>\n\n<div class=\"wp-block-columns is-layout-flex wp-container-core-columns-is-layout-9d6595d7 wp-block-columns-is-layout-flex\">\n<div class=\"wp-block-column is-layout-flow wp-block-column-is-layout-flow\">\n<figure class=\"wp-block-image size-full\"><img loading=\"lazy\" decoding=\"async\" width=\"1080\" height=\"720\" src=\"https:\/\/redkarawana.com\/wp-content\/uploads\/2024\/05\/5c-Switzerland-Village-of-Gruyeres.jpg\" alt=\"Szwajcaria, Wioska Gruy&#xE8;res\" class=\"wp-image-7206\" srcset=\"https:\/\/redkarawana.com\/wp-content\/uploads\/2024\/05\/5c-Switzerland-Village-of-Gruyeres.jpg 1080w, https:\/\/redkarawana.com\/wp-content\/uploads\/2024\/05\/5c-Switzerland-Village-of-Gruyeres-300x200.jpg 300w, https:\/\/redkarawana.com\/wp-content\/uploads\/2024\/05\/5c-Switzerland-Village-of-Gruyeres-1024x683.jpg 1024w, https:\/\/redkarawana.com\/wp-content\/uploads\/2024\/05\/5c-Switzerland-Village-of-Gruyeres-768x512.jpg 768w, https:\/\/redkarawana.com\/wp-content\/uploads\/2024\/05\/5c-Switzerland-Village-of-Gruyeres-360x240.jpg 360w, https:\/\/redkarawana.com\/wp-content\/uploads\/2024\/05\/5c-Switzerland-Village-of-Gruyeres-600x400.jpg 600w\" sizes=\"auto, (max-width: 1080px) 100vw, 1080px\" \/><figcaption class=\"wp-element-caption\">Szwajcaria, Wioska Gruy\u00e8res<\/figcaption><\/figure>\n<\/div>\n\n\n\n<div class=\"wp-block-column is-layout-flow wp-block-column-is-layout-flow\">\n<figure class=\"wp-block-image size-full\"><img loading=\"lazy\" decoding=\"async\" width=\"1080\" height=\"720\" src=\"https:\/\/redkarawana.com\/wp-content\/uploads\/2024\/05\/5d-Switzerland-Zermatt-Matterhorn.jpg\" alt=\"Szwajcaria, Zermatt, Matterhorn\" class=\"wp-image-7210\" srcset=\"https:\/\/redkarawana.com\/wp-content\/uploads\/2024\/05\/5d-Switzerland-Zermatt-Matterhorn.jpg 1080w, https:\/\/redkarawana.com\/wp-content\/uploads\/2024\/05\/5d-Switzerland-Zermatt-Matterhorn-300x200.jpg 300w, https:\/\/redkarawana.com\/wp-content\/uploads\/2024\/05\/5d-Switzerland-Zermatt-Matterhorn-1024x683.jpg 1024w, https:\/\/redkarawana.com\/wp-content\/uploads\/2024\/05\/5d-Switzerland-Zermatt-Matterhorn-768x512.jpg 768w, https:\/\/redkarawana.com\/wp-content\/uploads\/2024\/05\/5d-Switzerland-Zermatt-Matterhorn-360x240.jpg 360w, https:\/\/redkarawana.com\/wp-content\/uploads\/2024\/05\/5d-Switzerland-Zermatt-Matterhorn-600x400.jpg 600w\" sizes=\"auto, (max-width: 1080px) 100vw, 1080px\" \/><figcaption class=\"wp-element-caption\">Szwajcaria, Zermatt, Matterhorn<\/figcaption><\/figure>\n<\/div>\n<\/div>\n","protected":false},"excerpt":{"rendered":"<p>Szwajcaria, kraj w sercu Europy, szczyci si\u0119 zapieraj\u0105cymi dech w piersiach krajobrazami alpejskich pastwisk, kr\u0119tych rzek, pi\u0119knych dolin i dramatycznych szczyt\u00f3w Alp Szwajcarskich. Wielonarodowy charakter Szwajcarii jest g\u0142\u0119boko zakorzeniony w jej kulturze, architekturze i kuchni. Krajobraz kulturowy obejmuje historyczne stare miasta, \u015bredniowieczne zamki, alpejskie wioski, tarasy winnic Lavaux i legendarne szlaki turystyczne na du\u017cych wysoko\u015bciach. [&hellip;]<\/p>\n","protected":false},"featured_media":7161,"template":"","meta":{"_acf_changed":true},"journeyscat":[67],"class_list":["post-7217","journeys","type-journeys","status-publish","has-post-thumbnail","hentry","journeyscat-historia-tradycje"],"acf":[],"yoast_head":"<!-- This site is optimized with the Yoast SEO plugin v27.4 - https:\/\/yoast.com\/product\/yoast-seo-wordpress\/ -->\n<title>Alpy i Regiony, Szwajcaria - Historia &amp; Tradycje - Red Karawana<\/title>\n<meta name=\"description\" content=\"Nasz Plan Podr\u00f3\u017cy Alpy i Regiony, Szwajcaria odkrywa majestatyczne g\u00f3ry, historyczne miasta, malownicze wioski i pi\u0119kne jeziora.\" \/>\n<meta name=\"robots\" content=\"index, follow, max-snippet:-1, max-image-preview:large, max-video-preview:-1\" \/>\n<link rel=\"canonical\" href=\"https:\/\/redkarawana.com\/pl\/podroz\/alpy-i-regiony-szwajcaria\/\" \/>\n<meta property=\"og:locale\" content=\"pl_PL\" \/>\n<meta property=\"og:type\" content=\"article\" \/>\n<meta property=\"og:title\" content=\"Alpy i Regiony, Szwajcaria - Historia &amp; Tradycje - Red Karawana\" \/>\n<meta property=\"og:description\" content=\"Nasz Plan Podr\u00f3\u017cy Alpy i Regiony, Szwajcaria odkrywa majestatyczne g\u00f3ry, historyczne miasta, malownicze wioski i pi\u0119kne jeziora.\" \/>\n<meta property=\"og:url\" content=\"https:\/\/redkarawana.com\/pl\/podroz\/alpy-i-regiony-szwajcaria\/\" \/>\n<meta property=\"og:site_name\" content=\"Red Karawana\" \/>\n<meta property=\"article:publisher\" content=\"https:\/\/www.facebook.com\/redkarawana\/\" \/>\n<meta property=\"article:modified_time\" content=\"2025-12-04T13:37:53+00:00\" \/>\n<meta property=\"og:image\" content=\"https:\/\/redkarawana.com\/wp-content\/uploads\/2024\/05\/1-AF-1200x630-Switzerland-Lausanne-Ouchy-Harbour.jpg\" \/>\n\t<meta property=\"og:image:width\" content=\"1200\" \/>\n\t<meta property=\"og:image:height\" content=\"630\" \/>\n\t<meta property=\"og:image:type\" content=\"image\/jpeg\" \/>\n<meta name=\"twitter:card\" content=\"summary_large_image\" \/>\n<meta name=\"twitter:label1\" content=\"Szacowany czas czytania\" \/>\n\t<meta name=\"twitter:data1\" content=\"19 minut\" \/>\n<script type=\"application\/ld+json\" class=\"yoast-schema-graph\">{\"@context\":\"https:\\\/\\\/schema.org\",\"@graph\":[{\"@type\":\"WebPage\",\"@id\":\"https:\\\/\\\/redkarawana.com\\\/pl\\\/podroz\\\/alpy-i-regiony-szwajcaria\\\/\",\"url\":\"https:\\\/\\\/redkarawana.com\\\/pl\\\/podroz\\\/alpy-i-regiony-szwajcaria\\\/\",\"name\":\"Alpy i Regiony, Szwajcaria - Historia & Tradycje - Red Karawana\",\"isPartOf\":{\"@id\":\"https:\\\/\\\/redkarawana.com\\\/#website\"},\"primaryImageOfPage\":{\"@id\":\"https:\\\/\\\/redkarawana.com\\\/pl\\\/podroz\\\/alpy-i-regiony-szwajcaria\\\/#primaryimage\"},\"image\":{\"@id\":\"https:\\\/\\\/redkarawana.com\\\/pl\\\/podroz\\\/alpy-i-regiony-szwajcaria\\\/#primaryimage\"},\"thumbnailUrl\":\"https:\\\/\\\/redkarawana.com\\\/wp-content\\\/uploads\\\/2024\\\/05\\\/1-SP-Switzerland-Lausanne-Ouchy-Harbour.jpg\",\"datePublished\":\"2025-12-02T18:10:54+00:00\",\"dateModified\":\"2025-12-04T13:37:53+00:00\",\"description\":\"Nasz Plan Podr\u00f3\u017cy Alpy i Regiony, Szwajcaria odkrywa majestatyczne g\u00f3ry, historyczne miasta, malownicze wioski i pi\u0119kne jeziora.\",\"breadcrumb\":{\"@id\":\"https:\\\/\\\/redkarawana.com\\\/pl\\\/podroz\\\/alpy-i-regiony-szwajcaria\\\/#breadcrumb\"},\"inLanguage\":\"pl-PL\",\"potentialAction\":[{\"@type\":\"ReadAction\",\"target\":[\"https:\\\/\\\/redkarawana.com\\\/pl\\\/podroz\\\/alpy-i-regiony-szwajcaria\\\/\"]}]},{\"@type\":\"ImageObject\",\"inLanguage\":\"pl-PL\",\"@id\":\"https:\\\/\\\/redkarawana.com\\\/pl\\\/podroz\\\/alpy-i-regiony-szwajcaria\\\/#primaryimage\",\"url\":\"https:\\\/\\\/redkarawana.com\\\/wp-content\\\/uploads\\\/2024\\\/05\\\/1-SP-Switzerland-Lausanne-Ouchy-Harbour.jpg\",\"contentUrl\":\"https:\\\/\\\/redkarawana.com\\\/wp-content\\\/uploads\\\/2024\\\/05\\\/1-SP-Switzerland-Lausanne-Ouchy-Harbour.jpg\",\"width\":680,\"height\":453,\"caption\":\"Szwajcaria, Lozanna-Ouchy\"},{\"@type\":\"BreadcrumbList\",\"@id\":\"https:\\\/\\\/redkarawana.com\\\/pl\\\/podroz\\\/alpy-i-regiony-szwajcaria\\\/#breadcrumb\",\"itemListElement\":[{\"@type\":\"ListItem\",\"position\":1,\"name\":\"Home\",\"item\":\"https:\\\/\\\/redkarawana.com\\\/pl\\\/\"},{\"@type\":\"ListItem\",\"position\":2,\"name\":\"Alpy i Regiony, Szwajcaria; Pi\u0119kne G\u00f3ry i Miasta nad Jeziorami\"}]},{\"@type\":\"WebSite\",\"@id\":\"https:\\\/\\\/redkarawana.com\\\/#website\",\"url\":\"https:\\\/\\\/redkarawana.com\\\/\",\"name\":\"Red Karawana\",\"description\":\"\",\"publisher\":{\"@id\":\"https:\\\/\\\/redkarawana.com\\\/#organization\"},\"potentialAction\":[{\"@type\":\"SearchAction\",\"target\":{\"@type\":\"EntryPoint\",\"urlTemplate\":\"https:\\\/\\\/redkarawana.com\\\/?s={search_term_string}\"},\"query-input\":{\"@type\":\"PropertyValueSpecification\",\"valueRequired\":true,\"valueName\":\"search_term_string\"}}],\"inLanguage\":\"pl-PL\"},{\"@type\":\"Organization\",\"@id\":\"https:\\\/\\\/redkarawana.com\\\/#organization\",\"name\":\"Red Karawana\",\"url\":\"https:\\\/\\\/redkarawana.com\\\/\",\"logo\":{\"@type\":\"ImageObject\",\"inLanguage\":\"pl-PL\",\"@id\":\"https:\\\/\\\/redkarawana.com\\\/#\\\/schema\\\/logo\\\/image\\\/\",\"url\":\"https:\\\/\\\/redkarawana.com\\\/wp-content\\\/uploads\\\/2025\\\/05\\\/cropped-Screenshot-2025-05-29-at-09.27.38.png\",\"contentUrl\":\"https:\\\/\\\/redkarawana.com\\\/wp-content\\\/uploads\\\/2025\\\/05\\\/cropped-Screenshot-2025-05-29-at-09.27.38.png\",\"width\":512,\"height\":512,\"caption\":\"Red Karawana\"},\"image\":{\"@id\":\"https:\\\/\\\/redkarawana.com\\\/#\\\/schema\\\/logo\\\/image\\\/\"},\"sameAs\":[\"https:\\\/\\\/www.facebook.com\\\/redkarawana\\\/\",\"https:\\\/\\\/www.instagram.com\\\/redkarawana\\\/\",\"https:\\\/\\\/www.youtube.com\\\/channel\\\/UCU9jXzSmyKm4ZZv38FEXGKg\",\"https:\\\/\\\/www.pinterest.com\\\/redkarawana\\\/\"]}]}<\/script>\n<!-- \/ Yoast SEO plugin. -->","yoast_head_json":{"title":"Alpy i Regiony, Szwajcaria - Historia & Tradycje - Red Karawana","description":"Nasz Plan Podr\u00f3\u017cy Alpy i Regiony, Szwajcaria odkrywa majestatyczne g\u00f3ry, historyczne miasta, malownicze wioski i pi\u0119kne jeziora.","robots":{"index":"index","follow":"follow","max-snippet":"max-snippet:-1","max-image-preview":"max-image-preview:large","max-video-preview":"max-video-preview:-1"},"canonical":"https:\/\/redkarawana.com\/pl\/podroz\/alpy-i-regiony-szwajcaria\/","og_locale":"pl_PL","og_type":"article","og_title":"Alpy i Regiony, Szwajcaria - Historia & Tradycje - Red Karawana","og_description":"Nasz Plan Podr\u00f3\u017cy Alpy i Regiony, Szwajcaria odkrywa majestatyczne g\u00f3ry, historyczne miasta, malownicze wioski i pi\u0119kne jeziora.","og_url":"https:\/\/redkarawana.com\/pl\/podroz\/alpy-i-regiony-szwajcaria\/","og_site_name":"Red Karawana","article_publisher":"https:\/\/www.facebook.com\/redkarawana\/","article_modified_time":"2025-12-04T13:37:53+00:00","og_image":[{"width":1200,"height":630,"url":"https:\/\/redkarawana.com\/wp-content\/uploads\/2024\/05\/1-AF-1200x630-Switzerland-Lausanne-Ouchy-Harbour.jpg","type":"image\/jpeg"}],"twitter_card":"summary_large_image","twitter_misc":{"Szacowany czas czytania":"19 minut"},"schema":{"@context":"https:\/\/schema.org","@graph":[{"@type":"WebPage","@id":"https:\/\/redkarawana.com\/pl\/podroz\/alpy-i-regiony-szwajcaria\/","url":"https:\/\/redkarawana.com\/pl\/podroz\/alpy-i-regiony-szwajcaria\/","name":"Alpy i Regiony, Szwajcaria - Historia & Tradycje - Red Karawana","isPartOf":{"@id":"https:\/\/redkarawana.com\/#website"},"primaryImageOfPage":{"@id":"https:\/\/redkarawana.com\/pl\/podroz\/alpy-i-regiony-szwajcaria\/#primaryimage"},"image":{"@id":"https:\/\/redkarawana.com\/pl\/podroz\/alpy-i-regiony-szwajcaria\/#primaryimage"},"thumbnailUrl":"https:\/\/redkarawana.com\/wp-content\/uploads\/2024\/05\/1-SP-Switzerland-Lausanne-Ouchy-Harbour.jpg","datePublished":"2025-12-02T18:10:54+00:00","dateModified":"2025-12-04T13:37:53+00:00","description":"Nasz Plan Podr\u00f3\u017cy Alpy i Regiony, Szwajcaria odkrywa majestatyczne g\u00f3ry, historyczne miasta, malownicze wioski i pi\u0119kne jeziora.","breadcrumb":{"@id":"https:\/\/redkarawana.com\/pl\/podroz\/alpy-i-regiony-szwajcaria\/#breadcrumb"},"inLanguage":"pl-PL","potentialAction":[{"@type":"ReadAction","target":["https:\/\/redkarawana.com\/pl\/podroz\/alpy-i-regiony-szwajcaria\/"]}]},{"@type":"ImageObject","inLanguage":"pl-PL","@id":"https:\/\/redkarawana.com\/pl\/podroz\/alpy-i-regiony-szwajcaria\/#primaryimage","url":"https:\/\/redkarawana.com\/wp-content\/uploads\/2024\/05\/1-SP-Switzerland-Lausanne-Ouchy-Harbour.jpg","contentUrl":"https:\/\/redkarawana.com\/wp-content\/uploads\/2024\/05\/1-SP-Switzerland-Lausanne-Ouchy-Harbour.jpg","width":680,"height":453,"caption":"Szwajcaria, Lozanna-Ouchy"},{"@type":"BreadcrumbList","@id":"https:\/\/redkarawana.com\/pl\/podroz\/alpy-i-regiony-szwajcaria\/#breadcrumb","itemListElement":[{"@type":"ListItem","position":1,"name":"Home","item":"https:\/\/redkarawana.com\/pl\/"},{"@type":"ListItem","position":2,"name":"Alpy i Regiony, Szwajcaria; Pi\u0119kne G\u00f3ry i Miasta nad Jeziorami"}]},{"@type":"WebSite","@id":"https:\/\/redkarawana.com\/#website","url":"https:\/\/redkarawana.com\/","name":"Red Karawana","description":"","publisher":{"@id":"https:\/\/redkarawana.com\/#organization"},"potentialAction":[{"@type":"SearchAction","target":{"@type":"EntryPoint","urlTemplate":"https:\/\/redkarawana.com\/?s={search_term_string}"},"query-input":{"@type":"PropertyValueSpecification","valueRequired":true,"valueName":"search_term_string"}}],"inLanguage":"pl-PL"},{"@type":"Organization","@id":"https:\/\/redkarawana.com\/#organization","name":"Red Karawana","url":"https:\/\/redkarawana.com\/","logo":{"@type":"ImageObject","inLanguage":"pl-PL","@id":"https:\/\/redkarawana.com\/#\/schema\/logo\/image\/","url":"https:\/\/redkarawana.com\/wp-content\/uploads\/2025\/05\/cropped-Screenshot-2025-05-29-at-09.27.38.png","contentUrl":"https:\/\/redkarawana.com\/wp-content\/uploads\/2025\/05\/cropped-Screenshot-2025-05-29-at-09.27.38.png","width":512,"height":512,"caption":"Red Karawana"},"image":{"@id":"https:\/\/redkarawana.com\/#\/schema\/logo\/image\/"},"sameAs":["https:\/\/www.facebook.com\/redkarawana\/","https:\/\/www.instagram.com\/redkarawana\/","https:\/\/www.youtube.com\/channel\/UCU9jXzSmyKm4ZZv38FEXGKg","https:\/\/www.pinterest.com\/redkarawana\/"]}]}},"_links":{"self":[{"href":"https:\/\/redkarawana.com\/pl\/wp-json\/wp\/v2\/journeys\/7217","targetHints":{"allow":["GET"]}}],"collection":[{"href":"https:\/\/redkarawana.com\/pl\/wp-json\/wp\/v2\/journeys"}],"about":[{"href":"https:\/\/redkarawana.com\/pl\/wp-json\/wp\/v2\/types\/journeys"}],"wp:featuredmedia":[{"embeddable":true,"href":"https:\/\/redkarawana.com\/pl\/wp-json\/wp\/v2\/media\/7161"}],"wp:attachment":[{"href":"https:\/\/redkarawana.com\/pl\/wp-json\/wp\/v2\/media?parent=7217"}],"wp:term":[{"taxonomy":"journeyscat","embeddable":true,"href":"https:\/\/redkarawana.com\/pl\/wp-json\/wp\/v2\/journeyscat?post=7217"}],"curies":[{"name":"wp","href":"https:\/\/api.w.org\/{rel}","templated":true}]}}