{"id":7665,"date":"2025-12-02T19:20:15","date_gmt":"2025-12-02T19:20:15","guid":{"rendered":"https:\/\/redkarawana.com\/?post_type=journeys&#038;p=7665"},"modified":"2025-12-04T13:35:57","modified_gmt":"2025-12-04T13:35:57","slug":"krakow-i-gory-polska","status":"publish","type":"journeys","link":"https:\/\/redkarawana.com\/pl\/podroz\/krakow-i-gory-polska\/","title":{"rendered":"Krak\u00f3w i G\u00f3ry, Polska; Staro\u017cytna Stolica, Tatry i Bieszczady"},"content":{"rendered":"\n<p>W sercu Europy Wschodniej, staro\u017cytna stolica Polski, Krak\u00f3w, prezentuje bogate dziedzictwo kulturowe, monarchiczn\u0105 histori\u0119 i miejsca kultu religijnego. Po\u0142udniowa granica Polski to pi\u0119kne Tatry, malownicze wioski i fascynuj\u0105ca kultura g\u00f3ralska. Na skrajnym po\u0142udniowym wschodzie Polska graniczy z Ukrain\u0105 i S\u0142owacj\u0105, dziel\u0105c z nimi pasmo g\u00f3rskie Bieszczady i jego nienaruszon\u0105 dzik\u0105 przyrod\u0119 oraz r\u00f3\u017cnorodn\u0105 flor\u0119 i faun\u0119. Wizyta na po\u0142udniowych ziemiach Polski ujawnia ich bogat\u0105 histori\u0119, unikaln\u0105 kultur\u0119 ludow\u0105 i pi\u0119kn\u0105 przyrod\u0119.     <\/p>\n\n<h2 class=\"wp-block-heading\">Plan Podr\u00f3\u017cy<\/h2>\n\n<div class=\"wp-block-columns is-layout-flex wp-container-core-columns-is-layout-9d6595d7 wp-block-columns-is-layout-flex\">\n<div class=\"wp-block-column is-layout-flow wp-block-column-is-layout-flow\">\n<figure class=\"wp-block-image size-full\"><img loading=\"lazy\" decoding=\"async\" width=\"1080\" height=\"720\" src=\"https:\/\/redkarawana.com\/wp-content\/uploads\/2024\/05\/1a-Poland-Krakow-Old-Town.jpg\" alt=\"Polska, Krak&#xF3;w, Stare Miasto\" class=\"wp-image-7614\" srcset=\"https:\/\/redkarawana.com\/wp-content\/uploads\/2024\/05\/1a-Poland-Krakow-Old-Town.jpg 1080w, https:\/\/redkarawana.com\/wp-content\/uploads\/2024\/05\/1a-Poland-Krakow-Old-Town-300x200.jpg 300w, https:\/\/redkarawana.com\/wp-content\/uploads\/2024\/05\/1a-Poland-Krakow-Old-Town-1024x683.jpg 1024w, https:\/\/redkarawana.com\/wp-content\/uploads\/2024\/05\/1a-Poland-Krakow-Old-Town-768x512.jpg 768w, https:\/\/redkarawana.com\/wp-content\/uploads\/2024\/05\/1a-Poland-Krakow-Old-Town-360x240.jpg 360w, https:\/\/redkarawana.com\/wp-content\/uploads\/2024\/05\/1a-Poland-Krakow-Old-Town-600x400.jpg 600w\" sizes=\"auto, (max-width: 1080px) 100vw, 1080px\" \/><figcaption class=\"wp-element-caption\">Polska, Krak\u00f3w, Stare Miasto<\/figcaption><\/figure>\n<\/div>\n\n\n\n<div class=\"wp-block-column is-layout-flow wp-block-column-is-layout-flow\">\n<figure class=\"wp-block-image size-full\"><img loading=\"lazy\" decoding=\"async\" width=\"1080\" height=\"720\" src=\"https:\/\/redkarawana.com\/wp-content\/uploads\/2024\/05\/1b-Poland-Krakow-Royal-Castle-Courtyard.jpg\" alt=\"Polska, Krak&#xF3;w, Zamek Kr&#xF3;lewski, Dziedziniec Arkadowy\" class=\"wp-image-7618\" srcset=\"https:\/\/redkarawana.com\/wp-content\/uploads\/2024\/05\/1b-Poland-Krakow-Royal-Castle-Courtyard.jpg 1080w, https:\/\/redkarawana.com\/wp-content\/uploads\/2024\/05\/1b-Poland-Krakow-Royal-Castle-Courtyard-300x200.jpg 300w, https:\/\/redkarawana.com\/wp-content\/uploads\/2024\/05\/1b-Poland-Krakow-Royal-Castle-Courtyard-1024x683.jpg 1024w, https:\/\/redkarawana.com\/wp-content\/uploads\/2024\/05\/1b-Poland-Krakow-Royal-Castle-Courtyard-768x512.jpg 768w, https:\/\/redkarawana.com\/wp-content\/uploads\/2024\/05\/1b-Poland-Krakow-Royal-Castle-Courtyard-360x240.jpg 360w, https:\/\/redkarawana.com\/wp-content\/uploads\/2024\/05\/1b-Poland-Krakow-Royal-Castle-Courtyard-600x400.jpg 600w\" sizes=\"auto, (max-width: 1080px) 100vw, 1080px\" \/><figcaption class=\"wp-element-caption\">Polska, Krak\u00f3w, Zamek Kr\u00f3lewski, Dziedziniec Arkadowy<\/figcaption><\/figure>\n<\/div>\n<\/div>\n\n<h3 class=\"wp-block-heading\">Dzie\u0144 1 &#8211; Przyjazd Krak\u00f3w, Polska<\/h3>\n\n<p>Istniej\u0105 bezpo\u015brednie loty do\/z Krakowa z europejskich port\u00f3w przesiadkowych w Amsterdamie, Londynie, Frankfurcie i Pary\u017cu. Przylatujemy na mi\u0119dzynarodowe lotnisko w Krakowie i bierzemy taks\u00f3wk\u0119 do naszego hotelu po\u0142o\u017conego na Starym Mie\u015bcie. Uwaga: oficjalny post\u00f3j taks\u00f3wek znajduje si\u0119 przed terminalem przylot\u00f3w i oferuje doskona\u0142e us\u0142ugi transferu lotniskowego (30 minut do Starego Miasta). Po przybyciu do naszego hotelu udamy si\u0119 10 minut spacerem do Restauracji Pod Baranem, aby spr\u00f3bowa\u0107 polskiej kuchni.   <\/p>\n\n<h3 class=\"wp-block-heading\">Dzie\u0144 2 &#8211; Zamek Kr\u00f3lewski, Stare Miasto w Krakowie<\/h3>\n\n<p>Nasz poranek rozpoczynamy od kilkuminutowego spaceru na Wawel, do Zamku Kr\u00f3lewskiego, dawnej rezydencji kr\u00f3lewskiej, centrum zarz\u0105dzania i katedry. Zwiedzamy dziedziniec i bogate komnaty ozdobione gobelinami, meblami z epoki i historycznymi obrazami. Po opuszczeniu Wawelu idziemy w kierunku Starego Miasta i ulicy Jagiello\u0144skiej, aby odwiedzi\u0107 Uniwersytet Jagiello\u0144ski, najstarszy uniwersytet w Krakowie. Przejdziemy kilka minut do Rynku G\u0142\u00f3wnego i zjemy lunch w Restauracji Szara z widokiem na Sukiennice. Po po\u0142udniu ogl\u0105damy kolekcj\u0119 rze\u017ab i obraz\u00f3w historycznych w Muzeum Sukiennic, a nast\u0119pnie zwiedzamy muzeum archeologiczne, Rynek Podziemny, pod Rynkiem G\u0142\u00f3wnym.     <\/p>\n\n<p>Na rogu Rynku znajduje si\u0119 XIII-wieczna Bazylika Mariacka z XIV-wiecznym gotyckim o\u0142tarzem wyrze\u017abionym przez Wita Stwosza. Pobliska ulica Floria\u0144ska prowadzi nas do Bramy Floria\u0144skiej, staro\u017cytnego wej\u015bcia na Stare Miasto. Spacer przez bram\u0119 ujawnia Barbakan Krakowski, okr\u0105g\u0142\u0105 fortec\u0119 niegdy\u015b po\u0142\u0105czon\u0105 z murami obronnymi miasta i miejskimi Plantami otaczaj\u0105cymi Stare Miasto. Gubimy si\u0119 w mie\u015bcie, siedz\u0105c w kawiarniach i jedz\u0105c doskona\u0142\u0105 kolacj\u0119 w restauracji Pod Anio\u0142ami.    <\/p>\n\n<h3 class=\"wp-block-heading\">Dzie\u0144 3 &#8211; Kopalnia Soli &#8222;Wieliczka&#8221;, Dzielnica Kazimierz w Krakowie <\/h3>\n\n<p>Dzisiaj planujemy us\u0142ugi transferu (samoch\u00f3d i kierowca) na ca\u0142y dzie\u0144. Poranna wycieczka zabierze nas na po\u0142udniowy wsch\u00f3d od Krakowa (oko\u0142o 30 minut jazdy) do Kopalni Soli w Wieliczce. Wycieczka z przewodnikiem do Kopalni Soli w Wieliczce (zalecamy zakup bilet\u00f3w z wyprzedzeniem online lub w biurze turystycznym) pod\u0105\u017ca 3-kilometrowym labiryntem korytarzy, kom\u00f3r i kaplic wykutych w soli kamiennej. Kaplica \u015bw. Kingi wyr\u00f3\u017cnia si\u0119 \u017cyrandolami z kryszta\u0142u solnego, rze\u017abionym o\u0142tarzem, pos\u0105gami religijnymi i symbolami.    <\/p>\n\n<p>Po naszej wizycie jedziemy p\u00f3\u0142 godziny do Kazimierza, historycznej dzielnicy \u017cydowskiej w Krakowie. Brukowane uliczki prowadz\u0105 nas do \u0142adnych plac\u00f3w, gdzie wybieramy restauracj\u0119 na lunch. Popo\u0142udnie sp\u0119dzamy na zwiedzaniu ko\u015bcio\u0142\u00f3w i \u017cydowskich zabytk\u00f3w religijnych, takich jak XV-wieczna Stara Synagoga i XVI-wieczna Synagoga Remuh. Labirynt ulic biegnie wzd\u0142u\u017c wielostylowej architektury, food truck\u00f3w, t\u0119tni\u0105cych \u017cyciem kawiarni i klub\u00f3w. Wczesnym wieczorem wracamy na Stare Miasto i jemy kolacj\u0119 w restauracji Szara G\u0119\u015b, po\u0142o\u017conej na Rynku G\u0142\u00f3wnym.     <\/p>\n\n<h3 class=\"wp-block-heading\">Dzie\u0144 4 &#8211; Tatry: Morskie Oko, Zakopane<\/h3>\n\n<p>Nasza ca\u0142odniowa wycieczka w Tatry obejmuje w\u0119dr\u00f3wk\u0119 do Morskiego Oka i wizyt\u0119 w Zakopanem. Planujemy transfer (samoch\u00f3d i kierowca) na ca\u0142y dzie\u0144. Rano wyje\u017cd\u017camy z Krakowa i jedziemy 2 godziny do Palenicy Bia\u0142cza\u0144skiej, centralnego parkingu i wej\u015bcia do Tatrza\u0144skiego Parku Narodowego. Do Morskiego Oka mo\u017cna doj\u015b\u0107 8-kilometrow\u0105 tras\u0105 (kilka godzin) lub dojecha\u0107 wozem konnym.    <\/p>\n\n<p>Po wizycie jedziemy 30 minut (25 kilometr\u00f3w) do uroczego kurortu Zakopane. Spacer wzd\u0142u\u017c deptaka Krup\u00f3wki pokazuje jego drewnian\u0105 architektur\u0119, kultur\u0119 G\u00f3rali i restauracje w stylu lo\u017cy, serwuj\u0105ce dania kuchni regionalnej. Kr\u00f3tka przeja\u017cd\u017cka (3 km) od Krup\u00f3wek do Kolei Linowej na Guba\u0142\u00f3wk\u0119 zabierze odwiedzaj\u0105cych na szczyt g\u00f3ry z widokiem na Kasprowy Wierch. W drodze powrotnej do Krakowa, 15 kilometr\u00f3w od Guba\u0142\u00f3wki, ma\u0142a wioska Chocho\u0142\u00f3w prezentuje zabytkowe drewniane domy i kolorowe \u017cycie na wsi. Doje\u017cd\u017camy do Krakowa i jemy kolacj\u0119 w naszym hotelu.    <\/p>\n\n<h3 class=\"wp-block-heading\">Dzie\u0144 5 &#8211; Krak\u00f3w Wyjazd, Pola\u0144czyk, R\u00f3wnia, Przyjazd Bieszczady<\/h3>\n\n<p>Rano opuszczamy nasz hotel w Krakowie i jedziemy taks\u00f3wk\u0105 na mi\u0119dzynarodowe lotnisko w Krakowie, aby odebra\u0107 wypo\u017cyczony samoch\u00f3d. Rozpoczynamy 4,5-godzinn\u0105 tras\u0119 w kierunku Bieszczad. Jedziemy oko\u0142o 3,5 godziny i docieramy do po\u0142o\u017conej nad jeziorem miejscowo\u015bci Pola\u0144czyk. Kolorowe \u017cagl\u00f3wki zdobi\u0105 lini\u0119 brzegow\u0105 Jeziora Soli\u0144skiego, gdy pod\u0105\u017camy tras\u0105 do miejscowo\u015bci Solina, gdzie zatrzymujemy si\u0119 na obiad. Pod\u0105\u017camy tras\u0105 p\u0119tli Wielkiej P\u0119tli Bieszczadzkiej wewn\u0105trz Bieszczadzkiego Parku Narodowego w kierunku wsi R\u00f3wnia, aby odwiedzi\u0107 zabytkow\u0105 drewnian\u0105 cerkiew. Kontynuujemy tras\u0119 p\u0119tli przez oko\u0142o godzin\u0119 i docieramy do naszego hotelu Carpatia Bieszczadzki Go\u015bciniec we wsi Smerek. Po zameldowaniu czeka na nas pyszna kolacja w hotelu. Uwaga: Karczma Pawe\u0142 Nie Ca\u0142kiem Swi\u0119ty, po\u0142o\u017cona kilka minut od naszego hotelu, to kolejna dobra restauracja serwuj\u0105ca dania kuchni regionalnej.       <\/p>\n\n<h3 class=\"wp-block-heading\">Dzie\u0144 6 &#8211; Bieszczady: W\u0119dr\u00f3wki na Tarnic\u0119 i Po\u0142onin\u0119 Wetli\u0144sk\u0105<\/h3>\n\n<p>Rano jedziemy 30 minut z naszego hotelu po\u0142o\u017conego we wsi Smerek do wsi Wo\u0142osate, punktu pocz\u0105tkowego szlaku turystycznego na Tarnic\u0119. Parkujemy na wyznaczonym parkingu i wyruszamy na Tarnic\u0119, najwy\u017cszy szczyt Bieszczadzkiego Parku Narodowego. Wielogodzinna w\u0119dr\u00f3wka zabierze nas do punktu widokowego z panoramicznym widokiem, idealnego miejsca na piknik. Schodz\u0105c z g\u00f3ry, podziwiamy wspania\u0142e widoki na g\u00f3ry, \u0142\u0105ki i lasy. Wyje\u017cd\u017camy z parkingu w Wo\u0142osatem i jedziemy 15 minut do Prze\u0142\u0119czy Wy\u017cnej. Parkujemy na wyznaczonym parkingu i idziemy godzin\u0119 na Po\u0142onin\u0119 Wetli\u0144sk\u0105, popularne miejsce z widokiem na rozleg\u0142e \u0142\u0105ki wysoko w g\u00f3rach. Wracamy do Prze\u0142\u0119czy Wy\u017cnej i jedziemy 10 minut do Chaty W\u0119drowca, urokliwej restauracji serwuj\u0105cej doskona\u0142\u0105 kuchni\u0119 regionaln\u0105. Po obiedzie jedziemy 5 minut do naszego hotelu.       <\/p>\n\n<h3 class=\"wp-block-heading\">Dzie\u0144 7 &#8211; Bieszczady: W\u0119dr\u00f3wki na Po\u0142onin\u0119 Cary\u0144sk\u0105 i Wielk\u0105 Rawk\u0119<\/h3>\n\n<p>Po \u015bniadaniu jedziemy 20 minut (trasa 15 km) ze wsi Smerek do wyznaczonego parkingu we wsi Brzegi G\u00f3rne, punktu startowego szlaku turystycznego na Po\u0142onin\u0119 Cary\u0144sk\u0105. W\u0119drujemy godzin\u0119 na Po\u0142onin\u0119 Cary\u0144sk\u0105 i docieramy do pi\u0119knego miejsca piknikowego ozdobionego endemiczn\u0105 ro\u015blinno\u015bci\u0105 i \u0142\u0105kami. Cieszymy si\u0119 naszym piknikiem i wracamy na parking. Przeje\u017cd\u017camy kr\u00f3tki odcinek do Prze\u0142\u0119czy Wy\u017cnia\u0144skiej, sk\u0105d rozpoczynaj\u0105 si\u0119 szlaki turystyczne na Ma\u0142\u0105 i Wielk\u0105 Rawk\u0119. P\u00f3\u0142toragodzinna w\u0119dr\u00f3wka stawia przed nami wyzwania i nagradza pi\u0119knymi widokami na pierwotne lasy bukowe, zachowan\u0105 dzik\u0105 przyrod\u0119, rozleg\u0142e doliny i pasma g\u00f3rskie. Po zej\u015bciu z g\u00f3ry jedziemy 30 minut do Ober\u017cy Pod Kud\u0142atym Anio\u0142em, uroczej restauracji we wsi Cisna serwuj\u0105cej dania kuchni regionalnej. Po obiedzie jedziemy 15 minut do naszego hotelu.      <\/p>\n\n<h3 class=\"wp-block-heading\">Dzie\u0144 8 &#8211; Bieszczady Wyjazd<\/h3>\n\n<p>Po \u015bniadaniu opuszczamy nasz hotel i jedziemy na S\u0142owacj\u0119 na nasz\u0105 przed\u0142u\u017con\u0105 tygodniow\u0105 podr\u00f3\u017c. Nasz plan podr\u00f3\u017cy na S\u0142owacj\u0119 zabierze nas do majestatycznych zamk\u00f3w, malowniczych wiosek, spektakularnych park\u00f3w, historycznych miast i do stolicy S\u0142owacji, Bratys\u0142awy.   <\/p>\n\n<p>Uwaga: Nasz plan podr\u00f3\u017cy Krak\u00f3w i g\u00f3ry mo\u017ce by\u0107 realizowany indywidualnie lub w po\u0142\u0105czeniu z naszym planem podr\u00f3\u017cy S\u0142owacja. Opcja 1: Przejazd w oko\u0142o 4,5 godziny na mi\u0119dzynarodowe lotnisko w Krakowie, aby odby\u0107 lot powrotny do domu. Opcja 2: Przed\u0142u\u017c podr\u00f3\u017c o tydzie\u0144, aby zwiedzi\u0107 S\u0142owacj\u0119.  <\/p>\n\n<h2 class=\"wp-block-heading\">Specjalne Miejsca<\/h2>\n\n<div class=\"wp-block-columns is-layout-flex wp-container-core-columns-is-layout-9d6595d7 wp-block-columns-is-layout-flex\">\n<div class=\"wp-block-column is-layout-flow wp-block-column-is-layout-flow\">\n<figure class=\"wp-block-image size-full\"><img loading=\"lazy\" decoding=\"async\" width=\"1080\" height=\"720\" src=\"https:\/\/redkarawana.com\/wp-content\/uploads\/2024\/05\/2a-Poland-Krakow-St.-Marys-Basilica.jpg\" alt=\"Polska, Krak&#xF3;w, Ko&#x15B;ci&#xF3;&#x142; Mariacki\" class=\"wp-image-7622\" srcset=\"https:\/\/redkarawana.com\/wp-content\/uploads\/2024\/05\/2a-Poland-Krakow-St.-Marys-Basilica.jpg 1080w, https:\/\/redkarawana.com\/wp-content\/uploads\/2024\/05\/2a-Poland-Krakow-St.-Marys-Basilica-300x200.jpg 300w, https:\/\/redkarawana.com\/wp-content\/uploads\/2024\/05\/2a-Poland-Krakow-St.-Marys-Basilica-1024x683.jpg 1024w, https:\/\/redkarawana.com\/wp-content\/uploads\/2024\/05\/2a-Poland-Krakow-St.-Marys-Basilica-768x512.jpg 768w, https:\/\/redkarawana.com\/wp-content\/uploads\/2024\/05\/2a-Poland-Krakow-St.-Marys-Basilica-360x240.jpg 360w, https:\/\/redkarawana.com\/wp-content\/uploads\/2024\/05\/2a-Poland-Krakow-St.-Marys-Basilica-600x400.jpg 600w\" sizes=\"auto, (max-width: 1080px) 100vw, 1080px\" \/><figcaption class=\"wp-element-caption\">Polska, Krak\u00f3w, Ko\u015bci\u00f3\u0142 Mariacki<\/figcaption><\/figure>\n<\/div>\n\n\n\n<div class=\"wp-block-column is-layout-flow wp-block-column-is-layout-flow\">\n<figure class=\"wp-block-image size-full\"><img loading=\"lazy\" decoding=\"async\" width=\"1080\" height=\"720\" src=\"https:\/\/redkarawana.com\/wp-content\/uploads\/2024\/05\/2b-Poland-Bieszczady-Polonina-Wetlinska.jpg\" alt=\"Polska, Bieszczady, Po&#x142;onina Wetli&#x144;ska\" class=\"wp-image-7626\" srcset=\"https:\/\/redkarawana.com\/wp-content\/uploads\/2024\/05\/2b-Poland-Bieszczady-Polonina-Wetlinska.jpg 1080w, https:\/\/redkarawana.com\/wp-content\/uploads\/2024\/05\/2b-Poland-Bieszczady-Polonina-Wetlinska-300x200.jpg 300w, https:\/\/redkarawana.com\/wp-content\/uploads\/2024\/05\/2b-Poland-Bieszczady-Polonina-Wetlinska-1024x683.jpg 1024w, https:\/\/redkarawana.com\/wp-content\/uploads\/2024\/05\/2b-Poland-Bieszczady-Polonina-Wetlinska-768x512.jpg 768w, https:\/\/redkarawana.com\/wp-content\/uploads\/2024\/05\/2b-Poland-Bieszczady-Polonina-Wetlinska-360x240.jpg 360w, https:\/\/redkarawana.com\/wp-content\/uploads\/2024\/05\/2b-Poland-Bieszczady-Polonina-Wetlinska-600x400.jpg 600w\" sizes=\"auto, (max-width: 1080px) 100vw, 1080px\" \/><figcaption class=\"wp-element-caption\">Polska, Bieszczady, Po\u0142onina Wetli\u0144ska<\/figcaption><\/figure>\n<\/div>\n<\/div>\n\n<h3 class=\"wp-block-heading\">Krak\u00f3w<\/h3>\n\n<p>Krak\u00f3w to dawna stolica Polski po\u0142o\u017cona nad Wis\u0142\u0105 w wojew\u00f3dztwie ma\u0142opolskim. To fascynuj\u0105ce centrum polskiej historii, kultury i sztuki. Przez wieki Trakt Kr\u00f3lewski, biegn\u0105cy z p\u00f3\u0142nocy na po\u0142udnie Starego Miasta i w kierunku Zamku Kr\u00f3lewskiego, u\u015bwietnia\u0142 polskie zwyci\u0119stwa, koronacje kr\u00f3l\u00f3w i wizyty zagranicznych wys\u0142annik\u00f3w. Stare Miasto w Krakowie, wpisane na List\u0119 \u015awiatowego Dziedzictwa UNESCO, zachwyca zachwycaj\u0105c\u0105 architektur\u0105, kr\u0119tymi brukowanymi uliczkami, dawnym pa\u0142acem kr\u00f3lewskim, imponuj\u0105cymi katedrami i ko\u015bcio\u0142ami oraz \u015bredniowiecznym Rynkiem G\u0142\u00f3wnym. W sezonie letnim zabytkowy Rynek G\u0142\u00f3wny staje si\u0119 t\u0119tni\u0105cym \u017cyciem miejscem plenerowych festiwali muzycznych, przedstawie\u0144 teatralnych i sezonowych jarmark\u00f3w.     <\/p>\n\n<p>W centrum Rynku G\u0142\u00f3wnego znajduj\u0105 si\u0119 Sukiennice, imponuj\u0105ca renesansowa budowla i historyczne centrum handlu dla kupc\u00f3w tekstylnych. Na pi\u0119trze Sukiennic znajduje si\u0119 Muzeum Sukiennic \u2013 Galeria Sztuki Polskiej XIX wieku, oddzia\u0142 Muzeum Narodowego w Krakowie. W czterech salach wystawowych galerii znajduje si\u0119 imponuj\u0105ca kolekcja rze\u017ab i obraz\u00f3w historycznych, w tym niesamowite obrazy s\u0142ynnego polskiego malarza Jana Matejki. Pod Rynkiem G\u0142\u00f3wnym, w Podziemiach Rynku, znajduje si\u0119 muzeum archeologiczne, kt\u00f3re zabiera zwiedzaj\u0105cych w historyczn\u0105 podr\u00f3\u017c po mie\u015bcie. Po zwiedzeniu muze\u00f3w, spacer przez arkady Sukiennic ujawnia rz\u0119dy drewnianych stragan\u00f3w z kolorowymi polskimi pami\u0105tkami. Wok\u00f3\u0142 Rynku znajduj\u0105 si\u0119 liczne restauracje i kawiarnie z tarasami z widokiem na plac, serwuj\u0105ce dania kuchni polskiej i mi\u0119dzynarodowej. Obok Sukiennic wznosi si\u0119 XIV-wieczna Wie\u017ca Ratuszowa.       <\/p>\n\n<p>Na rogu Rynku znajduje si\u0119 Bazylika Mariacka (Ko\u015bci\u00f3\u0142 Mariacki), XIII-wieczny klejnot architektoniczny z r\u00f3wnie wspania\u0142ymi wn\u0119trzami, w kt\u00f3rych znajduje si\u0119 XIV-wieczny gotycki o\u0142tarz wyrze\u017abiony przez Wita Stwosza. Co godzin\u0119 z jednej z dw\u00f3ch wie\u017c rozbrzmiewa Hejna\u0142 Mariacki (hymn Krakowa). Spacer po placu zaprowadzi nas pod pomnik Adama Mickiewicza, najwi\u0119kszego polskiego pisarza XIX wieku. Pobliska ulica Floria\u0144ska prowadzi nas do Bramy Floria\u0144skiej, XIV-wiecznej gotyckiej wie\u017cy zbudowanej jako wa\u0142y obronne przed atakami tatarskimi, kt\u00f3ra s\u0142u\u017cy\u0142a jako staro\u017cytne wej\u015bcie do Starego Miasta. Spacer przez bram\u0119 ujawnia \u015bredniowieczny Barbakan Krakowski, okr\u0105g\u0142\u0105 fortec\u0119 niegdy\u015b po\u0142\u0105czon\u0105 z murami obronnymi miasta.     <\/p>\n\n<p>Otaczaj\u0105ce Stare Miasto Planty to miejski park z wysokimi drzewami, wij\u0105cymi si\u0119 \u015bcie\u017ckami i licznymi \u0142awkami. Planty by\u0142y niegdy\u015b miejscem \u015bredniowiecznych mur\u00f3w obronnych Krakowa otoczonych fos\u0105, kt\u00f3re zosta\u0142y zniszczone w XIX wieku przez Cesarstwo Austro-W\u0119gierskie. Pod\u0105\u017camy \u015bcie\u017ckami parku granicz\u0105cymi ze Starym Miastem i ulic\u0105 \u015awi\u0119tej Anny do ulicy Jagiello\u0144skiej, aby odwiedzi\u0107 Uniwersytet Jagiello\u0144ski. Jest to najstarsza uczelnia w Krakowie z zabytkowymi salami, w tym Star\u0105 Sal\u0105 Biblioteczn\u0105 i Aul\u0105 w Collegium Maius.    <\/p>\n\n<p>Promenada nad Wis\u0142\u0105 pokazuje pi\u0119kne \u0142odzie rzeczne i majestatyczny Zamek Kr\u00f3lewski na szczycie wzg\u00f3rza. Zamek Kr\u00f3lewski i Katedra (Wawel) to dawna rezydencja kr\u00f3lewska w Polsce, centrum zarz\u0105dzania i symbol religijny. Kompleks wawelski obejmuje fortyfikacje obronne, katedr\u0119 rzymskokatolick\u0105 i Zamek Kr\u00f3lewski na Wawelu z arkadowym dziedzi\u0144cem. Komnaty i apartamenty kr\u00f3lewskie pochodz\u0105 z XVI i XVII wieku i prezentuj\u0105 wspania\u0142e gobeliny Jagiellon\u00f3w, komnat\u0119 koronacyjn\u0105, meble z epoki, kolekcj\u0119 broni i wspania\u0142e obrazy przedstawiaj\u0105ce histori\u0119 Polski. Smocza Jama opowiada legend\u0119 o smoku, tw\u00f3rcy Krakowa.     <\/p>\n\n<p>Na po\u0142udnie od Starego Miasta znajduje si\u0119 Kazimierz, historyczna dzielnica \u017cydowska za\u0142o\u017cona w XIV wieku. Spacer po Kazimierzu to labirynt uliczek, malowniczych plac\u00f3w, zabytk\u00f3w sakralnych, historycznej i nowoczesnej architektury, licznych restauracji i klub\u00f3w. XV-wieczna Stara Synagoga jest cennym zabytkiem architektury i kultury \u017cydowskiej w Krakowie. Synagoga Remuh i przylegaj\u0105cy do niej cmentarz pochodz\u0105 z XVI wieku. Kazimierz to fascynuj\u0105ce miejsce z synagogami i ko\u015bcio\u0142ami, architektur\u0105 w wielu stylach i duchem bohemy.     <\/p>\n\n<p>W ca\u0142ym Krakowie znajduj\u0105 si\u0119 wspania\u0142e ko\u015bcio\u0142y i klasztory. Ko\u015bci\u00f3\u0142 \u015bw. Paw\u0142a i Piotra, ufundowany przez kr\u00f3la Polski Zygmunta III Waz\u0119 i jezuit\u00f3w, posiada barokow\u0105 fasad\u0119 wykonan\u0105 z w\u0142oskiego marmuru i pos\u0105gi 12 aposto\u0142\u00f3w wzd\u0142u\u017c bram wej\u015bciowych. Opactwo Benedyktyn\u00f3w w Ty\u0144cu, po\u0142o\u017cone we wsi Tyniec nad Wis\u0142\u0105, zosta\u0142o ufundowane przez kr\u00f3la Kazimierza I Odnowiciela i jest siedzib\u0105 zakonu benedyktyn\u00f3w. Obecnie opactwo pe\u0142ni funkcj\u0119 muzeum, odwiedzanego zar\u00f3wno przez turyst\u00f3w, jak i pielgrzym\u00f3w poszukuj\u0105cych inspiracji i refleksji.    <\/p>\n\n<h3 class=\"wp-block-heading\">Tatry<\/h3>\n\n<p>Podr\u00f3\u017c do po\u0142udniowej cz\u0119\u015bci Polski odkrywa historyczne miasta, urocze wioski, rezerwaty przyrody i majestatyczne g\u00f3ry. Tatry, b\u0119d\u0105ce cz\u0119\u015bci\u0105 wojew\u00f3dztwa ma\u0142opolskiego, s\u0105 naturalnym rajem z surowymi szlakami turystycznymi, malowniczymi jeziorami, r\u00f3\u017cnorodn\u0105 przyrod\u0105 i kolorow\u0105 flor\u0105. Pasmo g\u00f3rskie Tatr rozci\u0105ga si\u0119 przez po\u0142udniow\u0105 granic\u0119 Polski i p\u00f3\u0142nocn\u0105 cz\u0119\u015b\u0107 S\u0142owacji. Tatrza\u0144ski Park Narodowy obejmuje Tatry i ich najwy\u017cszy szczyt Rysy. Odwiedzaj\u0105cy park mog\u0105 zwiedzi\u0107 du\u017c\u0105 jaskini\u0119 wapienn\u0105 znan\u0105 jako Jaskinia Wielka \u015anie\u017cna i w\u0119drowa\u0107 malowniczym szlakiem prowadz\u0105cym do Morskiego Oka, pi\u0119knego jeziora otoczonego Tatrami. Wewn\u0105trz parku liczne szlaki turystyczne prowadz\u0105 wzd\u0142u\u017c bujnych las\u00f3w, spokojnych \u0142\u0105k, osza\u0142amiaj\u0105cych wodospad\u00f3w i surowych szczyt\u00f3w g\u00f3rskich.       <\/p>\n\n<p>Urocza g\u00f3rska wioska Zakopane jest popularnym miejscem zimowym, kt\u00f3re zachwyca odwiedzaj\u0105cych rze\u017abion\u0105 drewnian\u0105 architektur\u0105, t\u0119tni\u0105cymi \u017cyciem Krup\u00f3wkami, kolorow\u0105 kultur\u0105 G\u00f3rali i autentyczn\u0105 kuchni\u0105 regionaln\u0105. Kolej linowa na Guba\u0142\u00f3wk\u0119 zapewnia p\u0142ynn\u0105 wspinaczk\u0119 na szczyt g\u00f3r, oferuj\u0105c pi\u0119kne widoki na Giewont i Kasprowy Wierch. Przeja\u017cd\u017cka przez okolic\u0119 mija malownicze doliny, \u0142adne wioski i \u017cyzne pola uprawne. Wizyta we wsi Chocho\u0142\u00f3w odkrywa zabytkowe drewniane domy i barwne \u017cycie na wsi.   <\/p>\n\n<h3 class=\"wp-block-heading\">Bieszczady<\/h3>\n\n<p>Na po\u0142udniowym wschodzie Polska graniczy z Ukrain\u0105 i S\u0142owacj\u0105, dziel\u0105c z nimi Rezerwat Biosfery Karpaty Wschodnie. Bieszczadzki Park Narodowy, b\u0119d\u0105cy cz\u0119\u015bci\u0105 wojew\u00f3dztwa podkarpackiego, oferuje nienaruszon\u0105 dzik\u0105 przyrod\u0119, niesko\u0144czone lasy, unikaln\u0105 przyrod\u0119 i g\u00f3rzyst\u0105 topografi\u0119. Utworzony w 1973 roku park narodowy jest siedliskiem r\u00f3\u017cnorodnych gatunk\u00f3w dzikich zwierz\u0105t, takich jak wilki, nied\u017awiedzie, rysie, \u0142osie, jelenie i \u017cubry. Bieszczadzki Park Narodowy, b\u0119d\u0105cy cz\u0119\u015bci\u0105 \u015awiatowego Rezerwatu Biosfery, jest siedliskiem unikalnych gatunk\u00f3w ro\u015blin, ptak\u00f3w i gad\u00f3w. Topografi\u0119 parku wyznaczaj\u0105 imponuj\u0105ce Bieszczady i ich najwy\u017cszy szczyt Tarnica. Bieszczadzki Park Narodowy oferuje liczne g\u00f3rskie szlaki turystyczne, malownicze trasy rowerowe, naturalne tereny je\u017adzieckie, trasy narciarstwa biegowego i o\u015brodki kempingowe.      <\/p>\n\n<p>Charakterystyczny trawiasty krajobraz Po\u0142onin stanowi przyk\u0142ad wyj\u0105tkowego pi\u0119kna parku. Malownicze szlaki turystyczne na Po\u0142onin\u0119 Wetli\u0144sk\u0105 i Po\u0142onin\u0119 Cary\u0144sk\u0105 prezentuj\u0105 niezwyk\u0142e krajobrazy rozleg\u0142ych \u0142\u0105k wysoko w g\u00f3rach. Wycieczka samochodowa wzd\u0142u\u017c malowniczych wiosek regionu prowadzi nas do historycznej wsi R\u00f3wnia i jej zachwycaj\u0105cej drewnianej cerkwi. Cerkiew prawos\u0142awna, pierwotnie zbudowana w 1840 roku, jest u\u017cywana jako ko\u015bci\u00f3\u0142 rzymskokatolicki od 1953 roku. Dalej jedziemy przez g\u00f3rzysty krajobraz, urocze wioski i malownicze Jezioro Soli\u0144skie, ods\u0142aniaj\u0105c letni\u0105 sceneri\u0119 kolorowych \u017cagl\u00f3wek na jeziorze. Po\u0142o\u017cone wzd\u0142u\u017c jeziora miejscowo\u015bci Pola\u0144czyk i Solina s\u0105 popularnymi miejscami wypoczynku i zabieg\u00f3w spa.     <\/p>\n\n<h2 class=\"wp-block-heading\">Ulubione Przygody<\/h2>\n\n<div class=\"wp-block-columns is-layout-flex wp-container-core-columns-is-layout-9d6595d7 wp-block-columns-is-layout-flex\">\n<div class=\"wp-block-column is-layout-flow wp-block-column-is-layout-flow\">\n<figure class=\"wp-block-image size-full\"><img loading=\"lazy\" decoding=\"async\" width=\"1080\" height=\"720\" src=\"https:\/\/redkarawana.com\/wp-content\/uploads\/2024\/05\/3a-Poland-Bieszczady-Rownia-Wooden-Church.jpg\" alt=\"Polska, Bieszczady, R&#xF3;wnia, Ko&#x15B;ci&#xF3;&#x142; Drewniany\" class=\"wp-image-7630\" srcset=\"https:\/\/redkarawana.com\/wp-content\/uploads\/2024\/05\/3a-Poland-Bieszczady-Rownia-Wooden-Church.jpg 1080w, https:\/\/redkarawana.com\/wp-content\/uploads\/2024\/05\/3a-Poland-Bieszczady-Rownia-Wooden-Church-300x200.jpg 300w, https:\/\/redkarawana.com\/wp-content\/uploads\/2024\/05\/3a-Poland-Bieszczady-Rownia-Wooden-Church-1024x683.jpg 1024w, https:\/\/redkarawana.com\/wp-content\/uploads\/2024\/05\/3a-Poland-Bieszczady-Rownia-Wooden-Church-768x512.jpg 768w, https:\/\/redkarawana.com\/wp-content\/uploads\/2024\/05\/3a-Poland-Bieszczady-Rownia-Wooden-Church-360x240.jpg 360w, https:\/\/redkarawana.com\/wp-content\/uploads\/2024\/05\/3a-Poland-Bieszczady-Rownia-Wooden-Church-600x400.jpg 600w\" sizes=\"auto, (max-width: 1080px) 100vw, 1080px\" \/><figcaption class=\"wp-element-caption\">Polska, Bieszczady, R\u00f3wnia, Ko\u015bci\u00f3\u0142 Drewniany<\/figcaption><\/figure>\n<\/div>\n\n\n\n<div class=\"wp-block-column is-layout-flow wp-block-column-is-layout-flow\">\n<figure class=\"wp-block-image size-full\"><img loading=\"lazy\" decoding=\"async\" width=\"1080\" height=\"720\" src=\"https:\/\/redkarawana.com\/wp-content\/uploads\/2024\/05\/3b-Poland-Bieszczady-Polanczyk.jpg\" alt=\"Polska, Bieszczady, Pola&#x144;czyk\" class=\"wp-image-7634\" srcset=\"https:\/\/redkarawana.com\/wp-content\/uploads\/2024\/05\/3b-Poland-Bieszczady-Polanczyk.jpg 1080w, https:\/\/redkarawana.com\/wp-content\/uploads\/2024\/05\/3b-Poland-Bieszczady-Polanczyk-300x200.jpg 300w, https:\/\/redkarawana.com\/wp-content\/uploads\/2024\/05\/3b-Poland-Bieszczady-Polanczyk-1024x683.jpg 1024w, https:\/\/redkarawana.com\/wp-content\/uploads\/2024\/05\/3b-Poland-Bieszczady-Polanczyk-768x512.jpg 768w, https:\/\/redkarawana.com\/wp-content\/uploads\/2024\/05\/3b-Poland-Bieszczady-Polanczyk-360x240.jpg 360w, https:\/\/redkarawana.com\/wp-content\/uploads\/2024\/05\/3b-Poland-Bieszczady-Polanczyk-600x400.jpg 600w\" sizes=\"auto, (max-width: 1080px) 100vw, 1080px\" \/><figcaption class=\"wp-element-caption\">Polska, Bieszczady, Pola\u0144czyk<\/figcaption><\/figure>\n<\/div>\n<\/div>\n\n<h3 class=\"wp-block-heading\">Kopalnia Soli &#8222;Wieliczka&#8221;<\/h3>\n\n<p>Miasto Wieliczka le\u017cy w wojew\u00f3dztwie ma\u0142opolskim, na po\u0142udniowy wsch\u00f3d od Krakowa. Wieliczka, za\u0142o\u017cona w 1290 roku, przynios\u0142a dobrobyt Polsce dzi\u0119ki odkryciu i wydobyciu podziemnych z\u0142\u00f3\u017c soli kamiennej. Kopalnia Soli w Wieliczce, wpisana na List\u0119 \u015awiatowego Dziedzictwa UNESCO w 1978 roku, jest naturalnym i kulturalnym miejscem w regionie.   <\/p>\n\n<p>Wycieczka z przewodnikiem do Kopalni Soli w Wieliczce wymaga pokonania 800 schod\u00f3w, pod\u0105\u017cania 3-kilometrowym labiryntem korytarzy i dotarcia na g\u0142\u0119boko\u015b\u0107 135 metr\u00f3w pod ziemi\u0119. Podczas wycieczki zwiedzaj\u0105cy poznaj\u0105 histori\u0119 kopalni soli, odwiedzaj\u0105 Muzeum \u017bup Krakowskich i odkrywaj\u0105 magiczne korytarze, duchowe kaplice i pi\u0119kne komory, wszystkie wyrze\u017abione w soli kamiennej. W niekt\u00f3rych okresach podziemne komory staj\u0105 si\u0119 galeri\u0105 sztuki, planem filmowym, miejscem \u015blub\u00f3w lub imprez muzycznych. Kingi to pi\u0119kna podziemna kaplica z \u017cyrandolami z kryszta\u0142u soli, rze\u017abionym o\u0142tarzem, pomnikiem Jana Paw\u0142a II i rze\u017abion\u0105 replik\u0105 \u201eOstatniej Wieczerzy\u201d Da Vinci.    <\/p>\n\n<p>W XIX wieku Wieliczka sta\u0142a si\u0119 uzdrowiskiem promuj\u0105cym zabiegi solankowe. Dzi\u015b Uzdrowisko Kopalnia Soli Wieliczka oferuje r\u00f3\u017cne zabiegi, w tym jednodniow\u0105 terapi\u0119 podziemn\u0105 w leczeniu chor\u00f3b uk\u0142adu oddechowego, dzienne zabiegi rehabilitacyjne i pobyty nocne \u201eZdrowy Sen\u201d. Kopalnia Soli w Wieliczce to niesamowite naturalne miejsce z imponuj\u0105cymi solnymi komorami i korytarzami.  <\/p>\n\n<h2 class=\"wp-block-heading\">Wybrane Dania<\/h2>\n\n<div class=\"wp-block-columns is-layout-flex wp-container-core-columns-is-layout-9d6595d7 wp-block-columns-is-layout-flex\">\n<div class=\"wp-block-column is-layout-flow wp-block-column-is-layout-flow\">\n<figure class=\"wp-block-image size-full\"><img loading=\"lazy\" decoding=\"async\" width=\"1080\" height=\"720\" src=\"https:\/\/redkarawana.com\/wp-content\/uploads\/2024\/05\/4a-Poland-Bieszczady-Zurek.jpg\" alt=\"Polska, Bieszczady, &#x17B;urek\" class=\"wp-image-7638\" srcset=\"https:\/\/redkarawana.com\/wp-content\/uploads\/2024\/05\/4a-Poland-Bieszczady-Zurek.jpg 1080w, https:\/\/redkarawana.com\/wp-content\/uploads\/2024\/05\/4a-Poland-Bieszczady-Zurek-300x200.jpg 300w, https:\/\/redkarawana.com\/wp-content\/uploads\/2024\/05\/4a-Poland-Bieszczady-Zurek-1024x683.jpg 1024w, https:\/\/redkarawana.com\/wp-content\/uploads\/2024\/05\/4a-Poland-Bieszczady-Zurek-768x512.jpg 768w, https:\/\/redkarawana.com\/wp-content\/uploads\/2024\/05\/4a-Poland-Bieszczady-Zurek-360x240.jpg 360w, https:\/\/redkarawana.com\/wp-content\/uploads\/2024\/05\/4a-Poland-Bieszczady-Zurek-600x400.jpg 600w\" sizes=\"auto, (max-width: 1080px) 100vw, 1080px\" \/><figcaption class=\"wp-element-caption\">Polska, Bieszczady, \u017burek<\/figcaption><\/figure>\n<\/div>\n\n\n\n<div class=\"wp-block-column is-layout-flow wp-block-column-is-layout-flow\">\n<figure class=\"wp-block-image size-full\"><img loading=\"lazy\" decoding=\"async\" width=\"1080\" height=\"720\" src=\"https:\/\/redkarawana.com\/wp-content\/uploads\/2024\/05\/4b-Poland-Bieszczady-Nalesnik-z-Jagodami.jpg\" alt=\"Polska, Bieszczady, Nale&#x15B;nik z Jagodami\" class=\"wp-image-7642\" srcset=\"https:\/\/redkarawana.com\/wp-content\/uploads\/2024\/05\/4b-Poland-Bieszczady-Nalesnik-z-Jagodami.jpg 1080w, https:\/\/redkarawana.com\/wp-content\/uploads\/2024\/05\/4b-Poland-Bieszczady-Nalesnik-z-Jagodami-300x200.jpg 300w, https:\/\/redkarawana.com\/wp-content\/uploads\/2024\/05\/4b-Poland-Bieszczady-Nalesnik-z-Jagodami-1024x683.jpg 1024w, https:\/\/redkarawana.com\/wp-content\/uploads\/2024\/05\/4b-Poland-Bieszczady-Nalesnik-z-Jagodami-768x512.jpg 768w, https:\/\/redkarawana.com\/wp-content\/uploads\/2024\/05\/4b-Poland-Bieszczady-Nalesnik-z-Jagodami-360x240.jpg 360w, https:\/\/redkarawana.com\/wp-content\/uploads\/2024\/05\/4b-Poland-Bieszczady-Nalesnik-z-Jagodami-600x400.jpg 600w\" sizes=\"auto, (max-width: 1080px) 100vw, 1080px\" \/><figcaption class=\"wp-element-caption\">Polska, Bieszczady, Nale\u015bnik z Jagodami<\/figcaption><\/figure>\n<\/div>\n<\/div>\n\n<h3 class=\"wp-block-heading\">\u017burek<\/h3>\n\n<p>\u017burek to tradycyjna polska zupa o wyj\u0105tkowym smaku i aromacie. G\u0142\u00f3wnym sk\u0142adnikiem u\u017cywanym do produkcji tej zupy jest zakwaszona m\u0105ka \u017cytnia. M\u0105ka \u017cytnia w po\u0142\u0105czeniu z wod\u0105 powoduje fermentacj\u0119 i po kilku dniach tworzy \u201ekwas\u201d, p\u0142yn o kwa\u015bnym smaku. Wiele sk\u0142adnik\u00f3w, takich jak surowa bia\u0142a kie\u0142basa, ziemniaki, zio\u0142a, przyprawy, \u015bmietana i gotowane jajka s\u0105 gotowane razem z \u201ekwasem\u201d, tworz\u0105c zup\u0119 o niepowtarzalnym smaku. \u017burek jest tradycyjnie podawany podczas \u015bwi\u0105t religijnych Wielkanocy, ale jest r\u00f3wnie popularny przez ca\u0142y rok. Istniej\u0105 r\u00f3\u017cne regionalne przepisy na \u017curek, tworz\u0105c l\u017cejsz\u0105 lub bardziej serdeczn\u0105 zup\u0119. We wsi Wetlina w Bieszczadach, Chata W\u0119drowca (Karczma i Restauracja) serwuje doskona\u0142\u0105 kuchni\u0119 regionaln\u0105, w tym nale\u015bnik z jagodami i pyszny \u017curek.      <\/p>\n\n<h3 class=\"wp-block-heading\">Zupa Czosnkowa<\/h3>\n\n<p>W Polsce, na S\u0142owacji i w Czechach istnieje wiele pomys\u0142owych przepis\u00f3w na zup\u0119 czosnkow\u0105. Zupa czosnkowa oferuje idealn\u0105 r\u00f3wnowag\u0119 \u015bwie\u017co\u015bci, warto\u015bci od\u017cywczych i aromatu. W miejscowo\u015bci Cisna w Bieszczadach Ober\u017ca Pod Kud\u0142atym Anio\u0142em serwuje doskona\u0142\u0105 kuchni\u0119 regionaln\u0105. Pr\u00f3bujemy znakomitej wersji zupy czosnkowej i pysznego nale\u015bnika z jagodami. Kremowa zupa czosnkowa doskonale \u0142\u0105czy aromatyczny bulion, \u015bwie\u017cy czosnek, chrupi\u0105ce grzanki i \u015bwie\u017c\u0105 natk\u0119 pietruszki, stanowi\u0105c apetyczne pierwsze danie.      <\/p>\n\n<h3 class=\"wp-block-heading\">Nale\u015bnik z Jagodami<\/h3>\n\n<p>Kuchnia francuska, w\u0142oska i austriacka przez wieki wp\u0142ywa\u0142y na kuchni\u0119 polsk\u0105. Nale\u015bnik z jagodami to delikatny deser i doskona\u0142e po\u0142\u0105czenie kuchni polskiej i francuskiej. Region Bieszczad obfituje w dzikie le\u015bne jagody, kt\u00f3re s\u0105 g\u0142\u00f3wnym sk\u0142adnikiem nale\u015bnika z jagodami. Nic nie zast\u0105pi smaku, konsystencji i pi\u0119knego koloru jag\u00f3d le\u015bnych. Klasyczne ciasto nale\u015bnikowe sk\u0142ada si\u0119 z m\u0105ki, jajek, szczypty soli, wody lub mleka, a nawet \u015bmietany. Lekko s\u0142odzone dzikie jagody s\u0105 u\u017cywane jako nadzienie lub polewa do nale\u015bnika z jagodami. Dope\u0142nieniem tego pysznego deseru jest posypka z cukru pudru.        <\/p>\n\n<h3 class=\"wp-block-heading\">Restauracje w Krakowie<\/h3>\n\n<p>Krak\u00f3w jest cz\u0119\u015bci\u0105 Galicji, historycznego regionu, kt\u00f3ry do\u015bwiadczy\u0142 niszczycielskich bitew i rozbior\u00f3w przez obce mocarstwa. Zmieniaj\u0105ce si\u0119 granice Galicji doprowadzi\u0142y do powstania zr\u00f3\u017cnicowanej etnicznie populacji. Kuchnia galicyjska rozwin\u0119\u0142a si\u0119 w wyniku wp\u0142yw\u00f3w kuchni polskiej, ukrai\u0144skiej i austro-w\u0119gierskiej. Odwiedzaj\u0105cy Krak\u00f3w napotkaj\u0105 wiele restauracji wzd\u0142u\u017c brukowanych uliczek, serwuj\u0105cych tradycyjne dania kuchni galicyjskiej, nowoczesnej kuchni polskiej i europejskiej.    <\/p>\n\n<p>Przedstawiamy kilka propozycji restauracji na Starym Mie\u015bcie w Krakowie. Restauracja Szara (szara.pl\/pl), mieszcz\u0105ca si\u0119 przy Rynku G\u0142\u00f3wnym 6, serwuje pomys\u0142owe dania kuchni europejskiej. Restauracja Pod Baranem (podbaranem.com), po\u0142o\u017cona w pobli\u017cu Zamku Kr\u00f3lewskiego, przygotowuje doskona\u0142e dania kuchni polskiej z du\u017cym wyborem dziczyzny. Restauracja Pod Anio\u0142ami (podaniolami.pl\/pl), mieszcz\u0105ca si\u0119 w zabytkowym budynku z piwnicami w stylu gotyckim, oferuje znakomit\u0105 kuchni\u0119 polsk\u0105, specjalizuj\u0105c\u0105 si\u0119 w grillowanych mi\u0119sach. Szara G\u0119\u015b (szarages.com\/pl), mieszcz\u0105ca si\u0119 w zabytkowym budynku z imponuj\u0105cymi wn\u0119trzami, serwuje wyrafinowane dania kuchni polskiej.    <\/p>\n\n<h2 class=\"wp-block-heading\">Preferowane Hotele<\/h2>\n\n<div class=\"wp-block-columns is-layout-flex wp-container-core-columns-is-layout-9d6595d7 wp-block-columns-is-layout-flex\">\n<div class=\"wp-block-column is-layout-flow wp-block-column-is-layout-flow\">\n<figure class=\"wp-block-image size-full\"><img loading=\"lazy\" decoding=\"async\" width=\"1080\" height=\"720\" src=\"https:\/\/redkarawana.com\/wp-content\/uploads\/2024\/05\/5a-Poland-Krakow-Hotel-Grodek.jpg\" alt=\"Polska, Krak&#xF3;w, Hotel Gr&#xF3;dek\" class=\"wp-image-7646\" srcset=\"https:\/\/redkarawana.com\/wp-content\/uploads\/2024\/05\/5a-Poland-Krakow-Hotel-Grodek.jpg 1080w, https:\/\/redkarawana.com\/wp-content\/uploads\/2024\/05\/5a-Poland-Krakow-Hotel-Grodek-300x200.jpg 300w, https:\/\/redkarawana.com\/wp-content\/uploads\/2024\/05\/5a-Poland-Krakow-Hotel-Grodek-1024x683.jpg 1024w, https:\/\/redkarawana.com\/wp-content\/uploads\/2024\/05\/5a-Poland-Krakow-Hotel-Grodek-768x512.jpg 768w, https:\/\/redkarawana.com\/wp-content\/uploads\/2024\/05\/5a-Poland-Krakow-Hotel-Grodek-360x240.jpg 360w, https:\/\/redkarawana.com\/wp-content\/uploads\/2024\/05\/5a-Poland-Krakow-Hotel-Grodek-600x400.jpg 600w\" sizes=\"auto, (max-width: 1080px) 100vw, 1080px\" \/><figcaption class=\"wp-element-caption\">Polska, Krak\u00f3w, Hotel Gr\u00f3dek<\/figcaption><\/figure>\n<\/div>\n\n\n\n<div class=\"wp-block-column is-layout-flow wp-block-column-is-layout-flow\">\n<figure class=\"wp-block-image size-full\"><img loading=\"lazy\" decoding=\"async\" width=\"1080\" height=\"720\" src=\"https:\/\/redkarawana.com\/wp-content\/uploads\/2024\/05\/5b-Poland-Bieszczady-Hotel-Carpatia-Bieszczadzki-Gosciniec.jpg\" alt=\"Polska, Bieszczady, Hotel Carpatia Bieszczadzki Go&#x15B;ciniec\" class=\"wp-image-7650\" srcset=\"https:\/\/redkarawana.com\/wp-content\/uploads\/2024\/05\/5b-Poland-Bieszczady-Hotel-Carpatia-Bieszczadzki-Gosciniec.jpg 1080w, https:\/\/redkarawana.com\/wp-content\/uploads\/2024\/05\/5b-Poland-Bieszczady-Hotel-Carpatia-Bieszczadzki-Gosciniec-300x200.jpg 300w, https:\/\/redkarawana.com\/wp-content\/uploads\/2024\/05\/5b-Poland-Bieszczady-Hotel-Carpatia-Bieszczadzki-Gosciniec-1024x683.jpg 1024w, https:\/\/redkarawana.com\/wp-content\/uploads\/2024\/05\/5b-Poland-Bieszczady-Hotel-Carpatia-Bieszczadzki-Gosciniec-768x512.jpg 768w, https:\/\/redkarawana.com\/wp-content\/uploads\/2024\/05\/5b-Poland-Bieszczady-Hotel-Carpatia-Bieszczadzki-Gosciniec-360x240.jpg 360w, https:\/\/redkarawana.com\/wp-content\/uploads\/2024\/05\/5b-Poland-Bieszczady-Hotel-Carpatia-Bieszczadzki-Gosciniec-600x400.jpg 600w\" sizes=\"auto, (max-width: 1080px) 100vw, 1080px\" \/><figcaption class=\"wp-element-caption\">Polska, Bieszczady, Hotel Carpatia Bieszczadzki Go\u015bciniec<\/figcaption><\/figure>\n<\/div>\n<\/div>\n\n<h3 class=\"wp-block-heading\">Hotel Gr\u00f3dek<\/h3>\n\n<p>Po\u0142o\u017cony w samym sercu Krakowa Hotel Gr\u00f3dek to uroczy hotel butikowy, kt\u00f3ry oferuje luksus, komfort i relaks. Po\u0142o\u017cony przy cichej bocznej uliczce, Hotel Gr\u00f3dek urzeka swoich go\u015bci eleganckim wystrojem, kolorowymi wn\u0119trzami i uroczym dziedzi\u0144cem. Wybieramy apartament na trzecim pi\u0119trze z widokiem na wie\u017c\u0119 ko\u015bcio\u0142a. Hotel Gr\u00f3dek oferuje wspania\u0142e \u015bniadanie w formie bufetu, kt\u00f3re obejmuje wyb\u00f3r mi\u0119s, marynowanych ryb, da\u0144 z jajek, pieczywa, warzyw i owoc\u00f3w. Hotel jest dogodnie usytuowany w odleg\u0142o\u015bci kr\u00f3tkiego spaceru od Rynku G\u0142\u00f3wnego. Hotel Gr\u00f3dek jest doskona\u0142\u0105 baz\u0105 wypadow\u0105 do zwiedzania zabytkowego Krakowa i okolicznych miejscowo\u015bci.     <\/p>\n\n<h3 class=\"wp-block-heading\">Hotel Carpatia Bieszczadzki Go\u015bciniec<\/h3>\n\n<p>Hotel Carpatia Bieszczadzki Go\u015bciniec po\u0142o\u017cony jest w miejscowo\u015bci Smerek i oferuje zakwaterowanie w g\u00f3rskim pensjonacie z widokiem na doliny, g\u00f3ry i wioski. Styl drewnianego domku i kreatywny wystr\u00f3j wn\u0119trz odzwierciedlaj\u0105 lokaln\u0105 kultur\u0119. Urocze pokoje i apartamenty ozdobione s\u0105 r\u0119cznie malowanymi motywami i kolorami natury. Polecamy przestronny pok\u00f3j 305 Szyszki na trzecim pi\u0119trze, gustownie urz\u0105dzony drewnianymi meblami i wielokolorowymi zas\u0142onami, z kt\u00f3rego roztacza si\u0119 widok na dolin\u0119 i g\u00f3ry.    <\/p>\n\n<p>Rano w jadalni serwowane jest \u015bniadanie w formie bufetu, kt\u00f3re obejmuje \u015bwie\u017ce pieczywo, regionalne w\u0119dliny i pasztety, warzywa oraz owoce. W schronisku nie ma windy, dlatego do pokoi go\u015bci prowadz\u0105 urocze schody. Hotel Carpatia Bieszczadzki Go\u015bciniec to zachwycaj\u0105cy obiekt, kt\u00f3ry serwuje wspania\u0142e dania kuchni regionalnej i oferuje centraln\u0105 lokalizacj\u0119, dzi\u0119ki kt\u00f3rej mo\u017cna cieszy\u0107 si\u0119 g\u00f3rskimi w\u0119dr\u00f3wkami, je\u017adzi\u0107 na rowerze przez wioski i je\u017adzi\u0107 konno na \u0142onie natury.  <\/p>\n\n<div class=\"wp-block-columns is-layout-flex wp-container-core-columns-is-layout-9d6595d7 wp-block-columns-is-layout-flex\">\n<div class=\"wp-block-column is-layout-flow wp-block-column-is-layout-flow\">\n<figure class=\"wp-block-image size-full\"><img loading=\"lazy\" decoding=\"async\" width=\"1080\" height=\"720\" src=\"https:\/\/redkarawana.com\/wp-content\/uploads\/2024\/05\/5c-Poland-Bieszczady-Tarnica-Hike.jpg\" alt=\"Polska, Bieszczady, W&#x119;dr&#xF3;wka na Tarnic&#x119;\" class=\"wp-image-7654\" srcset=\"https:\/\/redkarawana.com\/wp-content\/uploads\/2024\/05\/5c-Poland-Bieszczady-Tarnica-Hike.jpg 1080w, https:\/\/redkarawana.com\/wp-content\/uploads\/2024\/05\/5c-Poland-Bieszczady-Tarnica-Hike-300x200.jpg 300w, https:\/\/redkarawana.com\/wp-content\/uploads\/2024\/05\/5c-Poland-Bieszczady-Tarnica-Hike-1024x683.jpg 1024w, https:\/\/redkarawana.com\/wp-content\/uploads\/2024\/05\/5c-Poland-Bieszczady-Tarnica-Hike-768x512.jpg 768w, https:\/\/redkarawana.com\/wp-content\/uploads\/2024\/05\/5c-Poland-Bieszczady-Tarnica-Hike-360x240.jpg 360w, https:\/\/redkarawana.com\/wp-content\/uploads\/2024\/05\/5c-Poland-Bieszczady-Tarnica-Hike-600x400.jpg 600w\" sizes=\"auto, (max-width: 1080px) 100vw, 1080px\" \/><figcaption class=\"wp-element-caption\">Polska, Bieszczady, W\u0119dr\u00f3wka na Tarnic\u0119<\/figcaption><\/figure>\n<\/div>\n\n\n\n<div class=\"wp-block-column is-layout-flow wp-block-column-is-layout-flow\">\n<figure class=\"wp-block-image size-full\"><img loading=\"lazy\" decoding=\"async\" width=\"1080\" height=\"720\" src=\"https:\/\/redkarawana.com\/wp-content\/uploads\/2024\/05\/5d-Poland-Krakow-City-Walls.jpg\" alt=\"Polska, Krak&#xF3;w, Mury Miejskie\" class=\"wp-image-7658\" srcset=\"https:\/\/redkarawana.com\/wp-content\/uploads\/2024\/05\/5d-Poland-Krakow-City-Walls.jpg 1080w, https:\/\/redkarawana.com\/wp-content\/uploads\/2024\/05\/5d-Poland-Krakow-City-Walls-300x200.jpg 300w, https:\/\/redkarawana.com\/wp-content\/uploads\/2024\/05\/5d-Poland-Krakow-City-Walls-1024x683.jpg 1024w, https:\/\/redkarawana.com\/wp-content\/uploads\/2024\/05\/5d-Poland-Krakow-City-Walls-768x512.jpg 768w, https:\/\/redkarawana.com\/wp-content\/uploads\/2024\/05\/5d-Poland-Krakow-City-Walls-360x240.jpg 360w, https:\/\/redkarawana.com\/wp-content\/uploads\/2024\/05\/5d-Poland-Krakow-City-Walls-600x400.jpg 600w\" sizes=\"auto, (max-width: 1080px) 100vw, 1080px\" \/><figcaption class=\"wp-element-caption\">Polska, Krak\u00f3w, Mury Miejskie<\/figcaption><\/figure>\n<\/div>\n<\/div>\n","protected":false},"excerpt":{"rendered":"<p>W sercu Europy Wschodniej, staro\u017cytna stolica Polski, Krak\u00f3w, prezentuje bogate dziedzictwo kulturowe, monarchiczn\u0105 histori\u0119 i miejsca kultu religijnego. Po\u0142udniowa granica Polski to pi\u0119kne Tatry, malownicze wioski i fascynuj\u0105ca kultura g\u00f3ralska. Na skrajnym po\u0142udniowym wschodzie Polska graniczy z Ukrain\u0105 i S\u0142owacj\u0105, dziel\u0105c z nimi pasmo g\u00f3rskie Bieszczady i jego nienaruszon\u0105 dzik\u0105 przyrod\u0119 oraz r\u00f3\u017cnorodn\u0105 flor\u0119 i [&hellip;]<\/p>\n","protected":false},"featured_media":7609,"template":"","meta":{"_acf_changed":true},"journeyscat":[67],"class_list":["post-7665","journeys","type-journeys","status-publish","has-post-thumbnail","hentry","journeyscat-historia-tradycje"],"acf":[],"yoast_head":"<!-- This site is optimized with the Yoast SEO plugin v27.4 - https:\/\/yoast.com\/product\/yoast-seo-wordpress\/ -->\n<title>Krak\u00f3w i G\u00f3ry, Polska - Historia &amp; Tradycje - Red Karawana<\/title>\n<meta name=\"description\" content=\"Krak\u00f3w to dawna stolica Polski z bogatym dziedzictwem kulturowym. Po\u0142udniowe regiony Polski maj\u0105 wspania\u0142e g\u00f3ry i kultur\u0119 ludow\u0105.\" \/>\n<meta name=\"robots\" content=\"index, follow, max-snippet:-1, max-image-preview:large, max-video-preview:-1\" \/>\n<link rel=\"canonical\" href=\"https:\/\/redkarawana.com\/pl\/podroz\/krakow-i-gory-polska\/\" \/>\n<meta property=\"og:locale\" content=\"pl_PL\" \/>\n<meta property=\"og:type\" content=\"article\" \/>\n<meta property=\"og:title\" content=\"Krak\u00f3w i G\u00f3ry, Polska - Historia &amp; Tradycje - Red Karawana\" \/>\n<meta property=\"og:description\" content=\"Krak\u00f3w to dawna stolica Polski z bogatym dziedzictwem kulturowym. Po\u0142udniowe regiony Polski maj\u0105 wspania\u0142e g\u00f3ry i kultur\u0119 ludow\u0105.\" \/>\n<meta property=\"og:url\" content=\"https:\/\/redkarawana.com\/pl\/podroz\/krakow-i-gory-polska\/\" \/>\n<meta property=\"og:site_name\" content=\"Red Karawana\" \/>\n<meta property=\"article:publisher\" content=\"https:\/\/www.facebook.com\/redkarawana\/\" \/>\n<meta property=\"article:modified_time\" content=\"2025-12-04T13:35:57+00:00\" \/>\n<meta property=\"og:image\" content=\"https:\/\/redkarawana.com\/wp-content\/uploads\/2024\/05\/1-ATP-F1200x630-Poland-Krakow-Royal-Castle.jpg\" \/>\n\t<meta property=\"og:image:width\" content=\"1200\" \/>\n\t<meta property=\"og:image:height\" content=\"630\" \/>\n\t<meta property=\"og:image:type\" content=\"image\/jpeg\" \/>\n<meta name=\"twitter:card\" content=\"summary_large_image\" \/>\n<meta name=\"twitter:label1\" content=\"Szacowany czas czytania\" \/>\n\t<meta name=\"twitter:data1\" content=\"16 minut\" \/>\n<script type=\"application\/ld+json\" class=\"yoast-schema-graph\">{\"@context\":\"https:\\\/\\\/schema.org\",\"@graph\":[{\"@type\":\"WebPage\",\"@id\":\"https:\\\/\\\/redkarawana.com\\\/pl\\\/podroz\\\/krakow-i-gory-polska\\\/\",\"url\":\"https:\\\/\\\/redkarawana.com\\\/pl\\\/podroz\\\/krakow-i-gory-polska\\\/\",\"name\":\"Krak\u00f3w i G\u00f3ry, Polska - Historia & Tradycje - Red Karawana\",\"isPartOf\":{\"@id\":\"https:\\\/\\\/redkarawana.com\\\/#website\"},\"primaryImageOfPage\":{\"@id\":\"https:\\\/\\\/redkarawana.com\\\/pl\\\/podroz\\\/krakow-i-gory-polska\\\/#primaryimage\"},\"image\":{\"@id\":\"https:\\\/\\\/redkarawana.com\\\/pl\\\/podroz\\\/krakow-i-gory-polska\\\/#primaryimage\"},\"thumbnailUrl\":\"https:\\\/\\\/redkarawana.com\\\/wp-content\\\/uploads\\\/2024\\\/05\\\/1-SP-Poland-Krakow-Royal-Castle.jpg\",\"datePublished\":\"2025-12-02T19:20:15+00:00\",\"dateModified\":\"2025-12-04T13:35:57+00:00\",\"description\":\"Krak\u00f3w to dawna stolica Polski z bogatym dziedzictwem kulturowym. Po\u0142udniowe regiony Polski maj\u0105 wspania\u0142e g\u00f3ry i kultur\u0119 ludow\u0105.\",\"breadcrumb\":{\"@id\":\"https:\\\/\\\/redkarawana.com\\\/pl\\\/podroz\\\/krakow-i-gory-polska\\\/#breadcrumb\"},\"inLanguage\":\"pl-PL\",\"potentialAction\":[{\"@type\":\"ReadAction\",\"target\":[\"https:\\\/\\\/redkarawana.com\\\/pl\\\/podroz\\\/krakow-i-gory-polska\\\/\"]}]},{\"@type\":\"ImageObject\",\"inLanguage\":\"pl-PL\",\"@id\":\"https:\\\/\\\/redkarawana.com\\\/pl\\\/podroz\\\/krakow-i-gory-polska\\\/#primaryimage\",\"url\":\"https:\\\/\\\/redkarawana.com\\\/wp-content\\\/uploads\\\/2024\\\/05\\\/1-SP-Poland-Krakow-Royal-Castle.jpg\",\"contentUrl\":\"https:\\\/\\\/redkarawana.com\\\/wp-content\\\/uploads\\\/2024\\\/05\\\/1-SP-Poland-Krakow-Royal-Castle.jpg\",\"width\":680,\"height\":453,\"caption\":\"Polska, Krak\u00f3w, Zamek Kr\u00f3lewski\"},{\"@type\":\"BreadcrumbList\",\"@id\":\"https:\\\/\\\/redkarawana.com\\\/pl\\\/podroz\\\/krakow-i-gory-polska\\\/#breadcrumb\",\"itemListElement\":[{\"@type\":\"ListItem\",\"position\":1,\"name\":\"Home\",\"item\":\"https:\\\/\\\/redkarawana.com\\\/pl\\\/\"},{\"@type\":\"ListItem\",\"position\":2,\"name\":\"Krak\u00f3w i G\u00f3ry, Polska; Staro\u017cytna Stolica, Tatry i Bieszczady\"}]},{\"@type\":\"WebSite\",\"@id\":\"https:\\\/\\\/redkarawana.com\\\/#website\",\"url\":\"https:\\\/\\\/redkarawana.com\\\/\",\"name\":\"Red Karawana\",\"description\":\"\",\"publisher\":{\"@id\":\"https:\\\/\\\/redkarawana.com\\\/#organization\"},\"potentialAction\":[{\"@type\":\"SearchAction\",\"target\":{\"@type\":\"EntryPoint\",\"urlTemplate\":\"https:\\\/\\\/redkarawana.com\\\/?s={search_term_string}\"},\"query-input\":{\"@type\":\"PropertyValueSpecification\",\"valueRequired\":true,\"valueName\":\"search_term_string\"}}],\"inLanguage\":\"pl-PL\"},{\"@type\":\"Organization\",\"@id\":\"https:\\\/\\\/redkarawana.com\\\/#organization\",\"name\":\"Red Karawana\",\"url\":\"https:\\\/\\\/redkarawana.com\\\/\",\"logo\":{\"@type\":\"ImageObject\",\"inLanguage\":\"pl-PL\",\"@id\":\"https:\\\/\\\/redkarawana.com\\\/#\\\/schema\\\/logo\\\/image\\\/\",\"url\":\"https:\\\/\\\/redkarawana.com\\\/wp-content\\\/uploads\\\/2025\\\/05\\\/cropped-Screenshot-2025-05-29-at-09.27.38.png\",\"contentUrl\":\"https:\\\/\\\/redkarawana.com\\\/wp-content\\\/uploads\\\/2025\\\/05\\\/cropped-Screenshot-2025-05-29-at-09.27.38.png\",\"width\":512,\"height\":512,\"caption\":\"Red Karawana\"},\"image\":{\"@id\":\"https:\\\/\\\/redkarawana.com\\\/#\\\/schema\\\/logo\\\/image\\\/\"},\"sameAs\":[\"https:\\\/\\\/www.facebook.com\\\/redkarawana\\\/\",\"https:\\\/\\\/www.instagram.com\\\/redkarawana\\\/\",\"https:\\\/\\\/www.youtube.com\\\/channel\\\/UCU9jXzSmyKm4ZZv38FEXGKg\",\"https:\\\/\\\/www.pinterest.com\\\/redkarawana\\\/\"]}]}<\/script>\n<!-- \/ Yoast SEO plugin. -->","yoast_head_json":{"title":"Krak\u00f3w i G\u00f3ry, Polska - Historia & Tradycje - Red Karawana","description":"Krak\u00f3w to dawna stolica Polski z bogatym dziedzictwem kulturowym. Po\u0142udniowe regiony Polski maj\u0105 wspania\u0142e g\u00f3ry i kultur\u0119 ludow\u0105.","robots":{"index":"index","follow":"follow","max-snippet":"max-snippet:-1","max-image-preview":"max-image-preview:large","max-video-preview":"max-video-preview:-1"},"canonical":"https:\/\/redkarawana.com\/pl\/podroz\/krakow-i-gory-polska\/","og_locale":"pl_PL","og_type":"article","og_title":"Krak\u00f3w i G\u00f3ry, Polska - Historia & Tradycje - Red Karawana","og_description":"Krak\u00f3w to dawna stolica Polski z bogatym dziedzictwem kulturowym. Po\u0142udniowe regiony Polski maj\u0105 wspania\u0142e g\u00f3ry i kultur\u0119 ludow\u0105.","og_url":"https:\/\/redkarawana.com\/pl\/podroz\/krakow-i-gory-polska\/","og_site_name":"Red Karawana","article_publisher":"https:\/\/www.facebook.com\/redkarawana\/","article_modified_time":"2025-12-04T13:35:57+00:00","og_image":[{"width":1200,"height":630,"url":"https:\/\/redkarawana.com\/wp-content\/uploads\/2024\/05\/1-ATP-F1200x630-Poland-Krakow-Royal-Castle.jpg","type":"image\/jpeg"}],"twitter_card":"summary_large_image","twitter_misc":{"Szacowany czas czytania":"16 minut"},"schema":{"@context":"https:\/\/schema.org","@graph":[{"@type":"WebPage","@id":"https:\/\/redkarawana.com\/pl\/podroz\/krakow-i-gory-polska\/","url":"https:\/\/redkarawana.com\/pl\/podroz\/krakow-i-gory-polska\/","name":"Krak\u00f3w i G\u00f3ry, Polska - Historia & Tradycje - Red Karawana","isPartOf":{"@id":"https:\/\/redkarawana.com\/#website"},"primaryImageOfPage":{"@id":"https:\/\/redkarawana.com\/pl\/podroz\/krakow-i-gory-polska\/#primaryimage"},"image":{"@id":"https:\/\/redkarawana.com\/pl\/podroz\/krakow-i-gory-polska\/#primaryimage"},"thumbnailUrl":"https:\/\/redkarawana.com\/wp-content\/uploads\/2024\/05\/1-SP-Poland-Krakow-Royal-Castle.jpg","datePublished":"2025-12-02T19:20:15+00:00","dateModified":"2025-12-04T13:35:57+00:00","description":"Krak\u00f3w to dawna stolica Polski z bogatym dziedzictwem kulturowym. Po\u0142udniowe regiony Polski maj\u0105 wspania\u0142e g\u00f3ry i kultur\u0119 ludow\u0105.","breadcrumb":{"@id":"https:\/\/redkarawana.com\/pl\/podroz\/krakow-i-gory-polska\/#breadcrumb"},"inLanguage":"pl-PL","potentialAction":[{"@type":"ReadAction","target":["https:\/\/redkarawana.com\/pl\/podroz\/krakow-i-gory-polska\/"]}]},{"@type":"ImageObject","inLanguage":"pl-PL","@id":"https:\/\/redkarawana.com\/pl\/podroz\/krakow-i-gory-polska\/#primaryimage","url":"https:\/\/redkarawana.com\/wp-content\/uploads\/2024\/05\/1-SP-Poland-Krakow-Royal-Castle.jpg","contentUrl":"https:\/\/redkarawana.com\/wp-content\/uploads\/2024\/05\/1-SP-Poland-Krakow-Royal-Castle.jpg","width":680,"height":453,"caption":"Polska, Krak\u00f3w, Zamek Kr\u00f3lewski"},{"@type":"BreadcrumbList","@id":"https:\/\/redkarawana.com\/pl\/podroz\/krakow-i-gory-polska\/#breadcrumb","itemListElement":[{"@type":"ListItem","position":1,"name":"Home","item":"https:\/\/redkarawana.com\/pl\/"},{"@type":"ListItem","position":2,"name":"Krak\u00f3w i G\u00f3ry, Polska; Staro\u017cytna Stolica, Tatry i Bieszczady"}]},{"@type":"WebSite","@id":"https:\/\/redkarawana.com\/#website","url":"https:\/\/redkarawana.com\/","name":"Red Karawana","description":"","publisher":{"@id":"https:\/\/redkarawana.com\/#organization"},"potentialAction":[{"@type":"SearchAction","target":{"@type":"EntryPoint","urlTemplate":"https:\/\/redkarawana.com\/?s={search_term_string}"},"query-input":{"@type":"PropertyValueSpecification","valueRequired":true,"valueName":"search_term_string"}}],"inLanguage":"pl-PL"},{"@type":"Organization","@id":"https:\/\/redkarawana.com\/#organization","name":"Red Karawana","url":"https:\/\/redkarawana.com\/","logo":{"@type":"ImageObject","inLanguage":"pl-PL","@id":"https:\/\/redkarawana.com\/#\/schema\/logo\/image\/","url":"https:\/\/redkarawana.com\/wp-content\/uploads\/2025\/05\/cropped-Screenshot-2025-05-29-at-09.27.38.png","contentUrl":"https:\/\/redkarawana.com\/wp-content\/uploads\/2025\/05\/cropped-Screenshot-2025-05-29-at-09.27.38.png","width":512,"height":512,"caption":"Red Karawana"},"image":{"@id":"https:\/\/redkarawana.com\/#\/schema\/logo\/image\/"},"sameAs":["https:\/\/www.facebook.com\/redkarawana\/","https:\/\/www.instagram.com\/redkarawana\/","https:\/\/www.youtube.com\/channel\/UCU9jXzSmyKm4ZZv38FEXGKg","https:\/\/www.pinterest.com\/redkarawana\/"]}]}},"_links":{"self":[{"href":"https:\/\/redkarawana.com\/pl\/wp-json\/wp\/v2\/journeys\/7665","targetHints":{"allow":["GET"]}}],"collection":[{"href":"https:\/\/redkarawana.com\/pl\/wp-json\/wp\/v2\/journeys"}],"about":[{"href":"https:\/\/redkarawana.com\/pl\/wp-json\/wp\/v2\/types\/journeys"}],"wp:featuredmedia":[{"embeddable":true,"href":"https:\/\/redkarawana.com\/pl\/wp-json\/wp\/v2\/media\/7609"}],"wp:attachment":[{"href":"https:\/\/redkarawana.com\/pl\/wp-json\/wp\/v2\/media?parent=7665"}],"wp:term":[{"taxonomy":"journeyscat","embeddable":true,"href":"https:\/\/redkarawana.com\/pl\/wp-json\/wp\/v2\/journeyscat?post=7665"}],"curies":[{"name":"wp","href":"https:\/\/api.w.org\/{rel}","templated":true}]}}