{"id":5257,"date":"2025-12-02T11:00:55","date_gmt":"2025-12-02T11:00:55","guid":{"rendered":"https:\/\/redkarawana.com\/?post_type=savours&#038;p=5257"},"modified":"2025-12-04T07:02:15","modified_gmt":"2025-12-04T07:02:15","slug":"salatka-z-endywii-belgijskiej-francja","status":"publish","type":"savours","link":"https:\/\/redkarawana.com\/pl\/smak\/salatka-z-endywii-belgijskiej-francja\/","title":{"rendered":"Sa\u0142atka z Endywii Belgijskiej, Francja; Sa\u0142atka z Orzechami w Sosie Francuskim"},"content":{"rendered":"\n<p>Odkrycie endywii belgijskiej si\u0119ga 1830 roku. Belgijski rolnik odkry\u0142 przypadkiem w swojej podziemnej piwnicy kulinarny styl uprawy sa\u0142aty bez u\u017cycia \u017cadnego \u015bwiat\u0142a. Podziemna ciemno\u015b\u0107 umo\u017cliwia powolny proces uprawy, kt\u00f3ry dostarcza delikatne serce sa\u0142aty zwanej Endywi\u0105 Belgijsk\u0105. W 1872 roku, Endywia Belgijska wkroczy\u0142a na rynek francuski i zacz\u0105\u0142 si\u0105 we Francji romans z tym unikalnym warzywem. Bia\u0142o kremowe serca sa\u0142aty maj\u0105 owalny kszta\u0142t i \u017c\u00f3\u0142tawe kraw\u0119dzie li\u015bci. Lekko gorzka sa\u0142ata posiada b\u0142onnik, witaminy i minera\u0142y.      <\/p>\n\n<p>W kuchni francuskiej Endywia Belgijska jest u\u017cywana w wielu przepisach kulinarnych, takich jak \u015bwie\u017ce sa\u0142atki, zupy i duszone potrawy. Nasz przepis sa\u0142atki z Endywi Belgijskiej jest prosty i idealnie unifikuje wszystkie sk\u0142adniki. Chrupi\u0105ce li\u015bcie sa\u0142aty, \u015bwie\u017ce orzechy w\u0142oskie i aromatyczny ser Roqueford s\u0105 delikatnie doprawione klasycznym sosem musztardowym, i razem tworz\u0105 orze\u017awiaj\u0105c\u0105 i od\u017cywcz\u0105 sa\u0142atk\u0119. Sa\u0142atka z Endywii Belgijskiej odzwierciedla prostot\u0119 klasycznej kuchni francuskiej, kt\u00f3ra podkre\u015bla \u015bwie\u017csze produkty z francuskiego ogrodu, farmy i lasu.    <\/p>\n\n<div class=\"wp-block-columns is-layout-flex wp-container-core-columns-is-layout-9d6595d7 wp-block-columns-is-layout-flex\">\n<div class=\"wp-block-column is-layout-flow wp-block-column-is-layout-flow\">\n<figure class=\"wp-block-image size-full\"><img loading=\"lazy\" decoding=\"async\" width=\"1080\" height=\"720\" src=\"https:\/\/redkarawana.com\/wp-content\/uploads\/2024\/05\/1a-France-Belgian-Endive-Salad-Belgian-Endives.jpg\" alt=\"Endywie Belgijskie\" class=\"wp-image-5234\" srcset=\"https:\/\/redkarawana.com\/wp-content\/uploads\/2024\/05\/1a-France-Belgian-Endive-Salad-Belgian-Endives.jpg 1080w, https:\/\/redkarawana.com\/wp-content\/uploads\/2024\/05\/1a-France-Belgian-Endive-Salad-Belgian-Endives-300x200.jpg 300w, https:\/\/redkarawana.com\/wp-content\/uploads\/2024\/05\/1a-France-Belgian-Endive-Salad-Belgian-Endives-1024x683.jpg 1024w, https:\/\/redkarawana.com\/wp-content\/uploads\/2024\/05\/1a-France-Belgian-Endive-Salad-Belgian-Endives-768x512.jpg 768w, https:\/\/redkarawana.com\/wp-content\/uploads\/2024\/05\/1a-France-Belgian-Endive-Salad-Belgian-Endives-360x240.jpg 360w, https:\/\/redkarawana.com\/wp-content\/uploads\/2024\/05\/1a-France-Belgian-Endive-Salad-Belgian-Endives-600x400.jpg 600w\" sizes=\"auto, (max-width: 1080px) 100vw, 1080px\" \/><figcaption class=\"wp-element-caption\">Endywie Belgijskie<\/figcaption><\/figure>\n<\/div>\n\n\n\n<div class=\"wp-block-column is-layout-flow wp-block-column-is-layout-flow\">\n<figure class=\"wp-block-image size-full\"><img loading=\"lazy\" decoding=\"async\" width=\"1080\" height=\"720\" src=\"https:\/\/redkarawana.com\/wp-content\/uploads\/2024\/05\/1b-France-Belgian-Endive-Salad-Olive-Oil-Mustard.jpg\" alt=\"Oliwa z Oliwek, Musztarda\" class=\"wp-image-5238\" srcset=\"https:\/\/redkarawana.com\/wp-content\/uploads\/2024\/05\/1b-France-Belgian-Endive-Salad-Olive-Oil-Mustard.jpg 1080w, https:\/\/redkarawana.com\/wp-content\/uploads\/2024\/05\/1b-France-Belgian-Endive-Salad-Olive-Oil-Mustard-300x200.jpg 300w, https:\/\/redkarawana.com\/wp-content\/uploads\/2024\/05\/1b-France-Belgian-Endive-Salad-Olive-Oil-Mustard-1024x683.jpg 1024w, https:\/\/redkarawana.com\/wp-content\/uploads\/2024\/05\/1b-France-Belgian-Endive-Salad-Olive-Oil-Mustard-768x512.jpg 768w, https:\/\/redkarawana.com\/wp-content\/uploads\/2024\/05\/1b-France-Belgian-Endive-Salad-Olive-Oil-Mustard-360x240.jpg 360w, https:\/\/redkarawana.com\/wp-content\/uploads\/2024\/05\/1b-France-Belgian-Endive-Salad-Olive-Oil-Mustard-600x400.jpg 600w\" sizes=\"auto, (max-width: 1080px) 100vw, 1080px\" \/><figcaption class=\"wp-element-caption\">Oliwa z Oliwek, Musztarda<\/figcaption><\/figure>\n<\/div>\n<\/div>\n\n<p>Endywie Belgijskie \u2013 6 ca\u0142ych endywii<br\/>Orzechy W\u0142oskie \u2013 5 ca\u0142ych orzech\u00f3w w\u0142oskich w skorupach<br\/>Roquefort Ser \u2013 1,5 calowy plasterek sera<br\/>Dijon Musztarda \u2013 3 \u0142y\u017ceczki<br\/>Olej z Oliwek \u2013 3 \u0142y\u017cki<br\/>Woda \u2013 3 \u0142y\u017cki<br\/>S\u00f3l \u2013 do smaku<br\/>\u015awie\u017co Zmielony Czarny Pieprz \u2013 do smaku<\/p>\n\n<h3 class=\"wp-block-heading\">Etap 1<\/h3>\n\n<p>Odci\u0105\u0107 ma\u0142e trzonki sa\u0142aty i delikatnie oddzieli\u0107 li\u015bcie. Pokroi\u0107 serca sa\u0142aty w \u0107wiartki. Umie\u015bci\u0107 li\u015bcie sa\u0142aty w misce w pozycji skierowanej do g\u00f3ry.  <\/p>\n\n<h3 class=\"wp-block-heading\">Etap 2<\/h3>\n\n<p>Po\u0142ama\u0107 orzechy w\u0142oskie na po\u0142\u00f3wki i pokroi\u0107 ser na ma\u0142e kawa\u0142ki. <\/p>\n\n<h3 class=\"wp-block-heading\">Etap 3<\/h3>\n\n<p>Wymiesza\u0107 musztard\u0119 i olej z oliwek na g\u0142adk\u0105 tekstur\u0119. Doda\u0107 wod\u0119, \u015bwie\u017co zmielony pieprz i s\u00f3l, i wymiesza\u0107 na g\u0142adk\u0105 konsystencj\u0119.  <\/p>\n\n<h3 class=\"wp-block-heading\">Etap 4<\/h3>\n\n<p>Pola\u0107 delikatnie sa\u0142at\u0119 sosem musztardowym. Umie\u015bci\u0107 kawa\u0142ki sera i orzech\u00f3w w\u0142oskich na li\u015bciach sa\u0142aty i natychmiast podawa\u0107 potraw\u0119. <\/p>\n\n<div class=\"wp-block-columns is-layout-flex wp-container-core-columns-is-layout-9d6595d7 wp-block-columns-is-layout-flex\">\n<div class=\"wp-block-column is-layout-flow wp-block-column-is-layout-flow\">\n<figure class=\"wp-block-image size-full\"><img loading=\"lazy\" decoding=\"async\" width=\"1080\" height=\"720\" src=\"https:\/\/redkarawana.com\/wp-content\/uploads\/2024\/05\/1c-France-Belgian-Endive-Salad-Mustard-Sauce.jpg\" alt=\"Sos Musztardowy\" class=\"wp-image-5242\" srcset=\"https:\/\/redkarawana.com\/wp-content\/uploads\/2024\/05\/1c-France-Belgian-Endive-Salad-Mustard-Sauce.jpg 1080w, https:\/\/redkarawana.com\/wp-content\/uploads\/2024\/05\/1c-France-Belgian-Endive-Salad-Mustard-Sauce-300x200.jpg 300w, https:\/\/redkarawana.com\/wp-content\/uploads\/2024\/05\/1c-France-Belgian-Endive-Salad-Mustard-Sauce-1024x683.jpg 1024w, https:\/\/redkarawana.com\/wp-content\/uploads\/2024\/05\/1c-France-Belgian-Endive-Salad-Mustard-Sauce-768x512.jpg 768w, https:\/\/redkarawana.com\/wp-content\/uploads\/2024\/05\/1c-France-Belgian-Endive-Salad-Mustard-Sauce-360x240.jpg 360w, https:\/\/redkarawana.com\/wp-content\/uploads\/2024\/05\/1c-France-Belgian-Endive-Salad-Mustard-Sauce-600x400.jpg 600w\" sizes=\"auto, (max-width: 1080px) 100vw, 1080px\" \/><figcaption class=\"wp-element-caption\">Sos Musztardowy<\/figcaption><\/figure>\n<\/div>\n\n\n\n<div class=\"wp-block-column is-layout-flow wp-block-column-is-layout-flow\">\n<figure class=\"wp-block-image size-full\"><img loading=\"lazy\" decoding=\"async\" width=\"1080\" height=\"720\" src=\"https:\/\/redkarawana.com\/wp-content\/uploads\/2024\/05\/1d-France-Belgian-Endive-Salad.jpg\" alt=\"Francja, Sa&#x142;atka z Endywii Belgijskiej\" class=\"wp-image-5246\" srcset=\"https:\/\/redkarawana.com\/wp-content\/uploads\/2024\/05\/1d-France-Belgian-Endive-Salad.jpg 1080w, https:\/\/redkarawana.com\/wp-content\/uploads\/2024\/05\/1d-France-Belgian-Endive-Salad-300x200.jpg 300w, https:\/\/redkarawana.com\/wp-content\/uploads\/2024\/05\/1d-France-Belgian-Endive-Salad-1024x683.jpg 1024w, https:\/\/redkarawana.com\/wp-content\/uploads\/2024\/05\/1d-France-Belgian-Endive-Salad-768x512.jpg 768w, https:\/\/redkarawana.com\/wp-content\/uploads\/2024\/05\/1d-France-Belgian-Endive-Salad-360x240.jpg 360w, https:\/\/redkarawana.com\/wp-content\/uploads\/2024\/05\/1d-France-Belgian-Endive-Salad-600x400.jpg 600w\" sizes=\"auto, (max-width: 1080px) 100vw, 1080px\" \/><figcaption class=\"wp-element-caption\">Francja, Sa\u0142atka z Endywii Belgijskiej<\/figcaption><\/figure>\n<\/div>\n<\/div>\n","protected":false},"excerpt":{"rendered":"<p>Odkrycie endywii belgijskiej si\u0119ga 1830 roku. Belgijski rolnik odkry\u0142 przypadkiem w swojej podziemnej piwnicy kulinarny styl uprawy sa\u0142aty bez u\u017cycia \u017cadnego \u015bwiat\u0142a. Podziemna ciemno\u015b\u0107 umo\u017cliwia powolny proces uprawy, kt\u00f3ry dostarcza delikatne serce sa\u0142aty zwanej Endywi\u0105 Belgijsk\u0105. W 1872 roku, Endywia Belgijska wkroczy\u0142a na rynek francuski i zacz\u0105\u0142 si\u0105 we Francji romans z tym unikalnym warzywem. [&hellip;]<\/p>\n","protected":false},"featured_media":5229,"template":"","meta":{"_acf_changed":true},"savourscat":[78],"class_list":["post-5257","savours","type-savours","status-publish","has-post-thumbnail","hentry","savourscat-pierwsze-danie"],"acf":[],"yoast_head":"<!-- This site is optimized with the Yoast SEO plugin v27.4 - https:\/\/yoast.com\/product\/yoast-seo-wordpress\/ -->\n<title>Sa\u0142atka z Endywii Belgijskiej, Francja - Pierwsze Danie - Red Karawana<\/title>\n<meta name=\"description\" content=\"Sa\u0142atka z belgijskiej endywii ukazuje wyrafinowanie kuchni francuskiej. Endywie, ser, orzechy i sos musztardowy tworz\u0105 orze\u017awiaj\u0105c\u0105 sa\u0142atk\u0119.\" \/>\n<meta name=\"robots\" content=\"index, follow, max-snippet:-1, max-image-preview:large, max-video-preview:-1\" \/>\n<link rel=\"canonical\" href=\"https:\/\/redkarawana.com\/pl\/smak\/salatka-z-endywii-belgijskiej-francja\/\" \/>\n<meta property=\"og:locale\" content=\"pl_PL\" \/>\n<meta property=\"og:type\" content=\"article\" \/>\n<meta property=\"og:title\" content=\"Sa\u0142atka z Endywii Belgijskiej, Francja - Pierwsze Danie - Red Karawana\" \/>\n<meta property=\"og:description\" content=\"Sa\u0142atka z belgijskiej endywii ukazuje wyrafinowanie kuchni francuskiej. Endywie, ser, orzechy i sos musztardowy tworz\u0105 orze\u017awiaj\u0105c\u0105 sa\u0142atk\u0119.\" \/>\n<meta property=\"og:url\" content=\"https:\/\/redkarawana.com\/pl\/smak\/salatka-z-endywii-belgijskiej-francja\/\" \/>\n<meta property=\"og:site_name\" content=\"Red Karawana\" \/>\n<meta property=\"article:publisher\" content=\"https:\/\/www.facebook.com\/redkarawana\/\" \/>\n<meta property=\"article:modified_time\" content=\"2025-12-04T07:02:15+00:00\" \/>\n<meta property=\"og:image\" content=\"https:\/\/redkarawana.com\/wp-content\/uploads\/2024\/05\/1-ACP-F-1200x630-France-Belgian-Endive-Salad.jpg\" \/>\n\t<meta property=\"og:image:width\" content=\"1200\" \/>\n\t<meta property=\"og:image:height\" content=\"630\" \/>\n\t<meta property=\"og:image:type\" content=\"image\/jpeg\" \/>\n<meta name=\"twitter:card\" content=\"summary_large_image\" \/>\n<meta name=\"twitter:label1\" content=\"Szacowany czas czytania\" \/>\n\t<meta name=\"twitter:data1\" content=\"3 minuty\" \/>\n<script type=\"application\/ld+json\" class=\"yoast-schema-graph\">{\"@context\":\"https:\\\/\\\/schema.org\",\"@graph\":[{\"@type\":\"WebPage\",\"@id\":\"https:\\\/\\\/redkarawana.com\\\/pl\\\/smak\\\/salatka-z-endywii-belgijskiej-francja\\\/\",\"url\":\"https:\\\/\\\/redkarawana.com\\\/pl\\\/smak\\\/salatka-z-endywii-belgijskiej-francja\\\/\",\"name\":\"Sa\u0142atka z Endywii Belgijskiej, Francja - Pierwsze Danie - Red Karawana\",\"isPartOf\":{\"@id\":\"https:\\\/\\\/redkarawana.com\\\/#website\"},\"primaryImageOfPage\":{\"@id\":\"https:\\\/\\\/redkarawana.com\\\/pl\\\/smak\\\/salatka-z-endywii-belgijskiej-francja\\\/#primaryimage\"},\"image\":{\"@id\":\"https:\\\/\\\/redkarawana.com\\\/pl\\\/smak\\\/salatka-z-endywii-belgijskiej-francja\\\/#primaryimage\"},\"thumbnailUrl\":\"https:\\\/\\\/redkarawana.com\\\/wp-content\\\/uploads\\\/2024\\\/05\\\/1-SP-France-Belgian-Endive-Salad.jpg\",\"datePublished\":\"2025-12-02T11:00:55+00:00\",\"dateModified\":\"2025-12-04T07:02:15+00:00\",\"description\":\"Sa\u0142atka z belgijskiej endywii ukazuje wyrafinowanie kuchni francuskiej. Endywie, ser, orzechy i sos musztardowy tworz\u0105 orze\u017awiaj\u0105c\u0105 sa\u0142atk\u0119.\",\"breadcrumb\":{\"@id\":\"https:\\\/\\\/redkarawana.com\\\/pl\\\/smak\\\/salatka-z-endywii-belgijskiej-francja\\\/#breadcrumb\"},\"inLanguage\":\"pl-PL\",\"potentialAction\":[{\"@type\":\"ReadAction\",\"target\":[\"https:\\\/\\\/redkarawana.com\\\/pl\\\/smak\\\/salatka-z-endywii-belgijskiej-francja\\\/\"]}]},{\"@type\":\"ImageObject\",\"inLanguage\":\"pl-PL\",\"@id\":\"https:\\\/\\\/redkarawana.com\\\/pl\\\/smak\\\/salatka-z-endywii-belgijskiej-francja\\\/#primaryimage\",\"url\":\"https:\\\/\\\/redkarawana.com\\\/wp-content\\\/uploads\\\/2024\\\/05\\\/1-SP-France-Belgian-Endive-Salad.jpg\",\"contentUrl\":\"https:\\\/\\\/redkarawana.com\\\/wp-content\\\/uploads\\\/2024\\\/05\\\/1-SP-France-Belgian-Endive-Salad.jpg\",\"width\":680,\"height\":453,\"caption\":\"Francja, Sa\u0142atka z Endywii Belgijskiej\"},{\"@type\":\"BreadcrumbList\",\"@id\":\"https:\\\/\\\/redkarawana.com\\\/pl\\\/smak\\\/salatka-z-endywii-belgijskiej-francja\\\/#breadcrumb\",\"itemListElement\":[{\"@type\":\"ListItem\",\"position\":1,\"name\":\"Home\",\"item\":\"https:\\\/\\\/redkarawana.com\\\/pl\\\/\"},{\"@type\":\"ListItem\",\"position\":2,\"name\":\"Sa\u0142atka z Endywii Belgijskiej, Francja; Sa\u0142atka z Orzechami w Sosie Francuskim\"}]},{\"@type\":\"WebSite\",\"@id\":\"https:\\\/\\\/redkarawana.com\\\/#website\",\"url\":\"https:\\\/\\\/redkarawana.com\\\/\",\"name\":\"Red Karawana\",\"description\":\"\",\"publisher\":{\"@id\":\"https:\\\/\\\/redkarawana.com\\\/#organization\"},\"potentialAction\":[{\"@type\":\"SearchAction\",\"target\":{\"@type\":\"EntryPoint\",\"urlTemplate\":\"https:\\\/\\\/redkarawana.com\\\/?s={search_term_string}\"},\"query-input\":{\"@type\":\"PropertyValueSpecification\",\"valueRequired\":true,\"valueName\":\"search_term_string\"}}],\"inLanguage\":\"pl-PL\"},{\"@type\":\"Organization\",\"@id\":\"https:\\\/\\\/redkarawana.com\\\/#organization\",\"name\":\"Red Karawana\",\"url\":\"https:\\\/\\\/redkarawana.com\\\/\",\"logo\":{\"@type\":\"ImageObject\",\"inLanguage\":\"pl-PL\",\"@id\":\"https:\\\/\\\/redkarawana.com\\\/#\\\/schema\\\/logo\\\/image\\\/\",\"url\":\"https:\\\/\\\/redkarawana.com\\\/wp-content\\\/uploads\\\/2025\\\/05\\\/cropped-Screenshot-2025-05-29-at-09.27.38.png\",\"contentUrl\":\"https:\\\/\\\/redkarawana.com\\\/wp-content\\\/uploads\\\/2025\\\/05\\\/cropped-Screenshot-2025-05-29-at-09.27.38.png\",\"width\":512,\"height\":512,\"caption\":\"Red Karawana\"},\"image\":{\"@id\":\"https:\\\/\\\/redkarawana.com\\\/#\\\/schema\\\/logo\\\/image\\\/\"},\"sameAs\":[\"https:\\\/\\\/www.facebook.com\\\/redkarawana\\\/\",\"https:\\\/\\\/www.instagram.com\\\/redkarawana\\\/\",\"https:\\\/\\\/www.youtube.com\\\/channel\\\/UCU9jXzSmyKm4ZZv38FEXGKg\",\"https:\\\/\\\/www.pinterest.com\\\/redkarawana\\\/\"]}]}<\/script>\n<!-- \/ Yoast SEO plugin. -->","yoast_head_json":{"title":"Sa\u0142atka z Endywii Belgijskiej, Francja - Pierwsze Danie - Red Karawana","description":"Sa\u0142atka z belgijskiej endywii ukazuje wyrafinowanie kuchni francuskiej. Endywie, ser, orzechy i sos musztardowy tworz\u0105 orze\u017awiaj\u0105c\u0105 sa\u0142atk\u0119.","robots":{"index":"index","follow":"follow","max-snippet":"max-snippet:-1","max-image-preview":"max-image-preview:large","max-video-preview":"max-video-preview:-1"},"canonical":"https:\/\/redkarawana.com\/pl\/smak\/salatka-z-endywii-belgijskiej-francja\/","og_locale":"pl_PL","og_type":"article","og_title":"Sa\u0142atka z Endywii Belgijskiej, Francja - Pierwsze Danie - Red Karawana","og_description":"Sa\u0142atka z belgijskiej endywii ukazuje wyrafinowanie kuchni francuskiej. Endywie, ser, orzechy i sos musztardowy tworz\u0105 orze\u017awiaj\u0105c\u0105 sa\u0142atk\u0119.","og_url":"https:\/\/redkarawana.com\/pl\/smak\/salatka-z-endywii-belgijskiej-francja\/","og_site_name":"Red Karawana","article_publisher":"https:\/\/www.facebook.com\/redkarawana\/","article_modified_time":"2025-12-04T07:02:15+00:00","og_image":[{"width":1200,"height":630,"url":"https:\/\/redkarawana.com\/wp-content\/uploads\/2024\/05\/1-ACP-F-1200x630-France-Belgian-Endive-Salad.jpg","type":"image\/jpeg"}],"twitter_card":"summary_large_image","twitter_misc":{"Szacowany czas czytania":"3 minuty"},"schema":{"@context":"https:\/\/schema.org","@graph":[{"@type":"WebPage","@id":"https:\/\/redkarawana.com\/pl\/smak\/salatka-z-endywii-belgijskiej-francja\/","url":"https:\/\/redkarawana.com\/pl\/smak\/salatka-z-endywii-belgijskiej-francja\/","name":"Sa\u0142atka z Endywii Belgijskiej, Francja - Pierwsze Danie - Red Karawana","isPartOf":{"@id":"https:\/\/redkarawana.com\/#website"},"primaryImageOfPage":{"@id":"https:\/\/redkarawana.com\/pl\/smak\/salatka-z-endywii-belgijskiej-francja\/#primaryimage"},"image":{"@id":"https:\/\/redkarawana.com\/pl\/smak\/salatka-z-endywii-belgijskiej-francja\/#primaryimage"},"thumbnailUrl":"https:\/\/redkarawana.com\/wp-content\/uploads\/2024\/05\/1-SP-France-Belgian-Endive-Salad.jpg","datePublished":"2025-12-02T11:00:55+00:00","dateModified":"2025-12-04T07:02:15+00:00","description":"Sa\u0142atka z belgijskiej endywii ukazuje wyrafinowanie kuchni francuskiej. Endywie, ser, orzechy i sos musztardowy tworz\u0105 orze\u017awiaj\u0105c\u0105 sa\u0142atk\u0119.","breadcrumb":{"@id":"https:\/\/redkarawana.com\/pl\/smak\/salatka-z-endywii-belgijskiej-francja\/#breadcrumb"},"inLanguage":"pl-PL","potentialAction":[{"@type":"ReadAction","target":["https:\/\/redkarawana.com\/pl\/smak\/salatka-z-endywii-belgijskiej-francja\/"]}]},{"@type":"ImageObject","inLanguage":"pl-PL","@id":"https:\/\/redkarawana.com\/pl\/smak\/salatka-z-endywii-belgijskiej-francja\/#primaryimage","url":"https:\/\/redkarawana.com\/wp-content\/uploads\/2024\/05\/1-SP-France-Belgian-Endive-Salad.jpg","contentUrl":"https:\/\/redkarawana.com\/wp-content\/uploads\/2024\/05\/1-SP-France-Belgian-Endive-Salad.jpg","width":680,"height":453,"caption":"Francja, Sa\u0142atka z Endywii Belgijskiej"},{"@type":"BreadcrumbList","@id":"https:\/\/redkarawana.com\/pl\/smak\/salatka-z-endywii-belgijskiej-francja\/#breadcrumb","itemListElement":[{"@type":"ListItem","position":1,"name":"Home","item":"https:\/\/redkarawana.com\/pl\/"},{"@type":"ListItem","position":2,"name":"Sa\u0142atka z Endywii Belgijskiej, Francja; Sa\u0142atka z Orzechami w Sosie Francuskim"}]},{"@type":"WebSite","@id":"https:\/\/redkarawana.com\/#website","url":"https:\/\/redkarawana.com\/","name":"Red Karawana","description":"","publisher":{"@id":"https:\/\/redkarawana.com\/#organization"},"potentialAction":[{"@type":"SearchAction","target":{"@type":"EntryPoint","urlTemplate":"https:\/\/redkarawana.com\/?s={search_term_string}"},"query-input":{"@type":"PropertyValueSpecification","valueRequired":true,"valueName":"search_term_string"}}],"inLanguage":"pl-PL"},{"@type":"Organization","@id":"https:\/\/redkarawana.com\/#organization","name":"Red Karawana","url":"https:\/\/redkarawana.com\/","logo":{"@type":"ImageObject","inLanguage":"pl-PL","@id":"https:\/\/redkarawana.com\/#\/schema\/logo\/image\/","url":"https:\/\/redkarawana.com\/wp-content\/uploads\/2025\/05\/cropped-Screenshot-2025-05-29-at-09.27.38.png","contentUrl":"https:\/\/redkarawana.com\/wp-content\/uploads\/2025\/05\/cropped-Screenshot-2025-05-29-at-09.27.38.png","width":512,"height":512,"caption":"Red Karawana"},"image":{"@id":"https:\/\/redkarawana.com\/#\/schema\/logo\/image\/"},"sameAs":["https:\/\/www.facebook.com\/redkarawana\/","https:\/\/www.instagram.com\/redkarawana\/","https:\/\/www.youtube.com\/channel\/UCU9jXzSmyKm4ZZv38FEXGKg","https:\/\/www.pinterest.com\/redkarawana\/"]}]}},"_links":{"self":[{"href":"https:\/\/redkarawana.com\/pl\/wp-json\/wp\/v2\/savours\/5257","targetHints":{"allow":["GET"]}}],"collection":[{"href":"https:\/\/redkarawana.com\/pl\/wp-json\/wp\/v2\/savours"}],"about":[{"href":"https:\/\/redkarawana.com\/pl\/wp-json\/wp\/v2\/types\/savours"}],"wp:featuredmedia":[{"embeddable":true,"href":"https:\/\/redkarawana.com\/pl\/wp-json\/wp\/v2\/media\/5229"}],"wp:attachment":[{"href":"https:\/\/redkarawana.com\/pl\/wp-json\/wp\/v2\/media?parent=5257"}],"wp:term":[{"taxonomy":"savourscat","embeddable":true,"href":"https:\/\/redkarawana.com\/pl\/wp-json\/wp\/v2\/savourscat?post=5257"}],"curies":[{"name":"wp","href":"https:\/\/api.w.org\/{rel}","templated":true}]}}