{"id":6063,"date":"2025-12-02T15:00:53","date_gmt":"2025-12-02T15:00:53","guid":{"rendered":"https:\/\/redkarawana.com\/?post_type=savours&#038;p=6063"},"modified":"2025-12-04T06:52:30","modified_gmt":"2025-12-04T06:52:30","slug":"celeri-remoulade-francja","status":"publish","type":"savours","link":"https:\/\/redkarawana.com\/pl\/smak\/celeri-remoulade-francja\/","title":{"rendered":"C\u00e9leri R\u00e9moulade, Francja; Pyszna i Orze\u017awiaj\u0105ca Sa\u0142atka z Selera"},"content":{"rendered":"\n<p>Kontynent europejski jest znany z pysznych i kolorowych sa\u0142atek przygotowywanych z szerokiej gamy \u015bwie\u017cych, gotowanych lub marynowanych warzyw. C\u00e9leri R\u00e9moulade to tradycyjna francuska sa\u0142atka, zwykle podawana jako przystawka. Sa\u0142atka przygotowywana jest g\u0142\u00f3wnie z selera, zwanego r\u00f3wnie\u017c korzeniem selera, warzywa korzeniowego pochodz\u0105cego z regionu \u015br\u00f3dziemnomorskiego. Seler ma ziemisty smak i kremowy mi\u0105\u017csz, kt\u00f3ry mo\u017ce by\u0107 spo\u017cywany na surowo lub po ugotowaniu. R\u00e9moulade z selera jest klasycznie aromatyzowana majonezem, musztard\u0105, kaparami i przyprawami. W naszym przepisie dodajemy li\u015bcie selera dla dodatkowego smaku, sok z cytryny i majonez w stylu europejskim. C\u00e9leri R\u00e9moulade to \u0142atwa w przygotowaniu sa\u0142atka o chrupi\u0105cej konsystencji i wspania\u0142ym smaku.      <\/p>\n\n<div class=\"wp-block-columns is-layout-flex wp-container-core-columns-is-layout-9d6595d7 wp-block-columns-is-layout-flex\">\n<div class=\"wp-block-column is-layout-flow wp-block-column-is-layout-flow\">\n<figure class=\"wp-block-image size-full\"><img loading=\"lazy\" decoding=\"async\" width=\"1080\" height=\"720\" src=\"https:\/\/redkarawana.com\/wp-content\/uploads\/2024\/05\/1a-France-Celeri-Remoulade-Celeriac.jpg\" alt=\"Korze&#x144; Selera\" class=\"wp-image-6032\" srcset=\"https:\/\/redkarawana.com\/wp-content\/uploads\/2024\/05\/1a-France-Celeri-Remoulade-Celeriac.jpg 1080w, https:\/\/redkarawana.com\/wp-content\/uploads\/2024\/05\/1a-France-Celeri-Remoulade-Celeriac-300x200.jpg 300w, https:\/\/redkarawana.com\/wp-content\/uploads\/2024\/05\/1a-France-Celeri-Remoulade-Celeriac-1024x683.jpg 1024w, https:\/\/redkarawana.com\/wp-content\/uploads\/2024\/05\/1a-France-Celeri-Remoulade-Celeriac-768x512.jpg 768w, https:\/\/redkarawana.com\/wp-content\/uploads\/2024\/05\/1a-France-Celeri-Remoulade-Celeriac-360x240.jpg 360w, https:\/\/redkarawana.com\/wp-content\/uploads\/2024\/05\/1a-France-Celeri-Remoulade-Celeriac-600x400.jpg 600w\" sizes=\"auto, (max-width: 1080px) 100vw, 1080px\" \/><figcaption class=\"wp-element-caption\">Korze\u0144 Selera<\/figcaption><\/figure>\n<\/div>\n\n\n\n<div class=\"wp-block-column is-layout-flow wp-block-column-is-layout-flow\">\n<figure class=\"wp-block-image size-full\"><img loading=\"lazy\" decoding=\"async\" width=\"1080\" height=\"720\" src=\"https:\/\/redkarawana.com\/wp-content\/uploads\/2024\/05\/1b-France-Celeri-Remoulade-Celeriac.jpg\" alt=\"Korze&#x144; Selera\" class=\"wp-image-6036\" srcset=\"https:\/\/redkarawana.com\/wp-content\/uploads\/2024\/05\/1b-France-Celeri-Remoulade-Celeriac.jpg 1080w, https:\/\/redkarawana.com\/wp-content\/uploads\/2024\/05\/1b-France-Celeri-Remoulade-Celeriac-300x200.jpg 300w, https:\/\/redkarawana.com\/wp-content\/uploads\/2024\/05\/1b-France-Celeri-Remoulade-Celeriac-1024x683.jpg 1024w, https:\/\/redkarawana.com\/wp-content\/uploads\/2024\/05\/1b-France-Celeri-Remoulade-Celeriac-768x512.jpg 768w, https:\/\/redkarawana.com\/wp-content\/uploads\/2024\/05\/1b-France-Celeri-Remoulade-Celeriac-360x240.jpg 360w, https:\/\/redkarawana.com\/wp-content\/uploads\/2024\/05\/1b-France-Celeri-Remoulade-Celeriac-600x400.jpg 600w\" sizes=\"auto, (max-width: 1080px) 100vw, 1080px\" \/><figcaption class=\"wp-element-caption\">Korze\u0144 Selera<\/figcaption><\/figure>\n<\/div>\n<\/div>\n\n<p>Seler korzeniowy &#8211; 1 du\u017cy (800 gram\u00f3w (1,7 funta))<br\/>Li\u015bcie selera &#8211; 10 gram\u00f3w (0,3 uncji)<br\/>Majonez &#8211; 5 \u0142y\u017cek sto\u0142owych<br\/>Cytryna &#8211; \u00bd du\u017cej cytryny <br\/>S\u00f3l morska &#8211; \u00bd \u0142y\u017ceczki<br\/>\u015awie\u017co zmielony bia\u0142y pieprz &#8211; \u00bd \u0142y\u017ceczki<\/p>\n\n<h3 class=\"wp-block-heading\">Etap 1<\/h3>\n\n<p>Usu\u0144 zewn\u0119trzn\u0105 powierzchni\u0119 selera za pomoc\u0105 no\u017ca, najpierw pokr\u00f3j na \u0107wiartki, a nast\u0119pnie na 8 r\u00f3wnych kawa\u0142k\u00f3w. Pokroi\u0107 ka\u017cdy kawa\u0142ek na cienkie plasterki, a nast\u0119pnie u\u0142o\u017cy\u0107 plasterki i pokroi\u0107 w cienkie paski. Umie\u015b\u0107 pokrojony seler w du\u017cej misce, wyci\u015bnij sok z \u00bd du\u017cej cytryny i wymieszaj, aby zapobiec przebarwieniom.  <\/p>\n\n<h3 class=\"wp-block-heading\">Etap 2<\/h3>\n\n<p>Pokr\u00f3j cienko li\u015bcie selera i dodaj do du\u017cej miski. Dodaj majonez, s\u00f3l morsk\u0105 i \u015bwie\u017co zmielony bia\u0142y pieprz. Dok\u0142adnie wymieszaj, a nast\u0119pnie odstaw do lod\u00f3wki na 1-2 godziny.    <\/p>\n\n<h3 class=\"wp-block-heading\">Etap 3<\/h3>\n\n<p>Serwowa\u0107 aromatyczn\u0105 i pyszn\u0105 sa\u0142atk\u0119 C\u00e9leri R\u00e9moulade.<\/p>\n\n<div class=\"wp-block-columns is-layout-flex wp-container-core-columns-is-layout-9d6595d7 wp-block-columns-is-layout-flex\">\n<div class=\"wp-block-column is-layout-flow wp-block-column-is-layout-flow\">\n<figure class=\"wp-block-image size-full\"><img loading=\"lazy\" decoding=\"async\" width=\"1080\" height=\"720\" src=\"https:\/\/redkarawana.com\/wp-content\/uploads\/2024\/05\/1c-France-Celeri-Remoulade-Julienned-Celeriac.jpg\" alt=\"Seler Naciowy (Julienne)\" class=\"wp-image-6040\" srcset=\"https:\/\/redkarawana.com\/wp-content\/uploads\/2024\/05\/1c-France-Celeri-Remoulade-Julienned-Celeriac.jpg 1080w, https:\/\/redkarawana.com\/wp-content\/uploads\/2024\/05\/1c-France-Celeri-Remoulade-Julienned-Celeriac-300x200.jpg 300w, https:\/\/redkarawana.com\/wp-content\/uploads\/2024\/05\/1c-France-Celeri-Remoulade-Julienned-Celeriac-1024x683.jpg 1024w, https:\/\/redkarawana.com\/wp-content\/uploads\/2024\/05\/1c-France-Celeri-Remoulade-Julienned-Celeriac-768x512.jpg 768w, https:\/\/redkarawana.com\/wp-content\/uploads\/2024\/05\/1c-France-Celeri-Remoulade-Julienned-Celeriac-360x240.jpg 360w, https:\/\/redkarawana.com\/wp-content\/uploads\/2024\/05\/1c-France-Celeri-Remoulade-Julienned-Celeriac-600x400.jpg 600w\" sizes=\"auto, (max-width: 1080px) 100vw, 1080px\" \/><figcaption class=\"wp-element-caption\">Seler Naciowy (Julienne)<\/figcaption><\/figure>\n<\/div>\n\n\n\n<div class=\"wp-block-column is-layout-flow wp-block-column-is-layout-flow\">\n<figure class=\"wp-block-image size-full\"><img loading=\"lazy\" decoding=\"async\" width=\"1080\" height=\"720\" src=\"https:\/\/redkarawana.com\/wp-content\/uploads\/2024\/05\/1d-France-Celeri-Remoulade.jpg\" alt=\"Francja, C&#xE9;leri R&#xE9;moulade\" class=\"wp-image-6044\" srcset=\"https:\/\/redkarawana.com\/wp-content\/uploads\/2024\/05\/1d-France-Celeri-Remoulade.jpg 1080w, https:\/\/redkarawana.com\/wp-content\/uploads\/2024\/05\/1d-France-Celeri-Remoulade-300x200.jpg 300w, https:\/\/redkarawana.com\/wp-content\/uploads\/2024\/05\/1d-France-Celeri-Remoulade-1024x683.jpg 1024w, https:\/\/redkarawana.com\/wp-content\/uploads\/2024\/05\/1d-France-Celeri-Remoulade-768x512.jpg 768w, https:\/\/redkarawana.com\/wp-content\/uploads\/2024\/05\/1d-France-Celeri-Remoulade-360x240.jpg 360w, https:\/\/redkarawana.com\/wp-content\/uploads\/2024\/05\/1d-France-Celeri-Remoulade-600x400.jpg 600w\" sizes=\"auto, (max-width: 1080px) 100vw, 1080px\" \/><figcaption class=\"wp-element-caption\">Francja, C\u00e9leri R\u00e9moulade<\/figcaption><\/figure>\n<\/div>\n<\/div>\n","protected":false},"excerpt":{"rendered":"<p>Kontynent europejski jest znany z pysznych i kolorowych sa\u0142atek przygotowywanych z szerokiej gamy \u015bwie\u017cych, gotowanych lub marynowanych warzyw. C\u00e9leri R\u00e9moulade to tradycyjna francuska sa\u0142atka, zwykle podawana jako przystawka. Sa\u0142atka przygotowywana jest g\u0142\u00f3wnie z selera, zwanego r\u00f3wnie\u017c korzeniem selera, warzywa korzeniowego pochodz\u0105cego z regionu \u015br\u00f3dziemnomorskiego. Seler ma ziemisty smak i kremowy mi\u0105\u017csz, kt\u00f3ry mo\u017ce by\u0107 spo\u017cywany [&hellip;]<\/p>\n","protected":false},"featured_media":6027,"template":"","meta":{"_acf_changed":true},"savourscat":[77],"class_list":["post-6063","savours","type-savours","status-publish","has-post-thumbnail","hentry","savourscat-przystawka"],"acf":[],"yoast_head":"<!-- This site is optimized with the Yoast SEO plugin v27.4 - https:\/\/yoast.com\/product\/yoast-seo-wordpress\/ -->\n<title>C\u00e9leri R\u00e9moulade, Francja - Przystawka - Red Karawana<\/title>\n<meta name=\"description\" content=\"C\u00e9leri R\u00e9moulade to tradycyjna francuska sa\u0142atka, zwykle podawana jako przystawka. Ta \u0142atwa w przygotowaniu sa\u0142atka ma wspania\u0142y smak.\" \/>\n<meta name=\"robots\" content=\"index, follow, max-snippet:-1, max-image-preview:large, max-video-preview:-1\" \/>\n<link rel=\"canonical\" href=\"https:\/\/redkarawana.com\/pl\/smak\/celeri-remoulade-francja\/\" \/>\n<meta property=\"og:locale\" content=\"pl_PL\" \/>\n<meta property=\"og:type\" content=\"article\" \/>\n<meta property=\"og:title\" content=\"C\u00e9leri R\u00e9moulade, Francja - Przystawka - Red Karawana\" \/>\n<meta property=\"og:description\" content=\"C\u00e9leri R\u00e9moulade to tradycyjna francuska sa\u0142atka, zwykle podawana jako przystawka. Ta \u0142atwa w przygotowaniu sa\u0142atka ma wspania\u0142y smak.\" \/>\n<meta property=\"og:url\" content=\"https:\/\/redkarawana.com\/pl\/smak\/celeri-remoulade-francja\/\" \/>\n<meta property=\"og:site_name\" content=\"Red Karawana\" \/>\n<meta property=\"article:publisher\" content=\"https:\/\/www.facebook.com\/redkarawana\/\" \/>\n<meta property=\"article:modified_time\" content=\"2025-12-04T06:52:30+00:00\" \/>\n<meta property=\"og:image\" content=\"https:\/\/redkarawana.com\/wp-content\/uploads\/2024\/05\/1-AF-1200x630-France-Celeri-Remoulade.jpg\" \/>\n\t<meta property=\"og:image:width\" content=\"1200\" \/>\n\t<meta property=\"og:image:height\" content=\"630\" \/>\n\t<meta property=\"og:image:type\" content=\"image\/jpeg\" \/>\n<meta name=\"twitter:card\" content=\"summary_large_image\" \/>\n<meta name=\"twitter:label1\" content=\"Szacowany czas czytania\" \/>\n\t<meta name=\"twitter:data1\" content=\"3 minuty\" \/>\n<script type=\"application\/ld+json\" class=\"yoast-schema-graph\">{\"@context\":\"https:\\\/\\\/schema.org\",\"@graph\":[{\"@type\":\"WebPage\",\"@id\":\"https:\\\/\\\/redkarawana.com\\\/pl\\\/smak\\\/celeri-remoulade-francja\\\/\",\"url\":\"https:\\\/\\\/redkarawana.com\\\/pl\\\/smak\\\/celeri-remoulade-francja\\\/\",\"name\":\"C\u00e9leri R\u00e9moulade, Francja - Przystawka - Red Karawana\",\"isPartOf\":{\"@id\":\"https:\\\/\\\/redkarawana.com\\\/#website\"},\"primaryImageOfPage\":{\"@id\":\"https:\\\/\\\/redkarawana.com\\\/pl\\\/smak\\\/celeri-remoulade-francja\\\/#primaryimage\"},\"image\":{\"@id\":\"https:\\\/\\\/redkarawana.com\\\/pl\\\/smak\\\/celeri-remoulade-francja\\\/#primaryimage\"},\"thumbnailUrl\":\"https:\\\/\\\/redkarawana.com\\\/wp-content\\\/uploads\\\/2024\\\/05\\\/1-SP-France-Celeri-Remoulade.jpg\",\"datePublished\":\"2025-12-02T15:00:53+00:00\",\"dateModified\":\"2025-12-04T06:52:30+00:00\",\"description\":\"C\u00e9leri R\u00e9moulade to tradycyjna francuska sa\u0142atka, zwykle podawana jako przystawka. Ta \u0142atwa w przygotowaniu sa\u0142atka ma wspania\u0142y smak.\",\"breadcrumb\":{\"@id\":\"https:\\\/\\\/redkarawana.com\\\/pl\\\/smak\\\/celeri-remoulade-francja\\\/#breadcrumb\"},\"inLanguage\":\"pl-PL\",\"potentialAction\":[{\"@type\":\"ReadAction\",\"target\":[\"https:\\\/\\\/redkarawana.com\\\/pl\\\/smak\\\/celeri-remoulade-francja\\\/\"]}]},{\"@type\":\"ImageObject\",\"inLanguage\":\"pl-PL\",\"@id\":\"https:\\\/\\\/redkarawana.com\\\/pl\\\/smak\\\/celeri-remoulade-francja\\\/#primaryimage\",\"url\":\"https:\\\/\\\/redkarawana.com\\\/wp-content\\\/uploads\\\/2024\\\/05\\\/1-SP-France-Celeri-Remoulade.jpg\",\"contentUrl\":\"https:\\\/\\\/redkarawana.com\\\/wp-content\\\/uploads\\\/2024\\\/05\\\/1-SP-France-Celeri-Remoulade.jpg\",\"width\":680,\"height\":453,\"caption\":\"Francja, C\u00e9leri R\u00e9moulade\"},{\"@type\":\"BreadcrumbList\",\"@id\":\"https:\\\/\\\/redkarawana.com\\\/pl\\\/smak\\\/celeri-remoulade-francja\\\/#breadcrumb\",\"itemListElement\":[{\"@type\":\"ListItem\",\"position\":1,\"name\":\"Home\",\"item\":\"https:\\\/\\\/redkarawana.com\\\/pl\\\/\"},{\"@type\":\"ListItem\",\"position\":2,\"name\":\"C\u00e9leri R\u00e9moulade, Francja; Pyszna i Orze\u017awiaj\u0105ca Sa\u0142atka z Selera\"}]},{\"@type\":\"WebSite\",\"@id\":\"https:\\\/\\\/redkarawana.com\\\/#website\",\"url\":\"https:\\\/\\\/redkarawana.com\\\/\",\"name\":\"Red Karawana\",\"description\":\"\",\"publisher\":{\"@id\":\"https:\\\/\\\/redkarawana.com\\\/#organization\"},\"potentialAction\":[{\"@type\":\"SearchAction\",\"target\":{\"@type\":\"EntryPoint\",\"urlTemplate\":\"https:\\\/\\\/redkarawana.com\\\/?s={search_term_string}\"},\"query-input\":{\"@type\":\"PropertyValueSpecification\",\"valueRequired\":true,\"valueName\":\"search_term_string\"}}],\"inLanguage\":\"pl-PL\"},{\"@type\":\"Organization\",\"@id\":\"https:\\\/\\\/redkarawana.com\\\/#organization\",\"name\":\"Red Karawana\",\"url\":\"https:\\\/\\\/redkarawana.com\\\/\",\"logo\":{\"@type\":\"ImageObject\",\"inLanguage\":\"pl-PL\",\"@id\":\"https:\\\/\\\/redkarawana.com\\\/#\\\/schema\\\/logo\\\/image\\\/\",\"url\":\"https:\\\/\\\/redkarawana.com\\\/wp-content\\\/uploads\\\/2025\\\/05\\\/cropped-Screenshot-2025-05-29-at-09.27.38.png\",\"contentUrl\":\"https:\\\/\\\/redkarawana.com\\\/wp-content\\\/uploads\\\/2025\\\/05\\\/cropped-Screenshot-2025-05-29-at-09.27.38.png\",\"width\":512,\"height\":512,\"caption\":\"Red Karawana\"},\"image\":{\"@id\":\"https:\\\/\\\/redkarawana.com\\\/#\\\/schema\\\/logo\\\/image\\\/\"},\"sameAs\":[\"https:\\\/\\\/www.facebook.com\\\/redkarawana\\\/\",\"https:\\\/\\\/www.instagram.com\\\/redkarawana\\\/\",\"https:\\\/\\\/www.youtube.com\\\/channel\\\/UCU9jXzSmyKm4ZZv38FEXGKg\",\"https:\\\/\\\/www.pinterest.com\\\/redkarawana\\\/\"]}]}<\/script>\n<!-- \/ Yoast SEO plugin. -->","yoast_head_json":{"title":"C\u00e9leri R\u00e9moulade, Francja - Przystawka - Red Karawana","description":"C\u00e9leri R\u00e9moulade to tradycyjna francuska sa\u0142atka, zwykle podawana jako przystawka. Ta \u0142atwa w przygotowaniu sa\u0142atka ma wspania\u0142y smak.","robots":{"index":"index","follow":"follow","max-snippet":"max-snippet:-1","max-image-preview":"max-image-preview:large","max-video-preview":"max-video-preview:-1"},"canonical":"https:\/\/redkarawana.com\/pl\/smak\/celeri-remoulade-francja\/","og_locale":"pl_PL","og_type":"article","og_title":"C\u00e9leri R\u00e9moulade, Francja - Przystawka - Red Karawana","og_description":"C\u00e9leri R\u00e9moulade to tradycyjna francuska sa\u0142atka, zwykle podawana jako przystawka. Ta \u0142atwa w przygotowaniu sa\u0142atka ma wspania\u0142y smak.","og_url":"https:\/\/redkarawana.com\/pl\/smak\/celeri-remoulade-francja\/","og_site_name":"Red Karawana","article_publisher":"https:\/\/www.facebook.com\/redkarawana\/","article_modified_time":"2025-12-04T06:52:30+00:00","og_image":[{"width":1200,"height":630,"url":"https:\/\/redkarawana.com\/wp-content\/uploads\/2024\/05\/1-AF-1200x630-France-Celeri-Remoulade.jpg","type":"image\/jpeg"}],"twitter_card":"summary_large_image","twitter_misc":{"Szacowany czas czytania":"3 minuty"},"schema":{"@context":"https:\/\/schema.org","@graph":[{"@type":"WebPage","@id":"https:\/\/redkarawana.com\/pl\/smak\/celeri-remoulade-francja\/","url":"https:\/\/redkarawana.com\/pl\/smak\/celeri-remoulade-francja\/","name":"C\u00e9leri R\u00e9moulade, Francja - Przystawka - Red Karawana","isPartOf":{"@id":"https:\/\/redkarawana.com\/#website"},"primaryImageOfPage":{"@id":"https:\/\/redkarawana.com\/pl\/smak\/celeri-remoulade-francja\/#primaryimage"},"image":{"@id":"https:\/\/redkarawana.com\/pl\/smak\/celeri-remoulade-francja\/#primaryimage"},"thumbnailUrl":"https:\/\/redkarawana.com\/wp-content\/uploads\/2024\/05\/1-SP-France-Celeri-Remoulade.jpg","datePublished":"2025-12-02T15:00:53+00:00","dateModified":"2025-12-04T06:52:30+00:00","description":"C\u00e9leri R\u00e9moulade to tradycyjna francuska sa\u0142atka, zwykle podawana jako przystawka. Ta \u0142atwa w przygotowaniu sa\u0142atka ma wspania\u0142y smak.","breadcrumb":{"@id":"https:\/\/redkarawana.com\/pl\/smak\/celeri-remoulade-francja\/#breadcrumb"},"inLanguage":"pl-PL","potentialAction":[{"@type":"ReadAction","target":["https:\/\/redkarawana.com\/pl\/smak\/celeri-remoulade-francja\/"]}]},{"@type":"ImageObject","inLanguage":"pl-PL","@id":"https:\/\/redkarawana.com\/pl\/smak\/celeri-remoulade-francja\/#primaryimage","url":"https:\/\/redkarawana.com\/wp-content\/uploads\/2024\/05\/1-SP-France-Celeri-Remoulade.jpg","contentUrl":"https:\/\/redkarawana.com\/wp-content\/uploads\/2024\/05\/1-SP-France-Celeri-Remoulade.jpg","width":680,"height":453,"caption":"Francja, C\u00e9leri R\u00e9moulade"},{"@type":"BreadcrumbList","@id":"https:\/\/redkarawana.com\/pl\/smak\/celeri-remoulade-francja\/#breadcrumb","itemListElement":[{"@type":"ListItem","position":1,"name":"Home","item":"https:\/\/redkarawana.com\/pl\/"},{"@type":"ListItem","position":2,"name":"C\u00e9leri R\u00e9moulade, Francja; Pyszna i Orze\u017awiaj\u0105ca Sa\u0142atka z Selera"}]},{"@type":"WebSite","@id":"https:\/\/redkarawana.com\/#website","url":"https:\/\/redkarawana.com\/","name":"Red Karawana","description":"","publisher":{"@id":"https:\/\/redkarawana.com\/#organization"},"potentialAction":[{"@type":"SearchAction","target":{"@type":"EntryPoint","urlTemplate":"https:\/\/redkarawana.com\/?s={search_term_string}"},"query-input":{"@type":"PropertyValueSpecification","valueRequired":true,"valueName":"search_term_string"}}],"inLanguage":"pl-PL"},{"@type":"Organization","@id":"https:\/\/redkarawana.com\/#organization","name":"Red Karawana","url":"https:\/\/redkarawana.com\/","logo":{"@type":"ImageObject","inLanguage":"pl-PL","@id":"https:\/\/redkarawana.com\/#\/schema\/logo\/image\/","url":"https:\/\/redkarawana.com\/wp-content\/uploads\/2025\/05\/cropped-Screenshot-2025-05-29-at-09.27.38.png","contentUrl":"https:\/\/redkarawana.com\/wp-content\/uploads\/2025\/05\/cropped-Screenshot-2025-05-29-at-09.27.38.png","width":512,"height":512,"caption":"Red Karawana"},"image":{"@id":"https:\/\/redkarawana.com\/#\/schema\/logo\/image\/"},"sameAs":["https:\/\/www.facebook.com\/redkarawana\/","https:\/\/www.instagram.com\/redkarawana\/","https:\/\/www.youtube.com\/channel\/UCU9jXzSmyKm4ZZv38FEXGKg","https:\/\/www.pinterest.com\/redkarawana\/"]}]}},"_links":{"self":[{"href":"https:\/\/redkarawana.com\/pl\/wp-json\/wp\/v2\/savours\/6063","targetHints":{"allow":["GET"]}}],"collection":[{"href":"https:\/\/redkarawana.com\/pl\/wp-json\/wp\/v2\/savours"}],"about":[{"href":"https:\/\/redkarawana.com\/pl\/wp-json\/wp\/v2\/types\/savours"}],"wp:featuredmedia":[{"embeddable":true,"href":"https:\/\/redkarawana.com\/pl\/wp-json\/wp\/v2\/media\/6027"}],"wp:attachment":[{"href":"https:\/\/redkarawana.com\/pl\/wp-json\/wp\/v2\/media?parent=6063"}],"wp:term":[{"taxonomy":"savourscat","embeddable":true,"href":"https:\/\/redkarawana.com\/pl\/wp-json\/wp\/v2\/savourscat?post=6063"}],"curies":[{"name":"wp","href":"https:\/\/api.w.org\/{rel}","templated":true}]}}